{"id":35926,"date":"2024-09-16T10:31:04","date_gmt":"2024-09-16T08:31:04","guid":{"rendered":"https:\/\/petrecycling.ch\/?post_type=petflash&#038;p=35926"},"modified":"2024-10-22T14:29:49","modified_gmt":"2024-10-22T12:29:49","slug":"nr-86-autunno-2024","status":"publish","type":"petflash","link":"https:\/\/petrecycling.ch\/it\/petflash\/e-petflash\/nr-86-autunno-2024\/","title":{"rendered":"Nr 86  Autunno 2024"},"content":{"rendered":"\n<div id=\"petflash-header\" class=\"hero-slider \n\">\n\n      <div class=\"container-fluid custom-container-fluid\">\n      <div class=\"swiper\">\n        <div class=\"swiper-wrapper\">\n                                    <div class=\"swiper-slide\">\n                <div class=\"media-type-none type-bg-image align-items-xl-end   \" style=\"background: linear-gradient(#868677db 0, #ffffff 40%), url(https:\/\/petrecycling.ch\/wp-content\/uploads\/2024\/10\/PET-Recycling-Schweiz_PETflash-86_Sebastian-Francke-aspect-ratio-1920-1080.jpg), linear-gradient(to top, #868677db 0, #fff 40%);background-blend-mode: multiply;\">\n                                    <div class=\"container slide-content-wrapper\">\n                    <div class=\"row align-items-center\">\n                                            <div class=\"text-col col-md-8 col-lg-6 col-xl-5 offset-xl-1 \">\n                                                  <div class=\"headline-wrapper \">\n                                                          <h2 class=\"h2 underlined  \"><span class=\"fw-bold text-white\">Nuovo attore forte <br \/>\r\nnel riciclaggio del PET<\/span><\/h2>\n                                                                                      <div class=\"top-title text-white  mb-0\">\n                                Sebastian Francke, Responsabile produzione,<br \/>\r\nRecypet AG, Frauenfeld                              <\/div>\n                                                      <\/div>\n                                                                                              <\/div>\n                    <\/div>\n                  <\/div>\n                <\/div>\n              <\/div>\n                              <\/div>\n\n              <\/div>\n    <\/div>\n  <\/div>\n\n\n<div id=\"epetflash-header-block_15125666f8bee61c81037d727ee1c464\" class=\"epetflash-header \n pt-medium \">\n      <div class=\"container\">\n      <div class=\"row justify-content-start\">\n        <div class=\"col-xl-10 offset-xl-1\">\n                    <div class=\"image-wrapper d-flex justify-content-start\">\n            <img decoding=\"async\" class=\"img-fluid text-start\" src=\"https:\/\/petrecycling.ch\/wp-content\/uploads\/2024\/04\/2023_PET-Flash_logo_d-1.png\" alt=\"\" loading=\"lazy\">\n          <\/div>\n        <\/div>\n      <\/div>\n    <\/div>\n  <\/div>\n\n\n<div id=\"testimonial-neu-block_315950e2bc3ed45e379d944d55d26c24\" class=\"testimonial-neu \n pt-medium  pb-big  layout-default bg-fullwidth bg-white\" style=\"--sw-item-bg-color:#fff;\">\n\n      <div class=\"container-wrapper\">\n\n      <div class=\"container \">\n                  <div class=\"row\">\n            <div class=\"col-xl-11 offset-xxl-1 col-xxl-10\">\n              <div class=\"quote-wrapper \">\n                                  <div class=\"thumb-wrapper\">\n                                          <img decoding=\"async\" class=\"img-fluid d-none d-lg-inline\" src=\"https:\/\/petrecycling.ch\/wp-content\/uploads\/2024\/10\/PET-Recycling-Schweiz_PETflash-86_Jean-Claude-Wuermli-aspect-ratio-575-705.jpg\" alt=\"\" loading=\"lazy\">\n                                        <img decoding=\"async\" class=\" img-fluid d-lg-none\" src=\"https:\/\/petrecycling.ch\/wp-content\/uploads\/2024\/10\/PET-Recycling-Schweiz_PETflash-86_Jean-Claude-Wuermli-aspect-ratio-915-650.jpg\" alt=\"\" loading=\"lazy\">\n                                          <div class=\"custom-arrows-wrapper rellax\" data-rellax-speed=\"-2\" data-rellax-percentage=\"0.5\" data-rellax-tablet-speed=\"0\" data-rellax-mobile-speed=\"0\" data-rellax-xs-speed=\"0\">\n                        <?xml version=\"1.0\"?>\n<svg xmlns=\"http:\/\/www.w3.org\/2000\/svg\" width=\"196.92\" height=\"210.202\" viewBox=\"0 0 196.92 210.202\" class=\"icon arrows_right-icon \" aria-hidden=\"true\" role=\"presentation\">\n  <g id=\"Gruppe_7576\" data-name=\"Gruppe 7576\" transform=\"translate(-3091 957) rotate(-90)\">\n    <g id=\"Gruppe_7558\" data-name=\"Gruppe 7558\" transform=\"translate(-523 1227.454)\" opacity=\"0.8\" style=\"isolation: isolate\">\n      <g id=\"Gruppe_7527\" data-name=\"Gruppe 7527\" transform=\"translate(868.48 -178.269)\" style=\"mix-blend-mode: multiply;isolation: isolate\">\n        <path id=\"Pfad_17796\" data-name=\"Pfad 17796\" d=\"M210.2,0,105.1,65.449,0,0V45.528l105.1,65.449L210.2,45.528Z\" transform=\"translate(401.319 2041.815)\" fill=\"#fff\"\/>\n        <path id=\"Pfad_17795\" data-name=\"Pfad 17795\" d=\"M210.2,0,105.1,65.449,0,0V45.528l105.1,65.449L210.2,45.528Z\" transform=\"translate(401.317 2127.758)\" fill=\"#fff\"\/>\n      <\/g>\n    <\/g>\n    <g id=\"Gruppe_7574\" data-name=\"Gruppe 7574\" transform=\"translate(-523 1227.454)\">\n      <g id=\"Gruppe_7527-2\" data-name=\"Gruppe 7527\" transform=\"translate(868.48 -178.269)\" style=\"mix-blend-mode: multiply;isolation: isolate\">\n        <path id=\"Pfad_17796-2\" data-name=\"Pfad 17796\" d=\"M210.2,0,105.1,65.449,0,0V45.528l105.1,65.449L210.2,45.528Z\" transform=\"translate(401.319 2041.815)\" fill=\"#faf500\"\/>\n        <path id=\"Pfad_17795-2\" data-name=\"Pfad 17795\" d=\"M210.2,0,105.1,65.449,0,0V45.528l105.1,65.449L210.2,45.528Z\" transform=\"translate(401.317 2127.758)\" fill=\"#faf500\"\/>\n      <\/g>\n    <\/g>\n  <\/g>\n<\/svg>\n                      <\/div>\n                                      <\/div>\n                                <div class=\"quote-desc\">\n                                      <div class=\"top-title\">\n                      Editoriale                    <\/div>\n                                                        <div class=\"h2 quote-title text-secondary\">\n                      <strong>Care lettrici e cari lettori<\/strong>                    <\/div>\n                                                        <div class=\"quote-text wysiwyg\">\n                      <p>Alcune grandi novit\u00e0: \u00e8 stato inaugurato un nuovo impianto di riciclaggio del PET. Il moderno estrusore per granulato di PET \u2013 un investimento milionario di RecyPET AG con sede a Frauenfeld \u2013 snellir\u00e0 ulteriormente il ciclo del PET. I nostri soci hanno lanciato prodotti innovativi e i nostri partner addetti al trasporto si impegnano a favore del clima. \u00c8 ai blocchi di partenza RecyPac, la nuova soluzione svizzera per il riciclaggio di imballaggi in plastica e cartoni per bevande. Tutto ci\u00f2 in questo numero della rivista.<\/p>\n<p>Cordialmente<\/p>\n                    <\/div>\n                                                        <div class=\"quote-from\">\n                      <strong>Jean-Claude W\u00fcrmli \u2013 <\/strong><br>Direttore di PET-Recycling Schweiz                    <\/div>\n                                  <\/div>\n              <\/div>\n            <\/div>\n          <\/div>\n              <\/div>\n    <\/div>\n  <\/div>\n\n\n<div id=\"anker-leiste-block_3a9ddeff403cd01b64ccb38df14fda47\" class=\"anker-leiste \n\">\n      <div class=\"container\">\n      <div class=\"row\">\n        <div class=\"offset-lg-3 col-lg-6\">\n          <div class=\"bar\">\n\n            <div class=\"bar-header\">\n                              <div class=\"bar-title h3 mb-0\">\n                  Sommario                <\/div>\n                            <div class=\"bar-inner-right\">\n                <div class=\"bar-open-wrapper\">\n                  <label class=\"hamburger\">\n                    <span class=\"line\"><\/span>\n                    <span class=\"line\"><\/span>\n                    <span class=\"line\"><\/span>\n                  <\/label>\n                <\/div>\n                <div class=\"bar-close-wrapper\" style=\"display: none;\">\n                  <?xml version=\"1.0\"?>\n<svg xmlns=\"http:\/\/www.w3.org\/2000\/svg\" viewBox=\"0 0 33.893 33.894\" class=\"icon close-icon \" aria-hidden=\"true\" role=\"presentation\">\n  <g id=\"Gruppe_7431\" data-name=\"Gruppe 7431\" transform=\"translate(-288.439 -40.439)\">\n    <line id=\"Linie_144\" data-name=\"Linie 144\" x2=\"31.772\" y2=\"31.772\" transform=\"translate(289.5 41.5)\" fill=\"none\" stroke=\"#faf500\" stroke-width=\"3\"\/>\n    <line id=\"Linie_146\" data-name=\"Linie 146\" x1=\"31.772\" y2=\"31.772\" transform=\"translate(289.5 41.5)\" fill=\"none\" stroke=\"#faf500\" stroke-width=\"3\"\/>\n  <\/g>\n<\/svg>\n                <\/div>\n                                  <div class=\"scroll-top-wrapper ms-2 \">\n                    <a href=\"#petflash-header\" class=\"scroll-top-link anchor-item\">\n                      <?xml version=\"1.0\" encoding=\"UTF-8\"?>\n<svg xmlns=\"http:\/\/www.w3.org\/2000\/svg\" id=\"Ebene_1\" data-name=\"Ebene 1\" version=\"1.1\" viewBox=\"0 0 27 27\" class=\"icon pet_icons_rgb_rz_pos_circle_top-icon img-fluid\" aria-hidden=\"true\" role=\"presentation\">\n  <g id=\"surface1\">\n    <path class=\"cls-1\" d=\"M25.1,13.5c0,6.4-5.2,11.6-11.6,11.6S1.9,19.9,1.9,13.5,7.1,1.9,13.5,1.9s11.6,5.2,11.6,11.6Z\"\/>\n    <path class=\"cls-2\" d=\"M13.5,7.3c.1,0,.2,0,.3.1,0,0,0,0,0,0h0s3.3,3.8,3.3,3.8c.2.2.2.5,0,.7-.2.2-.5.2-.7,0l-2.5-2.8v8.9c0,.3-.2.5-.5.5s-.5-.2-.5-.5v-8.9l-2.5,2.7c-.1.1-.3.2-.5.1-.2,0-.3-.2-.3-.3,0-.2,0-.3.1-.5l3.3-3.5h0c0,0,.2-.1.3-.1h0Z\"\/>\n  <\/g>\n<\/svg>\n                    <\/a>\n                  <\/div>\n                              <\/div>\n            <\/div>\n\n            <div class=\"bar-wrapper\">\n              <div class=\"bar-items\">\n                                                      <a class=\"anchor-item\" href=\"#flashnews\">\n                      Flash News                    <\/a>\n                                                                        <a class=\"anchor-item\" href=\"#reportage\">\n                      Reportage                    <\/a>\n                                                                        <a class=\"anchor-item\" href=\"#schema\">\n                      Schema PET riciclato                    <\/a>\n                                                                        <a class=\"anchor-item\" href=\"#out-of-home\">\n                      Out of Home                    <\/a>\n                                                                        <a class=\"anchor-item\" href=\"#recypac\">\n                      RecyPac                    <\/a>\n                                                                        <a class=\"anchor-item\" href=\"#pet-member\">\n                      PET-Member                    <\/a>\n                                                                        <a class=\"anchor-item\" href=\"#trasporto-elettrico\">\n                      Trasporto elettrico                    <\/a>\n                                                                        <a class=\"anchor-item\" href=\"#igsu\">\n                      IGSU                    <\/a>\n                                                                        <a class=\"anchor-item\" href=\"#swiss-recycle\">\n                      Swiss Recycle                    <\/a>\n                                                                        <a class=\"anchor-item\" href=\"#pet-recycling-attivita\">\n                      Attivit\u00e0 di PET-Recycling Schweiz                    <\/a>\n                                                                        <a class=\"anchor-item\" href=\"#punti-di-raccolta\">\n                      Punti di raccolta                    <\/a>\n                                                                        <a class=\"anchor-item\" href=\"#punti-di-raccolta\">\n                      PET-\u00e0-Porter                    <\/a>\n                                                <\/div>\n                                                <div class=\"link-wrapper\">\n                    <a href=\"https:\/\/petrecycling.ch\/wp-content\/uploads\/2024\/09\/PET-Recycling-Schweiz_PETflash_86_i.pdf\" class=\"icon-link link-btn-primary-left\" target=\"_blank\">\n                                              <?xml version=\"1.0\" encoding=\"UTF-8\"?>\n<svg xmlns=\"http:\/\/www.w3.org\/2000\/svg\" xmlns:xlink=\"http:\/\/www.w3.org\/1999\/xlink\" width=\"27px\" height=\"27px\" viewBox=\"0 0 27 27\" version=\"1.1\" class=\"icon pet_icons_rgb_rz_pos_circle_download-icon img-fluid\" aria-hidden=\"true\" role=\"presentation\">\n<g id=\"surface1\">\n<path style=\" stroke:none;fill-rule:nonzero;fill:rgb(98.039216%,96.078431%,0%);fill-opacity:1;\" d=\"M 25.0625 13.5 C 25.0625 19.886719 19.886719 25.0625 13.5 25.0625 C 7.113281 25.0625 1.9375 19.886719 1.9375 13.5 C 1.9375 7.113281 7.113281 1.9375 13.5 1.9375 C 19.886719 1.9375 25.0625 7.113281 25.0625 13.5 Z M 25.0625 13.5 \"\/>\n<path style=\" stroke:none;fill-rule:nonzero;fill:rgb(0%,0%,0%);fill-opacity:1;\" d=\"M 13.5 16.664062 C 13.382812 16.664062 13.273438 16.617188 13.1875 16.539062 C 13.175781 16.53125 13.167969 16.523438 13.160156 16.511719 L 13.160156 16.5 L 9.832031 12.75 C 9.65625 12.550781 9.675781 12.25 9.871094 12.074219 C 10.066406 11.898438 10.371094 11.917969 10.546875 12.113281 L 13.023438 14.925781 L 13.023438 6.035156 C 13.023438 5.773438 13.238281 5.558594 13.5 5.558594 C 13.761719 5.558594 13.976562 5.773438 13.976562 6.035156 L 13.976562 14.980469 L 16.464844 12.328125 C 16.582031 12.199219 16.757812 12.144531 16.925781 12.183594 C 17.089844 12.222656 17.226562 12.347656 17.273438 12.511719 C 17.324219 12.675781 17.28125 12.855469 17.160156 12.980469 L 13.847656 16.511719 L 13.835938 16.523438 C 13.75 16.605469 13.636719 16.648438 13.519531 16.652344 Z M 13.5 16.664062 \"\/>\n<path style=\" stroke:none;fill-rule:nonzero;fill:rgb(0%,0%,0%);fill-opacity:1;\" d=\"M 18.578125 19.753906 L 8.417969 19.753906 C 8.15625 19.753906 7.941406 19.542969 7.941406 19.277344 L 7.941406 15.746094 C 7.941406 15.484375 8.15625 15.269531 8.417969 15.269531 C 8.679688 15.269531 8.894531 15.484375 8.894531 15.746094 L 8.894531 18.800781 L 18.101562 18.800781 L 18.101562 15.746094 C 18.101562 15.484375 18.316406 15.269531 18.578125 15.269531 C 18.839844 15.269531 19.054688 15.484375 19.054688 15.746094 L 19.054688 19.277344 C 19.054688 19.542969 18.839844 19.753906 18.578125 19.753906 Z M 18.578125 19.753906 \"\/>\n<\/g>\n<\/svg>\n                                            <div class=\"title-wrapper highlight\">\n                        PETflash Download                      <\/div>\n                    <\/a>\n                  <\/div>\n                                          <\/div>\n\n          <\/div>\n        <\/div>\n      <\/div>\n    <\/div>\n  \n<\/div>\n\n\n<div id=\"flashnews\" class=\"kacheln-zweispaltig \n pt-big \">\n      <div class=\"container\">\n      \n      <div class=\"row justify-content-around items\">\n                          <div class=\"col-lg-5 col-xl-4 mt-big\">\n\n                          <div class=\"headline-wrapper\">\n                                                  <h2 class=\"h2 text-secondary \">\n                    <strong>Flash News<\/strong>                  <\/h2>\n                                              <\/div>\n            \n                                          <div class=\"item-wrapper  item-boxed\" style=\"--sw-item-bg-color:#d2e397;\">\n                                                        <h3 class=\"h3\"><strong>Ecobilancio<\/strong><\/h3>\n                                                        <div class=\"wysiwyg fs-body-text-small\">\n                      <p>Un nuovo studio compara le ripercussioni ambientali degli imballaggi per bevande giungendo alla conclusione che non esiste un tipo di imballaggio adatto a tutti i tipi di bevande. Gli imballaggi per bevande con ridotte ripercussioni ambientali sono generalmente leggeri, hanno una notevole capienza e possono essere riciclati o riutilizzati pi\u00f9 volte. La bottiglia per bevande in PET contenente, ad esempio, acqua minerale, bevande analcoliche e succhi di frutta rientra tra gli imballaggi pi\u00f9 ecosostenibili.<\/p>\n                    <\/div>\n                                    \n                <\/div>\n                                    <\/div>\n                  <div class=\"col-lg-5 col-xl-4 \">\n\n            \n                                          <div class=\"item-wrapper  \" style=\"--sw-item-bg-color:#fff;\">\n                                      <div class=\"image-wrapper text-center\">\n                      <img decoding=\"async\" class=\"img-fluid\" src=\"https:\/\/petrecycling.ch\/wp-content\/uploads\/2024\/09\/vitamin-well_zero-rasperry_weiss-aspect-ratio-700-765.png\" alt=\"\" loading=\"lazy\">\n                    <\/div>\n                                                        <h3 class=\"h3\"><strong>Zero Sugar<\/strong><\/h3>\n                                                        <div class=\"wysiwyg fs-body-text-small\">\n                      <p>Vitamin Well, la bevanda vitaminica n\u00b0 1 in Svizzera, \u00e8 stata sviluppata in Svezia. Da poco, i due nuovi gusti lampone e ananas arricchiscono l\u2019assortimento di questa bevanda dissetante di tendenza. Le bevande Vitamin Well, interamente prive di zucchero, sono contenute in bottiglie realizzate al 100 % in PET riciclato.<\/p>\n                    <\/div>\n                                                        <div class=\"links\">\n                                                                                                    <div class=\"link-btn-primary-wrapper\">\n                              <a href=\"https:\/\/vitaminwell.com\/ch-de\" class=\"link-btn-primary\">\n                                <span>vitaminwell.com\/ch-de<\/span>\n                              <\/a>\n                            <\/div>\n                                                                                            <\/div>\n                  \n                <\/div>\n                                    <\/div>\n        \n      <\/div>\n    <\/div>\n  \n<\/div>\n\n\n<div id=\"testimonial-neu-block_20927513ec1f22abdb93f99edaa111c9\" class=\"testimonial-neu \n pt-medium  layout-default bg-container bg-colored\" style=\"--sw-item-bg-color:#d2edf1;\">\n\n      <div class=\"container-wrapper\">\n\n      <div class=\"container py-medium\">\n                  <div class=\"row\">\n            <div class=\"col-xl-11 offset-xxl-1 col-xxl-10\">\n              <div class=\"quote-wrapper align-items-lg-center\">\n                                  <div class=\"thumb-wrapper\">\n                                        <img decoding=\"async\" class=\" img-fluid \" src=\"https:\/\/petrecycling.ch\/wp-content\/uploads\/2024\/09\/PET-Recycling-Schweiz_Nicolas-Huber-scaled-aspect-ratio-915-650.jpg\" alt=\"\" loading=\"lazy\">\n                                      <\/div>\n                                <div class=\"quote-desc\">\n                                                                          <div class=\"quote-text wysiwyg\">\n                      <p>\u00abPer me in quanto snowboarder, le montagne pulite e la natura incontaminata sono il massimo. Mi impegno per il riciclaggio delle bottiglie per bevande in PET augurandomi che anche altri lo facciano.<\/p>\n                    <\/div>\n                                                        <div class=\"quote-from\">\n                      <strong>Nicolas Huber, snowboarder professionista \u2013 <\/strong><br><a class=\"line-link\" href=\"https:\/\/hubernicolas.com\" target=\"_blank\">hubernicolas.com<\/a>                    <\/div>\n                                  <\/div>\n              <\/div>\n            <\/div>\n          <\/div>\n              <\/div>\n    <\/div>\n  <\/div>\n\n\n<div id=\"reportage\" class=\"titel-text \n pt-big  bg-fullwidth bg-white\" style=\"--sw-item-bg-color:#fff;\">\n      <div class=\"container-wrapper\">\n      <div class=\"container \">\n        <div class=\"row\">\n          <div class=\"offset-xl-1 col-xl-10\">\n                          <div class=\"top-title\">\n                Reportage              <\/div>\n                                      <h2 class=\"h2 text-secondary \">\n                <p><strong><i>Un nuovo estrusore<\/i> fornisce<\/strong><br \/>\ngranulato di PET ottimamente lavorabile<\/p>\n              <\/h2>\n                                      <div class=\"wysiwyg fs-body-text\">\n                <h3>Un nuovo componente basilare snellir\u00e0 ulteriormente il ciclo chiuso del riciclaggio del PET in Svizzera. L\u2019estrusore di RecyPET AG con sede a Frauenfeld, un\u2019impresa del Gruppo Veolia, trasforma bottiglie per bevande in PET in granulato di PET \u2013 una nuova generazione di PET riciclato.<\/h3>\n<p>L\u2019evoluzione \u00e8 impressionante: un numero sempre maggiore di aziende d\u2019imbottigliamento e produttrici di bevande utilizza il PET riciclato per le proprie bottiglie per bevande. Pertanto, il mercato richiede, per la produzione di nuove bottiglie in PET, una quantit\u00e0 maggiore di PET riciclato di qualit\u00e0 costantemente elevata. L\u2019azienda RecyPET AG ha reagito alla situazione affiancando al proprio impianto che produce fiocchi di PET riciclato idonei all\u2019uso alimentare un secondo impianto per la produzione di granulato di PET che rappresenta la nuova generazione di PET riciclato. Il processo nell\u2019estrusore consente di controllare con precisione le propriet\u00e0 di flusso del PET liquefatto e di produrre granulato di PET di qualit\u00e0 costantemente alta. I produttori di preforme di PET utilizzano fiocchi di PET, granulato di PET o una relativa miscela. RecyPET AG ha avuto un aumento di domanda di granulato di PET trasparente e verde. Un ulteriore vantaggio del granulato di PET \u00e8 rappresentato dalla lavorazione che, rispetto ai fiocchi di PET, richiede meno prodotti chimici, meno acqua e meno energia. Il granulato di PET che, a fronte dello stesso peso vanta un volume inferiore rispetto ai fiocchi di PET, pu\u00f2 essere trasportato in Big Bag o in camion cisterna. Ci\u00f2 semplifica il trasporto rendendo il ciclo chiuso del riciclaggio del PET ancora pi\u00f9 ecologico.<\/p>\n              <\/div>\n                        \n          <\/div>\n        <\/div>\n      <\/div>\n    <\/div>\n  <\/div>\n\n\n<div id=\"gallery-slider-block_ed94b08252fae5113d1cec97cce7729f\" class=\"gallery-slider \n pt-small media-type-image bg-fullwidth bg-white\" style=\"--sw-item-bg-color:#fff;\">\n      <div class=\"container-wrapper\">\n      <div class=\"container \">\n\n        \n        <div class=\"row\">\n          <div class=\"col-xl-10 offset-xl-1\">\n            <div class=\"gallery-wrapper\">\n\n              <div class=\"swiper gallery-swiper\"  id=\"lightgallery_gallery-slider-block_ed94b08252fae5113d1cec97cce7729f\">\n                <div class=\"swiper-wrapper\">\n                                                            <div class=\"swiper-slide\">\n\n                                                                              <div class=\"highlight-wrapper\">\n                              <h3 class=\"h3 highlight highlight-blue-medium\">\n                                State-of-the-art: granulato di PET di colore verde                              <\/h3>\n                            <\/div>\n                                                    <a class=\"lb-item\" data-sub-html=\"State-of-the-art: granulato di PET di colore verde\"  href=\"https:\/\/petrecycling.ch\/wp-content\/uploads\/2024\/09\/IMG_4844.jpg\">\n                            <img decoding=\"async\" class=\"img-fluid\" src=\"https:\/\/petrecycling.ch\/wp-content\/uploads\/2024\/09\/IMG_4844-aspect-ratio-1076-606.jpg\" alt=\"\">\n                          <\/a>\n                                              <\/div>\n                                                                                <div class=\"swiper-slide\">\n\n                                                                              <div class=\"highlight-wrapper\">\n                              <h3 class=\"h3 highlight highlight-blue-medium\">\n                                Cernita delle bottiglie                              <\/h3>\n                            <\/div>\n                                                    <a class=\"lb-item\" data-sub-html=\"Cernita delle bottiglie\"  href=\"https:\/\/petrecycling.ch\/wp-content\/uploads\/2024\/09\/DSC7019.jpg\">\n                            <img decoding=\"async\" class=\"img-fluid\" src=\"https:\/\/petrecycling.ch\/wp-content\/uploads\/2024\/09\/DSC7019-aspect-ratio-1076-606.jpg\" alt=\"\">\n                          <\/a>\n                                              <\/div>\n                                                                                <div class=\"swiper-slide\">\n\n                                                                              <div class=\"highlight-wrapper\">\n                              <h3 class=\"h3 highlight highlight-blue-medium\">\n                                Idoneit\u00e0 all\u2019uso alimentare tramite procedimento sottovuoto (fase 4, estrusione)                              <\/h3>\n                            <\/div>\n                                                    <a class=\"lb-item\" data-sub-html=\"Idoneit\u00e0 all\u2019uso alimentare tramite procedimento sottovuoto (fase 4, estrusione)\"  href=\"https:\/\/petrecycling.ch\/wp-content\/uploads\/2024\/09\/DSC6898.jpg\">\n                            <img decoding=\"async\" class=\"img-fluid\" src=\"https:\/\/petrecycling.ch\/wp-content\/uploads\/2024\/09\/DSC6898-aspect-ratio-1076-606.jpg\" alt=\"\">\n                          <\/a>\n                                              <\/div>\n                                                                                <div class=\"swiper-slide\">\n\n                                                                              <div class=\"highlight-wrapper\">\n                              <h3 class=\"h3 highlight highlight-blue-medium\">\n                                Ugelli estrusori per granulato di PET                              <\/h3>\n                            <\/div>\n                                                    <a class=\"lb-item\" data-sub-html=\"Ugelli estrusori per granulato di PET\"  href=\"https:\/\/petrecycling.ch\/wp-content\/uploads\/2024\/09\/DSC6930.jpg\">\n                            <img decoding=\"async\" class=\"img-fluid\" src=\"https:\/\/petrecycling.ch\/wp-content\/uploads\/2024\/09\/DSC6930-aspect-ratio-1076-606.jpg\" alt=\"\">\n                          <\/a>\n                                              <\/div>\n                                                      <\/div>\n              <\/div>\n\n\n\n              <div class=\"gallery-swiper-thumbs-wrapper\">\n\n                \n                <div class=\"nav-wrapper\">\n                  <div class=\"navigation\">\n                    <div class=\"swiper-button-prev swiper-button-grey\"><\/div>\n                    <div class=\"swiper-button-next swiper-button-grey\"><\/div>\n                  <\/div>\n                <\/div>\n\n              <\/div>\n            <\/div>\n          <\/div>\n\n\n        <\/div>\n      <\/div>\n    <\/div>\n  <\/div>\n\n\n<div id=\"titel-textblock_86ee5bb2e989ebe3018755598d87fc49\" class=\"titel-text \n pt-small bg-fullwidth bg-white\" style=\"--sw-item-bg-color:#fff;\">\n      <div class=\"container-wrapper\">\n      <div class=\"container \">\n        <div class=\"row\">\n          <div class=\"offset-xl-1 col-xl-10\">\n                                                  <div class=\"wysiwyg fs-body-text\">\n                <h4>Nuovo impianto per granulato di PET<\/h4>\n<p>Presso RecyPET AG, le bottiglie per bevande in PET suddivise per colore vengono sottoposte a una seconda cernita per eliminare i corpi estranei. Dopodich\u00e9 le bottiglie in PET vengono lavate e triturate \u2013 e vengono rimossi tappi ed etichette (si veda lo <a href=\"#schema\">schema<\/a>). I fiocchi di PET vengono quindi trasformati in fiocchi idonei all\u2019uso alimentare oppure, grazie al nuovo estrusore, in granulato di PET idoneo all\u2019uso alimentare. Rispetto al granulato di PET, i fiocchi di PET devono essere decontaminati chimicamente per essere idonei all\u2019uso alimentare, rendendo necessari un ulteriore lavaggio e asciugatura.<\/p>\n              <\/div>\n                        \n          <\/div>\n        <\/div>\n      <\/div>\n    <\/div>\n  <\/div>\n\n\n<div id=\"titel-textblock_6a155fbd807a6b338fe1f1b60915b461\" class=\"titel-text \n pt-small bg-fullwidth bg-white\" style=\"--sw-item-bg-color:#fff;\">\n      <div class=\"container-wrapper\">\n      <div class=\"container \">\n        <div class=\"row\">\n          <div class=\"offset-xl-1 col-xl-10\">\n                                                  <div class=\"wysiwyg fs-body-text\">\n                <h4>In funzione da agosto<\/h4>\n<p>Alla fase di progettazione e alle procedure di autorizzazione, nella primavera di quest\u2019anno \u00e8 seguita la fase di realizzazione presso RecyPET AG. Oltre all\u2019esistente capannone di produzione \u00e8 stato costruito un secondo capannone che ospita il nuovo estrusore per granulato di PET, prodotto dalla ditta austriaca Starlinger. Sebastian Francke, Responsabile produzione presso RecyPET AG: \u00abL\u2019intero impianto ha richiesto un investimento di diversi milioni di franchi. La sua capacit\u00e0 annua ammonta a 8700 tonnellate di granulato di PET.\u00bb A titolo di confronto: nel 2022, in Svizzera sono state riciclate 36&#8217;300 tonnellate di bottiglie per bevande in PET. L\u2019impianto \u00e8 stato testato in agosto e il personale \u00e8 stato conformemente istruito. Sono inoltre state apportate le migliorie richieste dalle autorit\u00e0 in fatto di filtraggio delle acque di scarico e purificazione dell\u2019aria in uscita. RecyPET AG lavora su quattro turni e, grazie al nuovo estrusore, produce granulato di PET riciclato verde e trasparente, idoneo all\u2019uso alimentare.<\/p>\n              <\/div>\n                                      <div class=\"links\">\n                                                                            <div class=\"link-btn-primary-wrapper\">\n                        <a href=\"https:\/\/veolia.de\/veolia-recypet\" class=\"link-btn-primary\">\n                          <span>veolia.de\/veolia-recypet<\/span>\n                        <\/a>\n                      <\/div>\n                                                                    <\/div>\n            \n          <\/div>\n        <\/div>\n      <\/div>\n    <\/div>\n  <\/div>\n\n\n<div id=\"testimonial-neu-block_37533393d09eedd94625352c72509ee2\" class=\"testimonial-neu \n pt-medium  layout-small bg-fullwidth bg-white\" style=\"--sw-item-bg-color:#fff;\">\n\n      <div class=\"container-wrapper\">\n\n      <div class=\"container \">\n                  <div class=\"row\">\n            <div class=\"col-xl-10 offset-xl-1\">\n              <div class=\"quote-wrapper\">\n                <div class=\"quote-desc quote-centered\">\n                                                                          <div class=\"quote-text wysiwyg\">\n                      <p>\u00abQuesto estrusore fissa nuovi standard in termini di lavorabilit\u00e0 del PET riciclato \u2013 con un occhio di riguardo all\u2019ambiente.\u00bb<\/p>\n                    <\/div>\n                                                        <div class=\"quote-from-wrapper\">\n                                              <img decoding=\"async\" class=\"img-fluid\" src=\"https:\/\/petrecycling.ch\/wp-content\/uploads\/2024\/09\/DSC7240-aspect-ratio-220-220-1.jpg\" alt=\"\" loading=\"lazy\">\n                                                                    <div class=\"quote-from\">\n                          <strong>Sebastian Francke, Responsabile produzione \u2013 <\/strong><br>RecyPET AG, Frauenfeld                        <\/div>\n                                          <\/div>\n                                  <\/div>\n              <\/div>\n\n            <\/div>\n          <\/div>\n              <\/div>\n    <\/div>\n  <\/div>\n\n\n<div id=\"schema\" class=\"text-bild \n pt-big  has-overhang image-right bg-container bg-colored\" style=\"--sw-item-bg-color:#def3ee;\">\n  <div class=\"container-wrapper\">\n    <div class=\"container py-medium\">\n      <div class=\"row\">\n        <div class=\"col-lg-6 col-xl-6 offset-xl-1  col-text\">\n                      <div class=\"top-title\">\n              Schema            <\/div>\n                                <h2 class=\"h2 \">\n              Produzione di <strong><i>PET riciclato<\/i> idoneo all\u2019uso alimentare<\/strong>            <\/h2>\n          \n                                                                      <h3 class=\"h3\">Riciclaggio del PET contenuto nelle <br \/>\r\nbottiglie per bevande in PET<\/h3>\n                              \n                              <\/div>\n\n                  <div class=\"col-lg-5 col-xl-4 offset-lg-1\">\n            <div id=\"lightgallery_schema\" class=\"thumb-wrapper\">\n              <a class=\"lb-item\" href=\"https:\/\/petrecycling.ch\/wp-content\/uploads\/2024\/10\/PET-Recycling-Schweiz_PETflash-86_schema_i-aspect-ratio-1080-1180.jpg\">\n                <img decoding=\"async\" class=\"img-fluid\" src=\"https:\/\/petrecycling.ch\/wp-content\/uploads\/2024\/10\/PET-Recycling-Schweiz_PETflash-86_schema_i-aspect-ratio-1080-1180.jpg\" alt=\"\">\n              <\/a>\n            <\/div>\n          <\/div>\n              <\/div>\n    <\/div>\n  <\/div>\n<\/div>\n\n\n<div id=\"abstand-block_fe202501642946a152d0f02f44e9c52d\" class=\"abstand \n bg-blue-light-neon d-lg-none\">\n  <div class=\"custom-spacer custom-spacer-small\">\n  <\/div>\n<\/div>\n\n\n<div id=\"abstand-block_e6a11eaf0218680bf982ee9422836e03\" class=\"abstand \n bg-white d-none d-lg-block\">\n  <div class=\"custom-spacer custom-spacer-small\">\n  <\/div>\n<\/div>\n\n\n<div id=\"out-of-home\" class=\"kacheln-zweispaltig \n pt-big \">\n      <div class=\"container\">\n              <div class=\"row headline-wrapper\">\n          <div class=\"offset-xl-1 col-lg-6\">\n                                      <h2 class=\"h2 text-secondary mb-0\">\n                <strong>Out of Home<\/strong>              <\/h2>\n                                  <\/div>\n        <\/div>\n      \n      <div class=\"row justify-content-around items\">\n                          <div class=\"col-lg-5 col-xl-4 \">\n\n            \n                                          <div class=\"item-wrapper  \" style=\"--sw-item-bg-color:#fff;\">\n                                      <div class=\"image-wrapper text-center\">\n                      <img decoding=\"async\" class=\"img-fluid\" src=\"https:\/\/petrecycling.ch\/wp-content\/uploads\/2024\/09\/DSC09737-aspect-ratio-700-515.jpg\" alt=\"\" loading=\"lazy\">\n                    <\/div>\n                                                        <h3 class=\"h3\"><strong>La Chaux-de-Fonds<\/strong><br \/>\r\ninveste in stazioni di raccolta<\/h3>\n                                                        <div class=\"wysiwyg fs-body-text-small\">\n                      <p>Con un investimento di diverse decine di migliaia di franchi, la citt\u00e0 di La Chaux-de-Fonds con i suoi 36&#8217;500 abitanti ha acquistato 18 stazioni di riciclaggio per materiali riutilizzabili. \u00c8 in corso la fase d\u2019introduzione. Il team di Bekir Omerovic (qui nell\u2019immagine) si adopera per ottenere una buona qualit\u00e0 di raccolta dei materiali riciclabili. Le raccomandazioni della sede operativa della Svizzera occidentale dell\u2019associazione PETRecycling Schweiz sono sempre ben accette.<\/p>\n<p><em class=\"small\">Immagine: <\/em><i>Patrick Schwab, Responsabile carpenteria metallica e <\/i><i>cartellonistica; Laurent Othenin-Girard, Responsabile settore pulizia; Bekir Omerovic, Responsabile spazi <\/i><i>pubblici; Alain Fahrni, Responsabile team pulizia<\/i><\/p>\n                    <\/div>\n                                    \n                <\/div>\n                                    <\/div>\n                  <div class=\"col-lg-5 col-xl-4 \">\n\n            \n                                          <div class=\"item-wrapper  \" style=\"--sw-item-bg-color:#fff;\">\n                                      <div class=\"image-wrapper text-center\">\n                      <img decoding=\"async\" class=\"img-fluid\" src=\"https:\/\/petrecycling.ch\/wp-content\/uploads\/2024\/09\/PET-St.-Jakob-3-aspect-ratio-700-515.jpg\" alt=\"\" loading=\"lazy\">\n                    <\/div>\n                                                        <h3 class=\"h3\"><strong>I posti migliori:<\/strong><br \/>\r\npunti di raccolta del<br \/>\r\nPET negli impianti sportivi basilesi<\/h3>\n                                                        <div class=\"wysiwyg fs-body-text-small\">\n                      <p>Negli impianti sportivi e negli stabilimenti balneari all\u2019aperto della citt\u00e0 di Basilea sono a disposizione numerosi box per la raccolta di PET. Andreas Kunz, Responsabile d\u2019esercizio impianti sportivi St. Jakob, spiega: \u00abSiamo dell\u2019idea che le aree debbano essere adattate per ottenere un cambio di comportamento. Perci\u00f2 collochiamo i box di raccolta nei luoghi dove passano molte persone affinch\u00e9 sia semplice riporre le bottiglie per bevande in PET negli appositi contenitori di raccolta.\u00bb I risultati danno loro ragione: meno littering, custodi soddisfatti, abitanti di Basilea con un\u2019anima ecologica.<\/p>\n<p><em class=\"small\">Immagine: <\/em><i>Box per la raccolta di PET nell\u2019impianto di <\/i><i>atletica leggera St. Jakob<\/i><\/p>\n                    <\/div>\n                                    \n                <\/div>\n                                    <\/div>\n        \n      <\/div>\n    <\/div>\n  \n<\/div>\n\n\n<div id=\"recypac\" class=\"text-bild \n pt-big   image-left bg-container bg-colored\" style=\"--sw-item-bg-color:#bca6da;\">\n  <div class=\"container-wrapper\">\n    <div class=\"container py-medium\">\n      <div class=\"row\">\n        <div class=\"col-lg-6 col-xl-6 offset-lg-1 order-2  col-text\">\n                      <div class=\"top-title\">\n              RecyPac            <\/div>\n                                <h2 class=\"h2 \">\n              <strong>Un nuovo <i>sistema di riciclaggio<\/i><\/strong> per la Svizzera            <\/h2>\n          \n                                                                      <h3 class=\"h3\">In futuro, anche le pellicole per confezioni da sei bottiglie per bevande in PET, altri imballaggi in plastica e cartoni per bevande (ad esempio Tetra Pak) saranno raccolti, su larga scala e secondo criteri unitari, per poi esser e riciclati. A tal fine \u00e8 stata fondata l\u2019associazione senza scopo di lucro RecyPac, il cui obiettivo \u00e8 quello di offrire in tutta la Svizzera una soluzione di riciclaggio ecosostenibile e comoda per le consumatrici e i consumatori. La natura ringrazia.<\/h3>\n                              \n                                                            <div class=\"content-item text wysiwyg fs-body-text\">\n                    <p>Le consumatrici e i consumatori acquisteranno il sacco di raccolta di RecyPac. Lo riempiranno con imballaggi in plastica e cartoni per bevande \u2013 e lo riconsegneranno agli esercizi al dettaglio, ai centri di raccolta comunali o ai centri di riciclaggio. Gli imballaggi raccolti saranno suddivisi e riciclati in impianti certificati situati in vicini Paesi esteri. Sono gi\u00e0 in corso colloqui sulla costruzione di impianti in Svizzera. Secondo <a href=\"https:\/\/swissrecycle.ch\/it\/materiali-riciclabili-sapere\/materiali-riciclabili\/materie-plastiche\">uno studio<\/a> condotto dal Politecnico federale di Zurigo, grazie al riciclaggio le emissioni prodotte da un chilogrammo di plastica durante l\u2019intero ciclo di vita possono essere ridotte di 3,4 kg di CO2eq. La raccolta nei sacchi di RecyPac tutela pertanto l\u2019ambiente.<\/p>\n                  <\/div>\n                              \n                                                            <div class=\"accordion-wrapper\">\n                    <div class=\"accordion accordion-flush custom\" id=\"accordion-recypac-3\">\n\n                                                                        <div class=\"accordion-item\">\n                            <h4 class=\"accordion-header\" id=\"flush-heading-recypac-3-1\">\n                              <button class=\"accordion-button collapsed\" type=\"button\" data-bs-toggle=\"collapse\" data-bs-target=\"#flush-recypac-3-1\" aria-expanded=\"false\" aria-controls=\"flush-recypac-3-1\">\n                                <div class=\"accordion-title\">\n                                  Prezzo di vendita unitario                                <\/div>\n                              <\/button>\n                            <\/h4>\n                            <div id=\"flush-recypac-3-1\" class=\"accordion-collapse collapse\" aria-labelledby=\"flush-heading-recypac-3-1\" data-bs-parent=\"#accordion-recypac-3\">\n                              <div class=\"accordion-body\">\n                                <div class=\"text wysiwyg fs-body-text\">\n                                  <p>Il sacco di raccolta di RecyPac viene venduto agli esercizi al dettaglio di tutta la Svizzera a un prezzo unitario. Nella maggior parte delle regioni, il RecyBag coster\u00e0 di meno rispetto al sacco della spazzatura al fine di agevolare le consumatrici e i consumatori che effettuano la raccolta differenziata dei materiali riciclabili. Ci\u00f2 \u00e8 possibile perch\u00e9 RecyPac considera il riciclaggio un servizio pubblico ed \u00e8 pertanto strutturata come associazione senza scopo di lucro.<\/p>\n                                <\/div>\n                              <\/div>\n                            <\/div>\n                          <\/div>\n                                                                                                <div class=\"accordion-item\">\n                            <h4 class=\"accordion-header\" id=\"flush-heading-recypac-3-2\">\n                              <button class=\"accordion-button collapsed\" type=\"button\" data-bs-toggle=\"collapse\" data-bs-target=\"#flush-recypac-3-2\" aria-expanded=\"false\" aria-controls=\"flush-recypac-3-2\">\n                                <div class=\"accordion-title\">\n                                  Integrazione al riciclaggio di PET                                <\/div>\n                              <\/button>\n                            <\/h4>\n                            <div id=\"flush-recypac-3-2\" class=\"accordion-collapse collapse\" aria-labelledby=\"flush-heading-recypac-3-2\" data-bs-parent=\"#accordion-recypac-3\">\n                              <div class=\"accordion-body\">\n                                <div class=\"text wysiwyg fs-body-text\">\n                                  <p>Il sacco di RecyPac costituisce un\u2019utile integrazione alle esistenti soluzioni di raccolta delle bottiglie per bevande in PET e delle bottiglie di plastica. In futuro ci sar\u00e0 una soluzione di raccolta per tutti gli imballaggi in plastica \u2013 anche per vaschette per insalata, cartoni per bevande, confezioni per prodotti di carne, pellicole per confezioni da sei pezzi e altro. PET-Recycling Schweiz si augura che ci\u00f2 possa far s\u00ec che gli imballaggi in plastica vengano raccolti nei sacchi di RecyPac anzich\u00e9 finire nei contenitori per la raccolta di PET. Una corretta separazione \u00e8 fondamentale in quanto gli imballaggi in plastica e le bottiglie per bevande in PET vengono riciclati in impianti differenti. Per motivi igienici, le bottiglie per bevande in PET non possono essere mischiate con altri imballaggi. Solo in questo modo possono essere prodotte nuove bottiglie per bevande in PET idonee all\u2019uso alimentare.<\/p>\n                                <\/div>\n                              <\/div>\n                            <\/div>\n                          <\/div>\n                                                                  <\/div>\n                  <\/div>\n                              \n                                                            <div class=\"hinweis\">\n                                          <h5 class=\"highlight highlight-blue-medium\">\n                        \u00c8 quindi importante:                      <\/h5>\n                                        <div class=\"text wysiwyg fs-body-text\">\n                      <p>A tale fine \u00e8 importante che le bottiglie per bevande in PET continuino a essere riposte nei contenitori per la raccolta di PET e non nei sacchi di raccolta di RecyPac.<\/p>\n                    <\/div>\n                  <\/div>\n                \n              \n                              <\/div>\n\n                  <div class=\"col-lg-5 col-xl-4 order-1\">\n            <div id=\"lightgallery_recypac\" class=\"thumb-wrapper\">\n              <a class=\"lb-item\" href=\"https:\/\/petrecycling.ch\/wp-content\/uploads\/2024\/10\/Mood_3_300dpi-scaled-aspect-ratio-1080-1180.jpg\">\n                <img decoding=\"async\" class=\"img-fluid\" src=\"https:\/\/petrecycling.ch\/wp-content\/uploads\/2024\/10\/Mood_3_300dpi-scaled-aspect-ratio-1080-1180.jpg\" alt=\"\">\n              <\/a>\n            <\/div>\n          <\/div>\n              <\/div>\n    <\/div>\n  <\/div>\n<\/div>\n\n\n<div id=\"recypac\" class=\"text-bild \n  image-right bg-container bg-colored\" style=\"--sw-item-bg-color:#bca6da;\">\n  <div class=\"container-wrapper\">\n    <div class=\"container py-medium\">\n      <div class=\"row\">\n        <div class=\"col-lg-6 col-xl-6 offset-xl-1  col-text\">\n                    \n                                                                      <h3 class=\"h3\"><strong>Affiliarsi a RecyPac<\/strong><\/h3>\n                              \n                                                            <div class=\"content-item text wysiwyg fs-body-text\">\n                    <p>RecyPac \u00e8 stata fondata, come organizzazione settoriale, dai rappresentanti dell\u2019intera catena di creazione di valore. I soci hanno diritto di voto e di elezione in seno all\u2019associazione e possono cos\u00ec contribuire a delineare attivamente il sistema di riciclaggio. Gruppi di esperti si occupano, tra le altre cose, dello sviluppo del sistema di finanziamento e di nuove linee guida relative al design degli imballaggi. Affiliatevi per plasmare il futuro della raccolta e del riciclaggio!<\/p>\n                  <\/div>\n                              \n                                                            <div class=\"links-wrapper\">\n                                                                <div class=\"link-btn-primary-wrapper\">\n                          <a href=\"https:\/\/www.recypac.ch\/it\/als-unternehmen-inverkehrbringer\" target=\"_blank\" class=\"link-btn-primary\">\n                            <span>Affiliarsi a RecyPac<\/span>                          <\/a>\n                        <\/div>\n                                                            <\/div>\n                \n              \n                              <\/div>\n\n                  <div class=\"col-lg-5 col-xl-4 offset-lg-1\">\n            <div id=\"lightgallery_recypac\" class=\"thumb-wrapper\">\n              <a class=\"lb-item\" href=\"https:\/\/petrecycling.ch\/wp-content\/uploads\/2024\/10\/Mood_2_300dpi-scaled-aspect-ratio-1080-1180-1.jpg\">\n                <img decoding=\"async\" class=\"img-fluid\" src=\"https:\/\/petrecycling.ch\/wp-content\/uploads\/2024\/10\/Mood_2_300dpi-scaled-aspect-ratio-1080-1180-1.jpg\" alt=\"\">\n              <\/a>\n            <\/div>\n          <\/div>\n              <\/div>\n    <\/div>\n  <\/div>\n<\/div>\n\n\n<div id=\"pet-members\" class=\"kacheln-zweispaltig \n pt-big \">\n      <div class=\"container\">\n      \n      <div class=\"row justify-content-around items\">\n                          <div class=\"col-lg-5 col-xl-4 mt-big\">\n\n                          <div class=\"headline-wrapper\">\n                                                  <h2 class=\"h2 text-secondary \">\n                    <strong>PET-Member<\/strong>                  <\/h2>\n                                              <\/div>\n            \n                                          <div class=\"item-wrapper  \" style=\"--sw-item-bg-color:#fff;\">\n                                      <div class=\"image-wrapper text-center\">\n                      <img decoding=\"async\" class=\"img-fluid\" src=\"https:\/\/petrecycling.ch\/wp-content\/uploads\/2024\/09\/SkodaEnyaq-Rivella-nah-aspect-ratio-700-515.jpg\" alt=\"\" loading=\"lazy\">\n                    <\/div>\n                                                        <h3 class=\"h3\"><strong>Servizio esterno elettrificato<\/strong><\/h3>\n                                                        <div class=\"wysiwyg fs-body-text-small\">\n                      <p>Da marzo di quest\u2019anno, il Servizio esterno del Rivella Group utilizza veicoli elettrici. Axel Kuhn, Responsabile vendite e membro della Direzione commerciale di Rivella, \u00e8 felice del fatto che le visite alla clientela vengano effettuate con veicoli ecologici: \u00abLa nostra squadra del Servizio esterno percorre, ogni anno, poco meno di un milione di chilometri \u2013 una voce di rilievo nel nostro bilancio di CO2. Per poter raggiungere i nostri ambiziosi obiettivi di sostenibilit\u00e0 \u00e8 necessario ridurre anche qui la nostra impronta di CO2.\u00bb Passando ai veicoli elettrici, il Rivella Group risparmia ogni anno ben 100 tonnellate di CO2. Rivella finanzia la stazione di ricarica dei 24 addetti del Servizio esterno nel luogo di domicilio.<\/p>\n                    <\/div>\n                                                        <div class=\"links\">\n                                                                                                    <div class=\"link-btn-primary-wrapper\">\n                              <a href=\"https:\/\/rivella.ch\" class=\"link-btn-primary\">\n                                <span>rivella.ch<\/span>\n                              <\/a>\n                            <\/div>\n                                                                                            <\/div>\n                  \n                <\/div>\n                                    <\/div>\n                  <div class=\"col-lg-5 col-xl-4 \">\n\n            \n                                          <div class=\"item-wrapper  \" style=\"--sw-item-bg-color:#fff;\">\n                                      <div class=\"image-wrapper text-center\">\n                      <img decoding=\"async\" class=\"img-fluid\" src=\"https:\/\/petrecycling.ch\/wp-content\/uploads\/2024\/10\/PET-Recycling-Schweiz_PETflash-86_Adelbodner-aspect-ratio-700-765.png\" alt=\"\" loading=\"lazy\">\n                    <\/div>\n                                                        <h3 class=\"h3\"><strong>Nuovi proprietari, nuovo slogan, nuova bottiglia<\/strong><\/h3>\n                                                        <div class=\"wysiwyg fs-body-text-small\">\n                      <p>I nuovi co-proprietari dell\u2019unica sorgente di acqua minerale nel Canton Berna sono Christian Stucki, Mark Streit, Roman Josi, Yann Sommer e l\u2019allenatore di tennis Severin Lu\u0308thi. Con la domanda provocatoria \u00abBevi gi\u00e0 la Svizzera?\u00bb, nel materiale pubblicitario viene attirata l\u2019attenzione sul fatto che la met\u00e0 delle acque minerali bevute in Svizzera sia importata. \u00c8 stato quindi deciso di porre rimedio. La bottiglia \u00e8 arricchita da una croce elvetica e dal numero 1559 che si riferisce all\u2019anno del primo utilizzo della sorgente termale. Viene inoltre evidenziato il fatto che, in termini di contenuto di calcio, l\u2019acqua Adelbodner \u00e8 la n\u00b0 1 tra le acque minerali svizzere. L\u2019acqua Adelbodner viene venduta in bottiglie in PET riciclato.<\/p>\n                    <\/div>\n                                                        <div class=\"links\">\n                                                                                                    <div class=\"link-btn-primary-wrapper\">\n                              <a href=\"https:\/\/adelbodner.ch\" class=\"link-btn-primary\">\n                                <span>adelbodner.ch<\/span>\n                              <\/a>\n                            <\/div>\n                                                                                            <\/div>\n                  \n                <\/div>\n                                    <\/div>\n        \n      <\/div>\n    <\/div>\n  \n<\/div>\n\n\n<div id=\"e-transport\" class=\"text-bild \n pt-big   image-right bg-container bg-colored\" style=\"--sw-item-bg-color:#fdf8be;\">\n  <div class=\"container-wrapper\">\n    <div class=\"container py-medium\">\n      <div class=\"row\">\n        <div class=\"col-lg-6 col-xl-6 offset-xl-1 pt-0 col-text\">\n                      <div class=\"top-title\">\n              Trasporto elettrico            <\/div>\n                                <h2 class=\"h2 \">\n              <strong>Immensa gioia!<\/strong>            <\/h2>\n          \n                                                                      <h3 class=\"h3\">PET-Recycling Schweiz ha deciso di allinearsi all\u2019Accordo di Parigi sul clima per il conseguimento dell\u2019obiettivo 1,5 \u00b0C al fine di limitare il riscaldamento globale. Un\u2019importante misura d\u2019intervento per ridurre le emissioni di CO2 e tutelare l\u2019ambiente \u00e8 quella di usare veicoli elettrici per il trasporto delle bottiglie per bevande in PET agli impianti di cernita. I partner addetti al trasporto di PETRecycling Schweiz sono entusiasti dei propri nuovi veicoli elettrici.<\/h3>\n                              \n                              <\/div>\n\n              <\/div>\n    <\/div>\n  <\/div>\n<\/div>\n\n\n<div id=\"e-transport\" class=\"interview \n single-interviewpartners bg-container bg-colored\" style=\"--sw-item-bg-color:#fdf8be;\">\n      <div class=\"container-wrapper\">\n      <div class=\"container py-medium\">\n\n        \n                  <div class=\"row interview-item\">\n                                          <div class=\"col-lg-4 col-xxl-4 col-intverviewpartner order-lg-2\">\n                  <div class=\"interviewpartner-wrapper\">\n                                          <img decoding=\"async\" class=\"img-fluid\" src=\"https:\/\/petrecycling.ch\/wp-content\/uploads\/2024\/09\/Goran-Radulovic_Daetwiler-aspect-ratio-220-220.jpg\" alt=\"\" loading=\"lazy\">\n                                                              <div class=\"interviewpartner-desc wysiwyg\">\n                        <strong>Goran Radulovic<\/strong>\n                                                  <br>\n                          <span data-bs-html=\"true\" data-bs-toggle=\"tooltip\" data-bs-placement=\"bottom\" data-bs-custom-class=\"custom-tooltip\" data-bs-title=\"&lt;p&gt;Autista, Daetwiler Umweltservice AG, Brugg&lt;\/p&gt;\n\">\n                            <p>Autista, Daetwiler Umweltservice AG<\/p>\n&#8230;                          <\/span>\n                                              <\/div>\n                                      <\/div>\n                <\/div>\n                            <div class=\"col-lg-8 col-xl-6 col-xxl-6 col-interview order-lg-1 offset-xl-1\">\n                <div class=\"accordion-wrapper\">\n                  <div class=\"accordion accordion-flush custom\" id=\"accordion-e-transport-1\">\n                                                                  <div class=\"accordion-item\">\n                          <h4 class=\"accordion-header\" id=\"flush-heading-e-transport-1-1\">\n                            <button class=\"accordion-button collapsed\" type=\"button\" data-bs-toggle=\"collapse\" data-bs-target=\"#flush-e-transport-1-1\" aria-expanded=\"false\" aria-controls=\"flush-e-transport-1-1\">\n                              <div class=\"accordion-title\">\n                                Il nuovo camion elettrico \u00e8 silenzioso e potente &#8230;                              <\/div>\n                            <\/button>\n                          <\/h4>\n                          <div id=\"flush-e-transport-1-1\" class=\"accordion-collapse collapse\" aria-labelledby=\"flush-heading-e-transport-1-1\" data-bs-parent=\"#e-transport\">\n                            <div class=\"accordion-body\">\n                              <div class=\"text wysiwyg fs-body-text\">\n                                <p>\u00abIl nuovo camion elettrico \u00e8 silenzioso e potente. Il motore elettrico lo rende particolarmente comodo. Il nostro contributo alla tutela dell\u2019ambiente viene effettivamente considerato e apprezzato. Ricevo numerosi riscontri positivi al riguardo.\u00bb<\/p>\n                              <\/div>\n                            <\/div>\n                          <\/div>\n                        <\/div>\n                                                            <\/div>\n                <\/div>\n              <\/div>\n                      <\/div>\n                  <div class=\"row interview-item\">\n                                          <div class=\"col-lg-4 col-xxl-4 col-intverviewpartner offset-xl-1\">\n                  <div class=\"interviewpartner-wrapper\">\n                                          <img decoding=\"async\" class=\"img-fluid\" src=\"https:\/\/petrecycling.ch\/wp-content\/uploads\/2024\/09\/Corinne-Zangger_Schneider-Umweltservice-aspect-ratio-220-220.jpg\" alt=\"\" loading=\"lazy\">\n                                                              <div class=\"interviewpartner-desc wysiwyg\">\n                        <strong> Corinna Zangger<\/strong>\n                                                  <br>\n                          <span >\n                            <p>Autista, Schneider Umweltservice AG<\/p>\n                          <\/span>\n                                              <\/div>\n                                      <\/div>\n                <\/div>\n                            <div class=\"col-lg-8 col-xl-6 col-xxl-6 col-interview \">\n                <div class=\"accordion-wrapper\">\n                  <div class=\"accordion accordion-flush custom\" id=\"accordion-e-transport-2\">\n                                                                  <div class=\"accordion-item\">\n                          <h4 class=\"accordion-header\" id=\"flush-heading-e-transport-2-1\">\n                            <button class=\"accordion-button collapsed\" type=\"button\" data-bs-toggle=\"collapse\" data-bs-target=\"#flush-e-transport-2-1\" aria-expanded=\"false\" aria-controls=\"flush-e-transport-2-1\">\n                              <div class=\"accordion-title\">\n                                La cosa che ho notato subito \u00e8 il fatto che, nonostante sia potente &#8230;                              <\/div>\n                            <\/button>\n                          <\/h4>\n                          <div id=\"flush-e-transport-2-1\" class=\"accordion-collapse collapse\" aria-labelledby=\"flush-heading-e-transport-2-1\" data-bs-parent=\"#e-transport\">\n                            <div class=\"accordion-body\">\n                              <div class=\"text wysiwyg fs-body-text\">\n                                <p>\u00abLa cosa che ho notato subito \u00e8 il fatto che, nonostante sia potente, il mio nuovo autocarro elettrico ha una guida molto pi\u00f9 morbida e tranquilla rispetto al suo predecessore con motore diesel. E sono naturalmente felice di percorrere tanti chilometri senza dimenticare la tutela ambientale.\u00bb<\/p>\n                              <\/div>\n                            <\/div>\n                          <\/div>\n                        <\/div>\n                                                            <\/div>\n                <\/div>\n              <\/div>\n                      <\/div>\n                  <div class=\"row interview-item\">\n                                          <div class=\"col-lg-4 col-xxl-4 col-intverviewpartner order-lg-2\">\n                  <div class=\"interviewpartner-wrapper\">\n                                          <img decoding=\"async\" class=\"img-fluid\" src=\"https:\/\/petrecycling.ch\/wp-content\/uploads\/2024\/09\/Bojan-Milanovic-2-aspect-ratio-220-220.jpg\" alt=\"\" loading=\"lazy\">\n                                                              <div class=\"interviewpartner-desc wysiwyg\">\n                        <strong>Bojan Milanovic<\/strong>\n                                                  <br>\n                          <span data-bs-html=\"true\" data-bs-toggle=\"tooltip\" data-bs-placement=\"bottom\" data-bs-custom-class=\"custom-tooltip\" data-bs-title=\"&lt;p&gt;Autista di autoarticolato elettrico, Trans Cycle&lt;br \/&gt;\nTransport &amp; Recycling AG, Neuenhof&lt;\/p&gt;\n\">\n                            <p>Autista di autoarticolato elettrico, Trans Cycle<\/p>\n&#8230;                          <\/span>\n                                              <\/div>\n                                      <\/div>\n                <\/div>\n                            <div class=\"col-lg-8 col-xl-6 col-xxl-6 col-interview order-lg-1 offset-xl-1\">\n                <div class=\"accordion-wrapper\">\n                  <div class=\"accordion accordion-flush custom\" id=\"accordion-e-transport-3\">\n                                                                  <div class=\"accordion-item\">\n                          <h4 class=\"accordion-header\" id=\"flush-heading-e-transport-3-1\">\n                            <button class=\"accordion-button collapsed\" type=\"button\" data-bs-toggle=\"collapse\" data-bs-target=\"#flush-e-transport-3-1\" aria-expanded=\"false\" aria-controls=\"flush-e-transport-3-1\">\n                              <div class=\"accordion-title\">\n                                Trans Cycle attribuisce grande importanza ai veicoli con emissioni ridotte &#8230;                              <\/div>\n                            <\/button>\n                          <\/h4>\n                          <div id=\"flush-e-transport-3-1\" class=\"accordion-collapse collapse\" aria-labelledby=\"flush-heading-e-transport-3-1\" data-bs-parent=\"#e-transport\">\n                            <div class=\"accordion-body\">\n                              <div class=\"text wysiwyg fs-body-text\">\n                                <p>\u00abTrans Cycle attribuisce grande importanza ai veicoli con emissioni ridotte. Siamo stati i primi a usare l\u2019autoarticolato elettrico sviluppato da Flux Mobility* con il quale fissiamo ogni giorno nuovi standard. Grazie a un\u2019intelligente gestione dei tragitti evito deviazioni e tempi morti. A bordo del mio autoarticolato elettrico percorro ben 40&#8217;000 chilometri all\u2019anno. In ogni viaggio trasporto fino a 1 tonnellata di bottiglie per bevande in PET agli impianti di cernita.\u00bb<\/p>\n<p><em class=\"small\">*<\/em><i>eventi informativi per partner addetti al trasporto sul <\/i><i>sito <\/i><em class=\"small\"><a href=\"https:\/\/fluxmobility.ch\" target=\"_blank\" rel=\"noopener\">fluxmobility.ch<\/a><\/em><\/p>\n                              <\/div>\n                            <\/div>\n                          <\/div>\n                        <\/div>\n                                                            <\/div>\n                <\/div>\n              <\/div>\n                      <\/div>\n                  <div class=\"row interview-item\">\n                                          <div class=\"col-lg-4 col-xxl-4 col-intverviewpartner offset-xl-1\">\n                  <div class=\"interviewpartner-wrapper\">\n                                          <img decoding=\"async\" class=\"img-fluid\" src=\"https:\/\/petrecycling.ch\/wp-content\/uploads\/2024\/09\/Jon-Andrea-Cruezer-1-aspect-ratio-220-220.jpg\" alt=\"\" loading=\"lazy\">\n                                                              <div class=\"interviewpartner-desc wysiwyg\">\n                        <strong>Jon Andrea Cr\u00fczer<\/strong>\n                                                  <br>\n                          <span data-bs-html=\"true\" data-bs-toggle=\"tooltip\" data-bs-placement=\"bottom\" data-bs-custom-class=\"custom-tooltip\" data-bs-title=\"&lt;p&gt;Responsabile d\u2019esercizio e autista, Reto Cr\u00fczer AG Transporte + Entsorgung, Scuol&lt;\/p&gt;\n\">\n                            <p>Responsabile d\u2019esercizio e autista, Reto Cr\u00fczer AG<\/p>\n&#8230;                          <\/span>\n                                              <\/div>\n                                      <\/div>\n                <\/div>\n                            <div class=\"col-lg-8 col-xl-6 col-xxl-6 col-interview \">\n                <div class=\"accordion-wrapper\">\n                  <div class=\"accordion accordion-flush custom\" id=\"accordion-e-transport-4\">\n                                                                  <div class=\"accordion-item\">\n                          <h4 class=\"accordion-header\" id=\"flush-heading-e-transport-4-1\">\n                            <button class=\"accordion-button collapsed\" type=\"button\" data-bs-toggle=\"collapse\" data-bs-target=\"#flush-e-transport-4-1\" aria-expanded=\"false\" aria-controls=\"flush-e-transport-4-1\">\n                              <div class=\"accordion-title\">\n                                Ideale per la raccolta del PET &#8230;                              <\/div>\n                            <\/button>\n                          <\/h4>\n                          <div id=\"flush-e-transport-4-1\" class=\"accordion-collapse collapse\" aria-labelledby=\"flush-heading-e-transport-4-1\" data-bs-parent=\"#e-transport\">\n                            <div class=\"accordion-body\">\n                              <div class=\"text wysiwyg fs-body-text\">\n                                <p>\u00abIdeale per la raccolta del PET \u2013 la batteria non ti abbandona mai!\u00bb<\/p>\n                              <\/div>\n                            <\/div>\n                          <\/div>\n                        <\/div>\n                                                            <\/div>\n                <\/div>\n              <\/div>\n                      <\/div>\n              <\/div>\n    <\/div>\n  <\/div>\n\n\n<div id=\"igsu\" class=\"text-bild \n pt-big   image-left bg-fullwidth bg-white\" style=\"--sw-item-bg-color:#fff;\">\n  <div class=\"container-wrapper\">\n    <div class=\"container \">\n      <div class=\"row\">\n        <div class=\"col-lg-6 col-xl-6 offset-lg-1 order-2  col-text\">\n                      <div class=\"top-title\">\n              IGSU            <\/div>\n                                <h2 class=\"h2 text-secondary\">\n              <strong><i>StreetUnArt<\/i> \u2013 l\u2019arte contro il littering<\/strong>            <\/h2>\n          \n                                                                      <h3 class=\"h3\">Con umorismo, il Centro svizzero di competenza contro il littering IGSU attira l\u2019attenzione sulla raccolta corretta e sul riciclaggio corretto.<\/h3>\n                              \n                                                            <div class=\"content-item text wysiwyg fs-body-text\">\n                    <p>La raccolta corretta dei materiali riciclabili e dei rifiuti andrebbe fatta di prassi. Molti articoli vengono invece abbandonati per terra o riposti nei contenitori sbagliati. Questa estate, attraverso l\u2019iniziativa \u00abStreetUnArt\u00bb, l\u2019IGSU ha attirato, in modo spiritoso e creativo, l\u2019attenzione su mozziconi di sigaretta, vaschette take-away e imballaggi per bevande abbandonati in giro. Questi sono stati incorniciati con gessetti colorati e corredati di frasi che stimolano a riflettere. Le ambasciatrici e gli ambasciatori IGSU si sono rivolti alla popolazione locale informandola sul littering e sul riciclaggio. L\u2019iniziativa rientra negli interventi di sensibilizzazione a livello nazionale da parte dei team di ambasciatrici e ambasciatori IGSU. \u00c8 stata svolta, tra le altre citt\u00e0, anche a Friburgo, Yverdon, Lugano e Zurigo.<\/p>\n                  <\/div>\n                              \n                                                            <div class=\"links-wrapper\">\n                                                                <div class=\"link-btn-primary-wrapper\">\n                          <a href=\"https:\/\/igsu.ch\" target=\"_blank\" class=\"link-btn-primary\">\n                            <span>igsu.ch<\/span>                          <\/a>\n                        <\/div>\n                                                            <\/div>\n                \n              \n                              <\/div>\n\n                  <div class=\"col-lg-5 col-xl-4 order-1\">\n            <div id=\"lightgallery_igsu\" class=\"thumb-wrapper\">\n              <a class=\"lb-item\" href=\"https:\/\/petrecycling.ch\/wp-content\/uploads\/2024\/09\/igsu_street_art_1-aspect-ratio-1080-1180.jpg\">\n                <img decoding=\"async\" class=\"img-fluid\" src=\"https:\/\/petrecycling.ch\/wp-content\/uploads\/2024\/09\/igsu_street_art_1-aspect-ratio-1080-1180.jpg\" alt=\"\">\n              <\/a>\n            <\/div>\n          <\/div>\n              <\/div>\n    <\/div>\n  <\/div>\n<\/div>\n\n\n<div id=\"swiss-recycle\" class=\"titel-text \n pt-big  pb-big  bg-fullwidth bg-white\" style=\"--sw-item-bg-color:#fff;\">\n      <div class=\"container-wrapper\">\n      <div class=\"container \">\n        <div class=\"row\">\n          <div class=\"offset-xl-1 col-lg-6\">\n                          <div class=\"top-title\">\n                Swiss Recycle              <\/div>\n                                      <h2 class=\"h2 text-secondary \">\n                <p><strong><i>Appuntament<\/i> da non perdere<\/strong><\/p>\n              <\/h2>\n                                      <div class=\"wysiwyg fs-body-text\">\n                <p>Swiss Recycle offre un\u2019ampia scelta di eventi, corsi e webinar. Sotto sono riportate alcune date.<\/p>\n<p><strong>05.11.2024 \u2013 Per azienda: <\/strong>Forum sull\u2019economia a ciclo chiuso per rappresentanti di categoria presso il Volkshaus Zu\u0308rich.<\/p>\n<p><strong>14.11.2024 \u2013 Per Comuni: <\/strong>Corso pratico \u2013 dalla gestione dei rifiuti all\u2019economia circolare nei Comuni<\/p>\n<p><strong>28.11.2024 \u2013 Per azienda e Comuni: <\/strong>Webinar \u2013 raccolta 2025 \/ RecyPac: dove si colloca il sistema di riciclaggio un anno dopo la sua fondazione?<\/p>\n              <\/div>\n                                      <div class=\"links\">\n                                                                            <div class=\"link-btn-primary-wrapper\">\n                        <a href=\"https:\/\/swissrecycle.ch\/it\/agenda\" class=\"link-btn-primary\">\n                          <span>Tutte le altre date e le relative informazioni<\/span>\n                        <\/a>\n                      <\/div>\n                                                                    <\/div>\n            \n          <\/div>\n        <\/div>\n      <\/div>\n    <\/div>\n  <\/div>\n\n\n<div id=\"pet-recycling\" class=\"hero-slider \n\">\n\n      <div class=\"container-fluid custom-container-fluid\">\n      <div class=\"swiper\">\n        <div class=\"swiper-wrapper\">\n                                    <div class=\"swiper-slide\">\n                <div class=\"media-type-none type-bg-video-custom align-items-xl-center   \" >\n                                    <div class=\"container slide-content-wrapper\">\n                    <div class=\"row align-items-center\">\n                                              <div class=\"col-xl-5 offset-xl-1\">\n                                                      <div class=\"headline-wrapper d-flex flex-column-reverse\">\n                                                              <h2 class=\"h2 heading-highlight d-xl-none\"><span class=\"highlight \"><strong>si pu\u00f2 ascoltare musica in streaming per 114 minuti.<\/strong><\/span><\/h2>\n                                                                                            <div class=\"top-title text-white  d-xl-none\">\n                                  Con l\u2019energia risparmiata con il riciclaggio di una bottiglia in PET                                <\/div>\n                                                          <\/div>\n                                                    <div class=\"video-wrapper\">\n                            <video loop muted autoplay playsinline webkit-playinginline>\n                              <source src=\"https:\/\/petrecycling.ch\/wp-content\/uploads\/2024\/05\/01_04_PRS_Kampagne_2024_Realisation_Slider_01-1.mp4\" type=\"video\/mp4; codecs=&quot;hvc1&quot;\">\n                                                              <source src=\"https:\/\/petrecycling.ch\/wp-content\/uploads\/2024\/05\/01_04_PRS_Kampagne_2024_Realisation_Slider_01-1.webm\" type=\"video\/webm\">\n                                                          <\/video>\n                          <\/div>\n                        <\/div>\n                                            <div class=\"text-col col-md-8 col-lg-6 col-xl-5 offset-xl-1 \">\n                                                  <div class=\"headline-wrapper d-flex flex-column-reverse\">\n                                                          <h2 class=\"h2 heading-highlight  d-none d-xl-block\"><span class=\"highlight \"><strong>si pu\u00f2 ascoltare musica in streaming per 114 minuti.<\/strong><\/span><\/h2>\n                                                                                      <div class=\"top-title text-white d-none d-xl-block \">\n                                Con l\u2019energia risparmiata con il riciclaggio di una bottiglia in PET                              <\/div>\n                                                      <\/div>\n                                                                          <div class=\"wysiwyg fs-body-text fw-semi-bold text-white\">\n                            Ogni bottiglia conta. Quanta energia hai gi\u00e0 risparmiato?                          <\/div>\n                                                \n                          <div class=\"links-wrapper\">\n                                                                                          <div class=\"link-wrapper arrow-link-big-wrapper\">\n                                  <a class=\"arrow-link-big arrow-link-big-light\" href=\"https:\/\/pet.ch\" target=\"_blank\">\n                                    <span>Calcola ora e vinci fantastici premi!<\/span><?xml version=\"1.0\"?>\n<svg xmlns=\"http:\/\/www.w3.org\/2000\/svg\" width=\"34.297\" height=\"36.609\" viewBox=\"0 0 34.297 36.609\" class=\"icon pet_icons_rgb_rz_pos_chevrons_right_small-icon \" aria-hidden=\"true\" role=\"presentation\">\n  <path id=\"Pfad_17816\" data-name=\"Pfad 17816\" d=\"M36.608,0,18.3,11.4,0,0V7.929l18.3,11.4,18.3-11.4Z\" transform=\"translate(0 36.608) rotate(-90)\" fill=\"#faf500\"\/>\n  <path id=\"Pfad_17817\" data-name=\"Pfad 17817\" d=\"M36.608,0,18.3,11.4,0,0V7.929l18.3,11.4,18.3-11.4Z\" transform=\"translate(14.969 36.609) rotate(-90)\" fill=\"#faf500\"\/>\n<\/svg>\n                                  <\/a>\n                                <\/div>\n                                                                                    <\/div>\n                                              <\/div>\n                    <\/div>\n                  <\/div>\n                <\/div>\n              <\/div>\n                              <\/div>\n\n              <\/div>\n    <\/div>\n  <\/div>\n\n\n<div id=\"text-bild-block_6c225af256c4ce0ee30f1c723a28b1c3\" class=\"text-bild \n pt-big  pb-big   image-right bg-fullwidth bg-white\" style=\"--sw-item-bg-color:#fff;\">\n  <div class=\"container-wrapper\">\n    <div class=\"container \">\n      <div class=\"row\">\n        <div class=\"col-lg-6 col-xl-6 offset-xl-1  col-text\">\n                                <h2 class=\"h2 text-secondary\">\n              <strong><i>PET-Recycling Schweiz e Vitamin Well<\/i> al Migros Hiking Sounds Festival<\/strong>            <\/h2>\n          \n                                                                      <h3 class=\"h3\">Il Tour de Suisse musicale ha permesso di respirare aria montana e scoprire dettagli interessanti su Vitamin Well e sul riciclaggio del PET.<\/h3>\n                              \n                                                            <div class=\"content-item text wysiwyg fs-body-text\">\n                    <p>PET-Recycling Schweiz e Vitamin Well \u2013 il marchio di bevande vitaminiche pi\u00f9 venduto in Svizzera \u2013 hanno presenziato insieme al Migros Hiking Sounds Festival che deve il suo nome al fatto che si svolge in apprezzate aree escursionistiche. Durante le 17 giornate di concerti, le spettatrici e gli spettatori hanno potuto provare l\u2019intero assortimento Vitamin Well scoprendo, tra le altre cose, la \u00abCampagna di risparmio energetico\u00bb promossa da PET Recycling Schweiz. La campagna ha evidenziato per quanti minuti si potrebbe viaggiare in seggiovia o navigare sul cellulare se venissero riciclate tutte le 32&#8217;940 bottiglie per bevande in PET distribuite da Vitamin Well durante il Migros Hiking Sounds Festival. Le nuove bevande dissetanti senza zucchero per uno stile di vita sano, Vitamin Well Zero, sono disponibili alla Migros. Le bottiglie per bevande Vitamin Well sono realizzate al 100 % in PET riciclato.<\/p>\n                  <\/div>\n                              \n                              <\/div>\n\n                  <div class=\"col-lg-5 col-xl-4 offset-lg-1\">\n            <div id=\"lightgallery_text-bild-block_6c225af256c4ce0ee30f1c723a28b1c3\" class=\"thumb-wrapper\">\n              <a class=\"lb-item\" href=\"https:\/\/petrecycling.ch\/wp-content\/uploads\/2024\/09\/petrecycling_vitaminwell_migros_hiking_sounds_festival-aspect-ratio-1080-1180.jpg\">\n                <img decoding=\"async\" class=\"img-fluid\" src=\"https:\/\/petrecycling.ch\/wp-content\/uploads\/2024\/09\/petrecycling_vitaminwell_migros_hiking_sounds_festival-aspect-ratio-1080-1180.jpg\" alt=\"\">\n              <\/a>\n            <\/div>\n          <\/div>\n              <\/div>\n    <\/div>\n  <\/div>\n<\/div>\n\n\n<div id=\"sammelstellen\" class=\"hero-slider \n\">\n\n      <div class=\"container-fluid custom-container-fluid\">\n      <div class=\"swiper\">\n        <div class=\"swiper-wrapper\">\n                                    <div class=\"swiper-slide\">\n                <div class=\"media-type-image-bottom type-bg-image align-items-xl-center type-bg-image-dark  \" style=\"background: url(https:\/\/petrecycling.ch\/wp-content\/uploads\/2024\/10\/PET-Recycling-Schweiz_PETflash-86_Hintergrund_5-aspect-ratio-1920-1080.jpg);background-blend-mode: multiply;\">\n                                    <div class=\"container slide-content-wrapper\">\n                    <div class=\"row align-items-center\">\n                                              <div class=\"col-xl-5 offset-xl-1 order-2 order-xl-1\">\n                          <div class=\"image-wrapper\">\n                            <img decoding=\"async\" class=\"img-fluid\" src=\"https:\/\/petrecycling.ch\/wp-content\/uploads\/2024\/10\/PET-Recycling-Schweiz_PETflash-86_Kleber-Box_i-2-aspect-ratio-1000-1150.png\" alt=\"\" loading=\"lazy\">\n                          <\/div>\n                        <\/div>\n                                            <div class=\"text-col col-md-8 col-lg-6 col-xl-5 offset-xl-1 order-1 order-xl-2\">\n                                                  <div class=\"headline-wrapper d-flex flex-column-reverse\">\n                                                          <h2 class=\"h2 underlined  \"><span class=\"fw-bold text-white\"><strong>Pimp it up<\/strong><\/span><\/h2>\n                                                                                      <div class=\"top-title text-white  \">\n                                Punti di raccolta                              <\/div>\n                                                      <\/div>\n                                                                          <div class=\"wysiwyg fs-body-text fw-semi-bold text-white\">\n                            Come ringraziamento per tutti i punti di raccolta: ordinate subito gratuitamente on-line i nuovi adesivi con le comparazioni energetiche per i vostri box per la raccolta di PET affinch\u00e9 tutti possano scoprire quanta energia viene risparmiata riciclando una bottiglia per bevande in PET.                          <\/div>\n                                                \n                          <div class=\"links-wrapper\">\n                                                                                          <div class=\"link-wrapper arrow-link-big-wrapper\">\n                                  <a class=\"arrow-link-big arrow-link-big-light\" href=\"https:\/\/petrecycling.ch\/it\/tutela-dell-ambiente\/check-energetico\/#adesivo\" target=\"_self\">\n                                    <span>Per ordinazione e maggiori informazioni<\/span><?xml version=\"1.0\"?>\n<svg xmlns=\"http:\/\/www.w3.org\/2000\/svg\" width=\"34.297\" height=\"36.609\" viewBox=\"0 0 34.297 36.609\" class=\"icon pet_icons_rgb_rz_pos_chevrons_right_small-icon \" aria-hidden=\"true\" role=\"presentation\">\n  <path id=\"Pfad_17816\" data-name=\"Pfad 17816\" d=\"M36.608,0,18.3,11.4,0,0V7.929l18.3,11.4,18.3-11.4Z\" transform=\"translate(0 36.608) rotate(-90)\" fill=\"#faf500\"\/>\n  <path id=\"Pfad_17817\" data-name=\"Pfad 17817\" d=\"M36.608,0,18.3,11.4,0,0V7.929l18.3,11.4,18.3-11.4Z\" transform=\"translate(14.969 36.609) rotate(-90)\" fill=\"#faf500\"\/>\n<\/svg>\n                                  <\/a>\n                                <\/div>\n                                                                                    <\/div>\n                                              <\/div>\n                    <\/div>\n                  <\/div>\n                <\/div>\n              <\/div>\n                                                <div class=\"swiper-slide\">\n                <div class=\"media-type-image type-bg-image align-items-xl-center type-bg-image-dark  \" style=\"background: url(https:\/\/petrecycling.ch\/wp-content\/uploads\/2024\/10\/PET-Recycling-Schweiz_PETflash-86_Hintergrund_4-aspect-ratio-1920-1080.jpg);background-blend-mode: multiply;\">\n                                    <div class=\"container slide-content-wrapper\">\n                    <div class=\"row align-items-center\">\n                                              <div class=\"col-xl-5 offset-xl-1 \">\n                          <div class=\"image-wrapper\">\n                            <img decoding=\"async\" class=\"img-fluid\" src=\"https:\/\/petrecycling.ch\/wp-content\/uploads\/2024\/10\/PET-Recycling-Schweiz_PETflash-86_Saecke-aspect-ratio-1000-1000.png\" alt=\"\" loading=\"lazy\">\n                          <\/div>\n                        <\/div>\n                                            <div class=\"text-col col-md-8 col-lg-6 col-xl-5 offset-xl-1 \">\n                                                  <div class=\"headline-wrapper d-flex flex-column-reverse\">\n                                                          <h2 class=\"h2 underlined  \"><span class=\"fw-bold text-white\"><strong>Ritiro dei sacchi <i>PET<\/i> pieni<\/strong><\/span><\/h2>\n                                                                                  <\/div>\n                                                                          <div class=\"wysiwyg fs-body-text fw-semi-bold text-white\">\n                            Affinch\u00e9 le bottiglie per bevande in PET raccolte possano essere conteggiate per il relativo certificato ambientale, entro la met\u00e0 di dicembre i sacchi pieni devono essere ritirati dai partner addetti al trasporto. Il certificato ambientale specifica quante bottiglie per bevande in PET sono state raccolte dal rispettivo punto di raccolta e quante emissioni di CO2 sono state risparmiate.                          <\/div>\n                                                                      <\/div>\n                    <\/div>\n                  <\/div>\n                <\/div>\n              <\/div>\n                                                <div class=\"swiper-slide\">\n                <div class=\"media-type-image type-bg-image align-items-xl-center type-bg-image-dark  \" style=\"background: url(https:\/\/petrecycling.ch\/wp-content\/uploads\/2024\/10\/PET-Recycling-Schweiz_PETflash-86_Hintergrund_3-aspect-ratio-1920-1080.jpg);background-blend-mode: multiply;\">\n                                    <div class=\"container slide-content-wrapper\">\n                    <div class=\"row align-items-center\">\n                                              <div class=\"col-xl-5 offset-xl-1 \">\n                          <div class=\"image-wrapper\">\n                            <img decoding=\"async\" class=\"img-fluid\" src=\"https:\/\/petrecycling.ch\/wp-content\/uploads\/2024\/10\/still-life-bird-silo_2000x.jpg-aspect-ratio-1000-1000.webp\" alt=\"\" loading=\"lazy\">\n                          <\/div>\n                        <\/div>\n                                            <div class=\"text-col col-md-8 col-lg-6 col-xl-5 offset-xl-1 \">\n                                                  <div class=\"headline-wrapper d-flex flex-column-reverse\">\n                                                          <h2 class=\"h2 underlined  \"><span class=\"fw-bold text-white\"><strong>Bird Silo<\/strong><\/span><\/h2>\n                                                                                      <div class=\"top-title text-white  \">\n                                PET-\u00e0-Porter                              <\/div>\n                                                      <\/div>\n                                                                          <div class=\"wysiwyg fs-body-text fw-semi-bold text-white\">\n                            Mangiatoia per uccelli in polipropilene riciclato con corda realizzata con bottiglie in PET riciclate.                          <\/div>\n                                                \n                          <div class=\"links-wrapper\">\n                                                                                          <div class=\"link-wrapper arrow-link-big-wrapper\">\n                                  <a class=\"arrow-link-big arrow-link-big-light\" href=\"https:\/\/manufaktum.ch\" target=\"_blank\">\n                                    <span>manufaktum.ch<\/span><?xml version=\"1.0\"?>\n<svg xmlns=\"http:\/\/www.w3.org\/2000\/svg\" width=\"34.297\" height=\"36.609\" viewBox=\"0 0 34.297 36.609\" class=\"icon pet_icons_rgb_rz_pos_chevrons_right_small-icon \" aria-hidden=\"true\" role=\"presentation\">\n  <path id=\"Pfad_17816\" data-name=\"Pfad 17816\" d=\"M36.608,0,18.3,11.4,0,0V7.929l18.3,11.4,18.3-11.4Z\" transform=\"translate(0 36.608) rotate(-90)\" fill=\"#faf500\"\/>\n  <path id=\"Pfad_17817\" data-name=\"Pfad 17817\" d=\"M36.608,0,18.3,11.4,0,0V7.929l18.3,11.4,18.3-11.4Z\" transform=\"translate(14.969 36.609) rotate(-90)\" fill=\"#faf500\"\/>\n<\/svg>\n                                  <\/a>\n                                <\/div>\n                                                                                    <\/div>\n                                              <\/div>\n                    <\/div>\n                  <\/div>\n                <\/div>\n              <\/div>\n                                                <div class=\"swiper-slide\">\n                <div class=\"media-type-image type-bg-image align-items-xl-center type-bg-image-dark  \" style=\"background: url(https:\/\/petrecycling.ch\/wp-content\/uploads\/2024\/10\/PET-Recycling-Schweiz_PETflash-86_Hintergrund_2-aspect-ratio-1920-1080.jpg);background-blend-mode: multiply;\">\n                                    <div class=\"container slide-content-wrapper\">\n                    <div class=\"row align-items-center\">\n                                              <div class=\"col-xl-5 offset-xl-1 \">\n                          <div class=\"image-wrapper\">\n                            <img decoding=\"async\" class=\"img-fluid\" src=\"https:\/\/petrecycling.ch\/wp-content\/uploads\/2024\/09\/wau_hundekoerbchen-aspect-ratio-1000-1000.png\" alt=\"\" loading=\"lazy\">\n                          <\/div>\n                        <\/div>\n                                            <div class=\"text-col col-md-8 col-lg-6 col-xl-5 offset-xl-1 \">\n                                                  <div class=\"headline-wrapper d-flex flex-column-reverse\">\n                                                          <h2 class=\"h2 underlined  \"><span class=\"fw-bold text-white\"><strong>Wow!<\/strong><\/span><\/h2>\n                                                                                      <div class=\"top-title text-white  \">\n                                PET-\u00e0-Porter                              <\/div>\n                                                      <\/div>\n                                                                          <div class=\"wysiwyg fs-body-text fw-semi-bold text-white\">\n                            Il nome lo svela: l\u2019imbottitura e il rivestimento del lettino per cani \u00abRecycling Lounge\u00bb sono realizzati con 80 fino a 250 bottiglie in PET riciclate. Lavabile, morbidissimo, ecosostenibile \u2013 pet in PET.                          <\/div>\n                                                \n                          <div class=\"links-wrapper\">\n                                                                                          <div class=\"link-wrapper arrow-link-big-wrapper\">\n                                  <a class=\"arrow-link-big arrow-link-big-light\" href=\"https:\/\/zookakadu.ch\" target=\"_blank\">\n                                    <span>zookakadu.ch<\/span><?xml version=\"1.0\"?>\n<svg xmlns=\"http:\/\/www.w3.org\/2000\/svg\" width=\"34.297\" height=\"36.609\" viewBox=\"0 0 34.297 36.609\" class=\"icon pet_icons_rgb_rz_pos_chevrons_right_small-icon \" aria-hidden=\"true\" role=\"presentation\">\n  <path id=\"Pfad_17816\" data-name=\"Pfad 17816\" d=\"M36.608,0,18.3,11.4,0,0V7.929l18.3,11.4,18.3-11.4Z\" transform=\"translate(0 36.608) rotate(-90)\" fill=\"#faf500\"\/>\n  <path id=\"Pfad_17817\" data-name=\"Pfad 17817\" d=\"M36.608,0,18.3,11.4,0,0V7.929l18.3,11.4,18.3-11.4Z\" transform=\"translate(14.969 36.609) rotate(-90)\" fill=\"#faf500\"\/>\n<\/svg>\n                                  <\/a>\n                                <\/div>\n                                                                                    <\/div>\n                                              <\/div>\n                    <\/div>\n                  <\/div>\n                <\/div>\n              <\/div>\n                                                <div class=\"swiper-slide\">\n                <div class=\"media-type-image-bottom type-bg-image align-items-xl-center type-bg-image-dark  \" style=\"background: url(https:\/\/petrecycling.ch\/wp-content\/uploads\/2024\/10\/PET-Recycling-Schweiz_PETflash-86_Hintergrund_1-aspect-ratio-1920-1080.jpg);background-blend-mode: multiply;\">\n                                    <div class=\"container slide-content-wrapper\">\n                    <div class=\"row align-items-center\">\n                                              <div class=\"col-xl-5 offset-xl-1 order-2 order-xl-1\">\n                          <div class=\"image-wrapper\">\n                            <img decoding=\"async\" class=\"img-fluid\" src=\"https:\/\/petrecycling.ch\/wp-content\/uploads\/2024\/09\/pet-a-porter_two-thirds-aspect-ratio-1000-1150.png\" alt=\"\" loading=\"lazy\">\n                          <\/div>\n                        <\/div>\n                                            <div class=\"text-col col-md-8 col-lg-6 col-xl-5 offset-xl-1 order-1 order-xl-2\">\n                                                  <div class=\"headline-wrapper d-flex flex-column-reverse\">\n                                                          <h2 class=\"h2 underlined  \"><span class=\"fw-bold text-white\"><strong>Two Thirds<\/strong><\/span><\/h2>\n                                                                                      <div class=\"top-title text-white  \">\n                                PET-\u00e0-Porter                              <\/div>\n                                                      <\/div>\n                                                                          <div class=\"wysiwyg fs-body-text fw-semi-bold text-white\">\n                            L\u2019azienda produce solo su preordine andando cos\u00ec controcorrente rispetto all\u2019industria della moda dove il 10-30 % di tutti i capi d\u2019abbigliamento rimane invenduto finendo spesso in discarica. TwoThirds produce in Europa ed \u00e8 stata insignita del marchio di sostenibilit\u00e0 C CorpTM.                          <\/div>\n                                                \n                          <div class=\"links-wrapper\">\n                                                                                          <div class=\"link-wrapper arrow-link-big-wrapper\">\n                                  <a class=\"arrow-link-big arrow-link-big-light\" href=\"https:\/\/twothirds.com\" target=\"_blank\">\n                                    <span>twothirds.com<\/span><?xml version=\"1.0\"?>\n<svg xmlns=\"http:\/\/www.w3.org\/2000\/svg\" width=\"34.297\" height=\"36.609\" viewBox=\"0 0 34.297 36.609\" class=\"icon pet_icons_rgb_rz_pos_chevrons_right_small-icon \" aria-hidden=\"true\" role=\"presentation\">\n  <path id=\"Pfad_17816\" data-name=\"Pfad 17816\" d=\"M36.608,0,18.3,11.4,0,0V7.929l18.3,11.4,18.3-11.4Z\" transform=\"translate(0 36.608) rotate(-90)\" fill=\"#faf500\"\/>\n  <path id=\"Pfad_17817\" data-name=\"Pfad 17817\" d=\"M36.608,0,18.3,11.4,0,0V7.929l18.3,11.4,18.3-11.4Z\" transform=\"translate(14.969 36.609) rotate(-90)\" fill=\"#faf500\"\/>\n<\/svg>\n                                  <\/a>\n                                <\/div>\n                                                                                    <\/div>\n                                              <\/div>\n                    <\/div>\n                  <\/div>\n                <\/div>\n              <\/div>\n                              <\/div>\n\n                  <div class=\"swiper-button-wrapper\">\n            <div class=\"container\">\n              <div class=\"swiper-button-prev\"><\/div>\n              <div class=\"swiper-button-next\"><\/div>\n            <\/div>\n          <\/div>\n          <div class=\"swiper-pagination\"><\/div>\n              <\/div>\n    <\/div>\n  <\/div>","protected":false},"template":"","petflash-kategorie":[175],"class_list":["post-35926","petflash","type-petflash","status-publish","hentry","petflash-kategorie-175"],"acf":[],"yoast_head":"<!-- This site is optimized with the Yoast SEO plugin v27.5 - https:\/\/yoast.com\/product\/yoast-seo-wordpress\/ -->\n<title>Nr 86 Autunno 2024 - PET-Recycling Schweiz<\/title>\n<meta name=\"robots\" content=\"index, follow, max-snippet:-1, max-image-preview:large, max-video-preview:-1\" \/>\n<link rel=\"canonical\" href=\"https:\/\/petrecycling.ch\/it\/petflash\/e-petflash\/nr-86-autunno-2024\/\" \/>\n<meta property=\"og:locale\" content=\"it_IT\" \/>\n<meta property=\"og:type\" content=\"article\" \/>\n<meta property=\"og:title\" content=\"PETflash 86: Nuovo attore forte nel riciclaggio del PET\" \/>\n<meta property=\"og:description\" content=\"\u00c8 stato inaugurato un nuovo impianto di riciclaggio del PET. Il moderno estrusore per granulato di PET \u2013 un investimento milionario di RecyPET AG con sede a Frauenfeld \u2013 snellir\u00e0 ulteriormente il ciclo del PET. \u00c8 ai blocchi di partenza RecyPac, la nuova soluzione svizzera per il riciclaggio di imballaggi in plastica e cartoni per bevande.\" \/>\n<meta property=\"og:url\" content=\"https:\/\/petrecycling.ch\/it\/petflash\/e-petflash\/nr-86-autunno-2024\/\" \/>\n<meta property=\"og:site_name\" content=\"PET-Recycling Schweiz\" \/>\n<meta property=\"article:publisher\" content=\"https:\/\/www.facebook.com\/petrecyclingschweiz\/\" \/>\n<meta property=\"article:modified_time\" content=\"2024-10-22T12:29:49+00:00\" \/>\n<meta property=\"og:image\" content=\"https:\/\/petrecycling.ch\/wp-content\/uploads\/2024\/09\/Cover_PETflash-86_it-1024x1024.jpg\" \/>\n\t<meta property=\"og:image:width\" content=\"1024\" \/>\n\t<meta property=\"og:image:height\" content=\"1024\" \/>\n\t<meta property=\"og:image:type\" content=\"image\/jpeg\" \/>\n<meta name=\"twitter:card\" content=\"summary_large_image\" \/>\n<script type=\"application\/ld+json\" class=\"yoast-schema-graph\">{\"@context\":\"https:\\\/\\\/schema.org\",\"@graph\":[{\"@type\":\"WebPage\",\"@id\":\"https:\\\/\\\/petrecycling.ch\\\/it\\\/petflash\\\/e-petflash\\\/nr-86-autunno-2024\\\/\",\"url\":\"https:\\\/\\\/petrecycling.ch\\\/it\\\/petflash\\\/e-petflash\\\/nr-86-autunno-2024\\\/\",\"name\":\"Nr 86 Autunno 2024 - PET-Recycling Schweiz\",\"isPartOf\":{\"@id\":\"https:\\\/\\\/petrecycling.ch\\\/it\\\/#website\"},\"datePublished\":\"2024-09-16T08:31:04+00:00\",\"dateModified\":\"2024-10-22T12:29:49+00:00\",\"breadcrumb\":{\"@id\":\"https:\\\/\\\/petrecycling.ch\\\/it\\\/petflash\\\/e-petflash\\\/nr-86-autunno-2024\\\/#breadcrumb\"},\"inLanguage\":\"it-IT\",\"potentialAction\":[{\"@type\":\"ReadAction\",\"target\":[\"https:\\\/\\\/petrecycling.ch\\\/it\\\/petflash\\\/e-petflash\\\/nr-86-autunno-2024\\\/\"]}]},{\"@type\":\"BreadcrumbList\",\"@id\":\"https:\\\/\\\/petrecycling.ch\\\/it\\\/petflash\\\/e-petflash\\\/nr-86-autunno-2024\\\/#breadcrumb\",\"itemListElement\":[{\"@type\":\"ListItem\",\"position\":1,\"name\":\"Startseite\",\"item\":\"https:\\\/\\\/petrecycling.ch\\\/it\\\/\"},{\"@type\":\"ListItem\",\"position\":2,\"name\":\"PETflash\",\"item\":\"https:\\\/\\\/petrecycling.ch\\\/it\\\/petflash\\\/e-petflash\\\/\"},{\"@type\":\"ListItem\",\"position\":3,\"name\":\"Nr 86 Autunno 2024\"}]},{\"@type\":\"WebSite\",\"@id\":\"https:\\\/\\\/petrecycling.ch\\\/it\\\/#website\",\"url\":\"https:\\\/\\\/petrecycling.ch\\\/it\\\/\",\"name\":\"PET-Recycling Schweiz\",\"description\":\"Verein PRS PET-Recycling Schweiz \u00e8 stata fondata nel 1990 e si occupa della raccolta e del riciclaggio delle bottiglie per bevande in PET.\",\"publisher\":{\"@id\":\"https:\\\/\\\/petrecycling.ch\\\/it\\\/#organization\"},\"potentialAction\":[{\"@type\":\"SearchAction\",\"target\":{\"@type\":\"EntryPoint\",\"urlTemplate\":\"https:\\\/\\\/petrecycling.ch\\\/it\\\/?s={search_term_string}\"},\"query-input\":{\"@type\":\"PropertyValueSpecification\",\"valueRequired\":true,\"valueName\":\"search_term_string\"}}],\"inLanguage\":\"it-IT\"},{\"@type\":\"Organization\",\"@id\":\"https:\\\/\\\/petrecycling.ch\\\/it\\\/#organization\",\"name\":\"Verein PRS PET-Recycling Schweiz\",\"alternateName\":\"PET-Recycling Schweiz\",\"url\":\"https:\\\/\\\/petrecycling.ch\\\/it\\\/\",\"logo\":{\"@type\":\"ImageObject\",\"inLanguage\":\"it-IT\",\"@id\":\"https:\\\/\\\/petrecycling.ch\\\/it\\\/#\\\/schema\\\/logo\\\/image\\\/\",\"url\":\"https:\\\/\\\/petrecycling.ch\\\/wp-content\\\/uploads\\\/2023\\\/07\\\/PET_large_rgb.webp\",\"contentUrl\":\"https:\\\/\\\/petrecycling.ch\\\/wp-content\\\/uploads\\\/2023\\\/07\\\/PET_large_rgb.webp\",\"width\":1197,\"height\":1197,\"caption\":\"Verein PRS PET-Recycling Schweiz\"},\"image\":{\"@id\":\"https:\\\/\\\/petrecycling.ch\\\/it\\\/#\\\/schema\\\/logo\\\/image\\\/\"},\"sameAs\":[\"https:\\\/\\\/www.facebook.com\\\/petrecyclingschweiz\\\/\",\"https:\\\/\\\/www.linkedin.com\\\/company\\\/pet-recycling-schweiz\\\/\",\"https:\\\/\\\/www.tiktok.com\\\/@prs_petrecycling.ch\"]}]}<\/script>\n<!-- \/ Yoast SEO plugin. -->","yoast_head_json":{"title":"Nr 86 Autunno 2024 - PET-Recycling Schweiz","robots":{"index":"index","follow":"follow","max-snippet":"max-snippet:-1","max-image-preview":"max-image-preview:large","max-video-preview":"max-video-preview:-1"},"canonical":"https:\/\/petrecycling.ch\/it\/petflash\/e-petflash\/nr-86-autunno-2024\/","og_locale":"it_IT","og_type":"article","og_title":"PETflash 86: Nuovo attore forte nel riciclaggio del PET","og_description":"\u00c8 stato inaugurato un nuovo impianto di riciclaggio del PET. Il moderno estrusore per granulato di PET \u2013 un investimento milionario di RecyPET AG con sede a Frauenfeld \u2013 snellir\u00e0 ulteriormente il ciclo del PET. \u00c8 ai blocchi di partenza RecyPac, la nuova soluzione svizzera per il riciclaggio di imballaggi in plastica e cartoni per bevande.","og_url":"https:\/\/petrecycling.ch\/it\/petflash\/e-petflash\/nr-86-autunno-2024\/","og_site_name":"PET-Recycling Schweiz","article_publisher":"https:\/\/www.facebook.com\/petrecyclingschweiz\/","article_modified_time":"2024-10-22T12:29:49+00:00","og_image":[{"width":1024,"height":1024,"url":"https:\/\/petrecycling.ch\/wp-content\/uploads\/2024\/09\/Cover_PETflash-86_it-1024x1024.jpg","type":"image\/jpeg"}],"twitter_card":"summary_large_image","schema":{"@context":"https:\/\/schema.org","@graph":[{"@type":"WebPage","@id":"https:\/\/petrecycling.ch\/it\/petflash\/e-petflash\/nr-86-autunno-2024\/","url":"https:\/\/petrecycling.ch\/it\/petflash\/e-petflash\/nr-86-autunno-2024\/","name":"Nr 86 Autunno 2024 - PET-Recycling Schweiz","isPartOf":{"@id":"https:\/\/petrecycling.ch\/it\/#website"},"datePublished":"2024-09-16T08:31:04+00:00","dateModified":"2024-10-22T12:29:49+00:00","breadcrumb":{"@id":"https:\/\/petrecycling.ch\/it\/petflash\/e-petflash\/nr-86-autunno-2024\/#breadcrumb"},"inLanguage":"it-IT","potentialAction":[{"@type":"ReadAction","target":["https:\/\/petrecycling.ch\/it\/petflash\/e-petflash\/nr-86-autunno-2024\/"]}]},{"@type":"BreadcrumbList","@id":"https:\/\/petrecycling.ch\/it\/petflash\/e-petflash\/nr-86-autunno-2024\/#breadcrumb","itemListElement":[{"@type":"ListItem","position":1,"name":"Startseite","item":"https:\/\/petrecycling.ch\/it\/"},{"@type":"ListItem","position":2,"name":"PETflash","item":"https:\/\/petrecycling.ch\/it\/petflash\/e-petflash\/"},{"@type":"ListItem","position":3,"name":"Nr 86 Autunno 2024"}]},{"@type":"WebSite","@id":"https:\/\/petrecycling.ch\/it\/#website","url":"https:\/\/petrecycling.ch\/it\/","name":"PET-Recycling Schweiz","description":"Verein PRS PET-Recycling Schweiz \u00e8 stata fondata nel 1990 e si occupa della raccolta e del riciclaggio delle bottiglie per bevande in PET.","publisher":{"@id":"https:\/\/petrecycling.ch\/it\/#organization"},"potentialAction":[{"@type":"SearchAction","target":{"@type":"EntryPoint","urlTemplate":"https:\/\/petrecycling.ch\/it\/?s={search_term_string}"},"query-input":{"@type":"PropertyValueSpecification","valueRequired":true,"valueName":"search_term_string"}}],"inLanguage":"it-IT"},{"@type":"Organization","@id":"https:\/\/petrecycling.ch\/it\/#organization","name":"Verein PRS PET-Recycling Schweiz","alternateName":"PET-Recycling Schweiz","url":"https:\/\/petrecycling.ch\/it\/","logo":{"@type":"ImageObject","inLanguage":"it-IT","@id":"https:\/\/petrecycling.ch\/it\/#\/schema\/logo\/image\/","url":"https:\/\/petrecycling.ch\/wp-content\/uploads\/2023\/07\/PET_large_rgb.webp","contentUrl":"https:\/\/petrecycling.ch\/wp-content\/uploads\/2023\/07\/PET_large_rgb.webp","width":1197,"height":1197,"caption":"Verein PRS PET-Recycling Schweiz"},"image":{"@id":"https:\/\/petrecycling.ch\/it\/#\/schema\/logo\/image\/"},"sameAs":["https:\/\/www.facebook.com\/petrecyclingschweiz\/","https:\/\/www.linkedin.com\/company\/pet-recycling-schweiz\/","https:\/\/www.tiktok.com\/@prs_petrecycling.ch"]}]}},"_links":{"self":[{"href":"https:\/\/petrecycling.ch\/it\/wp-json\/wp\/v2\/petflash\/35926","targetHints":{"allow":["GET"]}}],"collection":[{"href":"https:\/\/petrecycling.ch\/it\/wp-json\/wp\/v2\/petflash"}],"about":[{"href":"https:\/\/petrecycling.ch\/it\/wp-json\/wp\/v2\/types\/petflash"}],"wp:attachment":[{"href":"https:\/\/petrecycling.ch\/it\/wp-json\/wp\/v2\/media?parent=35926"}],"wp:term":[{"taxonomy":"petflash-kategorie","embeddable":true,"href":"https:\/\/petrecycling.ch\/it\/wp-json\/wp\/v2\/petflash-kategorie?post=35926"}],"curies":[{"name":"wp","href":"https:\/\/api.w.org\/{rel}","templated":true}]}}