{"id":7267,"date":"2023-01-31T14:58:28","date_gmt":"2023-01-31T13:58:28","guid":{"rendered":"https:\/\/petrecycling.ch\/le-cycle-suisse-du-pet\/produktion-und-abfuellung\/"},"modified":"2023-08-23T13:43:56","modified_gmt":"2023-08-23T11:43:56","slug":"production-et-embouteillage","status":"publish","type":"page","link":"https:\/\/petrecycling.ch\/fr\/le-cycle-suisse-du-pet\/production-et-embouteillage\/","title":{"rendered":"Production et embouteillage"},"content":{"rendered":"\n<div id=\"header-slider-block_e289a72f6d2536e986f808ff09cb8f75\" class=\"header-slider \n\">\n\n      <div class=\"swiper\">\n      <div class=\"swiper-wrapper\">\n                              <div class=\"swiper-slide\">\n              <div class=\"inner-type-bg-image  inner-type-bg-image-dark\" style=\"background: linear-gradient(#868677db 0, #ffffff 40%), url('https:\/\/petrecycling.ch\/wp-content\/uploads\/2023\/02\/PET-Recycling-Schweiz_Schweizer-PET-Kreislauf_Produktion-Abfuellung-aspect-ratio-1920-1080.jpg');background-blend-mode: multiply;\" >\n                <div class=\"container slide-content-wrapper\">\n                  <div class=\"row align-items-center\">\n                                        <div class=\"text-col col-md-8 col-lg-6 col-xl-5 offset-xl-1 \">\n                                              <h2 class=\"h2 heading-highlight \"><span class=\"highlight highlight-light\"><strong>Nouvelle<\/strong> <i>vie<\/i><\/span><\/h2>\n                                                                    <div class=\"wysiwyg fs-body-text fw-semi-bold text-white\">\n                          La derni\u00e8re \u00e9tape boucle le cycle. De nouvelles bouteilles \u00e0 boissons en PET sont produites \u00e0 partir du R-PET r\u00e9cup\u00e9r\u00e9. Les bouteilles \u00e0 boissons en PET vides donnent vie \u00e0 de nouvelles bouteilles.                        <\/div>\n                                                                    <div class=\"links-wrapper\">\n                          <button class=\"link-btn-scroll-down \" type=\"button\">\n                            <?xml version=\"1.0\"?>\n<svg xmlns=\"http:\/\/www.w3.org\/2000\/svg\" width=\"36.609\" height=\"34.297\" viewBox=\"0 0 36.609 34.297\" class=\"icon pet_icons_rgb_rz_pos_chevrons_down_small-icon \" aria-hidden=\"true\" role=\"presentation\">\n  <g id=\"Gruppe_7591\" data-name=\"Gruppe 7591\" transform=\"translate(-184.514 -616.156)\">\n    <path id=\"Pfad_17818\" data-name=\"Pfad 17818\" d=\"M36.608,0,18.3,11.4,0,0V7.929l18.3,11.4,18.3-11.4Z\" transform=\"translate(184.515 616.156)\" fill=\"#faf500\"\/>\n    <path id=\"Pfad_17819\" data-name=\"Pfad 17819\" d=\"M36.608,0,18.3,11.4,0,0V7.929l18.3,11.4,18.3-11.4Z\" transform=\"translate(184.514 631.125)\" fill=\"#faf500\"\/>\n  <\/g>\n<\/svg>\n                          <\/button>\n                        <\/div>\n                                          <\/div>\n                  <\/div>\n                <\/div>\n              <\/div>\n            <\/div>\n                        <\/div>\n\n\n\n          <\/div>\n  \n<\/div>\n\n\n<div id=\"gallery-teaser-bild-text-block_2903efc7539af0194b1bd6997e32537b\" class=\"gallery-teaser-bild-text \n bg-grey-light\">\n  <div class=\"container\">\n\n          <div class=\"row\">\n        <div class=\"offset-xl-1 col-xl-10\">\n          <h2 class=\"h2 text-secondary\">\n            <strong>La proc\u00e9dure<\/strong> <i>en<\/i> bref<br \/>\r\n          <\/h2>\n        <\/div>\n      <\/div>\n    \n    <div class=\"row\">\n      <div class=\"offset-xl-1 col-xl-10\">\n\n                  <div class=\"swiper gallery-swiper type-landscape\">\n            <div class=\"swiper-wrapper\">\n                              <div class=\"swiper-slide \">\n                  <div>\n                    \n                                          <div id=\"gallery-teaser-bild-text-block_2903efc7539af0194b1bd6997e32537b1-video-wrapper\" class=\"video-wrapper\">\n                        <video poster=\"https:\/\/petrecycling.ch\/wp-content\/uploads\/2023\/03\/PET-Recycling-Schweiz_Schweizer-PET-Kreislauf_Produktion-Schmelzen_01.jpg\">\n                          <source src=\"https:\/\/petrecycling.ch\/wp-content\/uploads\/2023\/03\/PET-Recycling-Schweiz_Schweizer-PET-Kreislauf_Produktion-Schmelzen_01.mp4\" type=\"video\/mp4\">\n                          Your browser does not support the video tag.\n                        <\/video>\n                        <div class=\"playpause\">\n                          <i class=\"fa-sharp fa-solid fa-circle-play\"><\/i>\n                        <\/div>\n                      <\/div>\n                                      <\/div>\n\n                                      <div class=\"text-wrapper \">\n                                                                    <h4 class=\"h3\">\n                          <strong>Fonte des mol\u00e9cules<\/strong>                        <\/h4>\n                                                                    <div class=\"text wysiwyg fs-body-text\">\n                          <p>\u00c0 des temp\u00e9ratures de 250\u00b0\u00a0C, les cha\u00eenes mol\u00e9culaires du PET deviennent si mobiles qu\u2019il en r\u00e9sulte une masse plastique visqueuse et mall\u00e9able \u00e0 souhait. Lors du refroidissement, les cha\u00eenes mol\u00e9culaires g\u00e8lent \u00e0 nouveau, et le plastique se solidifie dans la forme souhait\u00e9e. Cette proc\u00e9dure simple peut \u00eatre r\u00e9p\u00e9t\u00e9e plusieurs fois.<\/p>\n                        <\/div>\n                                          <\/div>\n                  \n                <\/div>\n                              <div class=\"swiper-slide \">\n                  <div>\n                    \n                                          <div id=\"gallery-teaser-bild-text-block_2903efc7539af0194b1bd6997e32537b2-video-wrapper\" class=\"video-wrapper\">\n                        <video poster=\"https:\/\/petrecycling.ch\/wp-content\/uploads\/2023\/02\/PET-Recycling-Schweiz_Schweizer-PET-Kreislauf_Produktion-Abfuellung_1.jpg\">\n                          <source src=\"https:\/\/petrecycling.ch\/wp-content\/uploads\/2023\/02\/PET-Recycling-Schweiz_Schweizer-PET-Kreislauf_Produktion-Abfuellung_1.mp4\" type=\"video\/mp4\">\n                          Your browser does not support the video tag.\n                        <\/video>\n                        <div class=\"playpause\">\n                          <i class=\"fa-sharp fa-solid fa-circle-play\"><\/i>\n                        <\/div>\n                      <\/div>\n                                      <\/div>\n\n                                      <div class=\"text-wrapper \">\n                                                                    <h4 class=\"h3\">\n                          <strong>Pr\u00e9formes maniables<\/strong>                        <\/h4>\n                                                                    <div class=\"text wysiwyg fs-body-text\">\n                          <p>Toujours dans l\u2019installation de recyclage, des pr\u00e9formes sont fabriqu\u00e9es \u00e0 partir des granul\u00e9s \u00e0 l\u2019aide de machines de moulage par injection.<\/p>\n                        <\/div>\n                                          <\/div>\n                  \n                <\/div>\n                              <div class=\"swiper-slide \">\n                  <div>\n                    \n                                          <div id=\"gallery-teaser-bild-text-block_2903efc7539af0194b1bd6997e32537b3-video-wrapper\" class=\"video-wrapper\">\n                        <video poster=\"https:\/\/petrecycling.ch\/wp-content\/uploads\/2023\/02\/PET-Recycling-Schweiz_Schweizer-PET-Kreislauf_Produktion-Abfuellung_2.jpg\">\n                          <source src=\"https:\/\/petrecycling.ch\/wp-content\/uploads\/2023\/02\/PET-Recycling-Schweiz_Schweizer-PET-Kreislauf_Produktion-Abfuellung_2.mp4\" type=\"video\/mp4\">\n                          Your browser does not support the video tag.\n                        <\/video>\n                        <div class=\"playpause\">\n                          <i class=\"fa-sharp fa-solid fa-circle-play\"><\/i>\n                        <\/div>\n                      <\/div>\n                                      <\/div>\n\n                                      <div class=\"text-wrapper \">\n                                                                    <h4 class=\"h3\">\n                          <strong>Diff\u00e9rentes tailles et couleurs<\/strong>                        <\/h4>\n                                                                    <div class=\"text wysiwyg fs-body-text\">\n                          <p>Les pr\u00e9formes sont produites en diff\u00e9rentes couleurs et tailles. Cela d\u00e9pend du fabricant de boissons pour lequel les pr\u00e9formes sont fabriqu\u00e9es.<\/p>\n                        <\/div>\n                                          <\/div>\n                  \n                <\/div>\n                              <div class=\"swiper-slide \">\n                  <div>\n                    \n                                          <div id=\"gallery-teaser-bild-text-block_2903efc7539af0194b1bd6997e32537b4-video-wrapper\" class=\"video-wrapper\">\n                        <video poster=\"https:\/\/petrecycling.ch\/wp-content\/uploads\/2023\/02\/PET-Recycling-Schweiz_Schweizer-PET-Kreislauf_Produktion-Abfuellung_3.jpg\">\n                          <source src=\"https:\/\/petrecycling.ch\/wp-content\/uploads\/2023\/02\/PET-Recycling-Schweiz_Schweizer-PET-Kreislauf_Produktion-Abfuellung_3.mp4\" type=\"video\/mp4\">\n                          Your browser does not support the video tag.\n                        <\/video>\n                        <div class=\"playpause\">\n                          <i class=\"fa-sharp fa-solid fa-circle-play\"><\/i>\n                        <\/div>\n                      <\/div>\n                                      <\/div>\n\n                                      <div class=\"text-wrapper \">\n                                                                    <h4 class=\"h3\">\n                          <strong>Petites et \u00e9cologiques<\/strong>                        <\/h4>\n                                                                    <div class=\"text wysiwyg fs-body-text\">\n                          <p>Les pr\u00e9formes sont renvoy\u00e9es aux embouteilleurs. Elles ne prennent que peu de place, ce qui permet de r\u00e9duire de mani\u00e8re significative le nombre de transports.<\/p>\n                        <\/div>\n                                          <\/div>\n                  \n                <\/div>\n                              <div class=\"swiper-slide \">\n                  <div>\n                    \n                                          <div id=\"gallery-teaser-bild-text-block_2903efc7539af0194b1bd6997e32537b5-video-wrapper\" class=\"video-wrapper\">\n                        <video poster=\"https:\/\/petrecycling.ch\/wp-content\/uploads\/2023\/02\/PET-Recycling-Schweiz_Schweizer-PET-Kreislauf_Produktion-Abfuellung_4.jpg\">\n                          <source src=\"https:\/\/petrecycling.ch\/wp-content\/uploads\/2023\/02\/PET-Recycling-Schweiz_Schweizer-PET-Kreislauf_Produktion-Abfuellung_4.mp4\" type=\"video\/mp4\">\n                          Your browser does not support the video tag.\n                        <\/video>\n                        <div class=\"playpause\">\n                          <i class=\"fa-sharp fa-solid fa-circle-play\"><\/i>\n                        <\/div>\n                      <\/div>\n                                      <\/div>\n\n                                      <div class=\"text-wrapper \">\n                                                                    <h4 class=\"h3\">\n                          <strong>Soufflage et remplissage<\/strong>                        <\/h4>\n                                                                    <div class=\"text wysiwyg fs-body-text\">\n                          <p>Chez l\u2019embouteilleur, les pr\u00e9formes sont souffl\u00e9es pour obtenir des bouteilles de la taille souhait\u00e9e, puis remplies. Les nouvelles bouteilles en R-PET sont ensuite commercialis\u00e9es, et le cycle recommence.<\/p>\n                        <\/div>\n                                          <\/div>\n                  \n                <\/div>\n                          <\/div>\n\n            <div class=\"nav-wrapper position-space-beween\">\n              <div class=\"nav-wrapper-inner\">\n                <div class=\"pagination\">\n                  <div class=\"swiper-pagination\"><\/div>\n                <\/div>\n                <div class=\"navigation\">\n                  <div class=\"swiper-button-prev \"><\/div>\n                  <div class=\"swiper-button-next \"><\/div>\n                <\/div>\n              <\/div>\n            <\/div>\n          <\/div>\n\n        \n      <\/div>\n    <\/div>\n  <\/div>\n<\/div>\n\n\n<div id=\"teaser-text-bild-block_187c7ae5162e0b86bf83767a11e97fff\" class=\"teaser-text-bild \n bg-white image-right  has-overhang \">\n  <div class=\"container \">\n    <div class=\"row\">\n      <div class=\"col-lg-6 col-xl-6 offset-xl-1  col-text\">\n                  <h2 class=\"h2 text-secondary\">\n            <strong>La diversit\u00e9<\/strong> du R-PET          <\/h2>\n        \n                                                            <div class=\"content-item text wysiwyg fs-body-text\">\n                  <p>Outre de nouvelles bouteilles, le R-PET permet de produire des feuilles, des emballages et des rubans d\u2019emballage, mais aussi des textiles comme la maille polaire, du mat\u00e9riau de garnissage pour les coussins et des chaussures de sport. Avec le PET, il n\u2019y a pas de downrecycling.<\/p>\n                <\/div>\n                          \n                        <\/div>\n\n              <div class=\"col-lg-5 col-xl-4 offset-lg-1\">\n          <div id=\"lightgallery_teaser-text-bild-block_187c7ae5162e0b86bf83767a11e97fff\" class=\"thumb-wrapper\">\n            <a class=\"lb-item\" href=\"https:\/\/petrecycling.ch\/wp-content\/uploads\/2023\/02\/PET-Recycling-Schweiz_Schweizer-PET-Kreislauf_Produktion-Abfuellung_Vielfaeltigkeit-R-PET-aspect-ratio-1080-1180.jpg\">\n              <img decoding=\"async\" class=\"img-fluid\" src=\"https:\/\/petrecycling.ch\/wp-content\/uploads\/2023\/02\/PET-Recycling-Schweiz_Schweizer-PET-Kreislauf_Produktion-Abfuellung_Vielfaeltigkeit-R-PET-aspect-ratio-1080-1180.jpg\" alt=\"\">\n            <\/a>\n          <\/div>\n        <\/div>\n          <\/div>\n  <\/div>\n<\/div>\n\n\n<div id=\"arrows-block_aadff99047144a56a30386046501de94\" class=\"arrows \n \">\n  <div class=\"container\">\n    <div class=\"arrows-wrapper rellax bottom-left mobile-bottom-left\" data-rellax-speed=\"-2\" data-rellax-percentage=\"0.5\">\n      <?xml version=\"1.0\"?>\n<svg xmlns=\"http:\/\/www.w3.org\/2000\/svg\" width=\"210.202\" height=\"284.399\" viewBox=\"0 0 210.202 284.399\" class=\"icon arrows_down-icon \" aria-hidden=\"true\" role=\"presentation\">\n  <g id=\"Gruppe_7633\" data-name=\"Gruppe 7633\" transform=\"translate(-1269.798 -1863.546)\">\n    <g id=\"Gruppe_7521\" data-name=\"Gruppe 7521\" transform=\"translate(868.48 -178.269)\" opacity=\"0.8\" style=\"isolation: isolate\">\n      <path id=\"Pfad_17796\" data-name=\"Pfad 17796\" d=\"M210.2,0,105.1,65.449,0,0V45.528l105.1,65.449L210.2,45.528Z\" transform=\"translate(401.319 2041.815)\" fill=\"#fff\"\/>\n      <path id=\"Pfad_17795\" data-name=\"Pfad 17795\" d=\"M210.2,0,105.1,65.449,0,0V45.528l105.1,65.449L210.2,45.528Z\" transform=\"translate(401.317 2127.758)\" fill=\"#fff\"\/>\n      <path id=\"Pfad_17797\" data-name=\"Pfad 17797\" d=\"M210.2,0,105.1,65.449,0,0V45.528l105.1,65.449L210.2,45.528Z\" transform=\"translate(401.317 2215.237)\" fill=\"#fff\" style=\"mix-blend-mode: multiply;isolation: isolate\"\/>\n    <\/g>\n    <g id=\"Gruppe_7527\" data-name=\"Gruppe 7527\" transform=\"translate(868.48 -178.269)\" style=\"mix-blend-mode: multiply;isolation: isolate\">\n      <path id=\"Pfad_17796-2\" data-name=\"Pfad 17796\" d=\"M210.2,0,105.1,65.449,0,0V45.528l105.1,65.449L210.2,45.528Z\" transform=\"translate(401.319 2041.815)\" fill=\"#faf500\"\/>\n      <path id=\"Pfad_17795-2\" data-name=\"Pfad 17795\" d=\"M210.2,0,105.1,65.449,0,0V45.528l105.1,65.449L210.2,45.528Z\" transform=\"translate(401.317 2127.758)\" fill=\"#faf500\"\/>\n      <path id=\"Pfad_17797-2\" data-name=\"Pfad 17797\" d=\"M210.2,0,105.1,65.449,0,0V45.528l105.1,65.449L210.2,45.528Z\" transform=\"translate(401.317 2215.237)\" fill=\"#faf500\" style=\"mix-blend-mode: multiply;isolation: isolate\"\/>\n    <\/g>\n  <\/g>\n<\/svg>\n    <\/div>\n  <\/div>\n<\/div>\n\n\n<div id=\"teaser-text-bild-block_c1c1bb5d5aee51b2d6e5e9caba77a4ad\" class=\"teaser-text-bild \n bg-grey-light image-left \">\n  <div class=\"container \">\n    <div class=\"row\">\n      <div class=\"col-lg-6 col-xl-6 offset-lg-1 order-2  col-text\">\n                  <h2 class=\"h2 text-secondary\">\n            <strong>De la bouteille<\/strong> <i>au<\/i> sac          <\/h2>\n        \n                                                            <div class=\"content-item text wysiwyg fs-body-text\">\n                  <p>Francesco Rossi pr\u00e9sente sa derni\u00e8re cr\u00e9ation, son tr\u00e8s robuste sac shopping Lara, confectionn\u00e9 avec dix bouteilles en PET recycl\u00e9es, dans sa d\u00e9clinaison \u00abBlumenwiese\u00bb (pr\u00e9 en fleurs). Rossi s\u2019est fait un nom dans la production d\u2019accessoires durables. Sous le slogan \u00abI was a bottle\u00bb, l\u2019ancien architecte et couturier a lanc\u00e9 ses premiers sacs en PET usag\u00e9 d\u00e8s 2008.<\/p>\n                <\/div>\n                          \n                                                    <div class=\"links-wrapper\">\n                                                          <div class=\"link-btn-primary-wrapper\">\n                        <a href=\"https:\/\/rossis.com\/\" target=\"_blank\" class=\"link-btn-primary\">\n                          <span>D\u00e9couvre les sacs<\/span>                        <\/a>\n                      <\/div>\n                                                      <\/div>\n              \n            \n                        <\/div>\n\n              <div class=\"col-lg-5 col-xl-4 order-1\">\n          <div id=\"lightgallery_teaser-text-bild-block_c1c1bb5d5aee51b2d6e5e9caba77a4ad\" class=\"thumb-wrapper\">\n            <a class=\"lb-item\" href=\"https:\/\/petrecycling.ch\/wp-content\/uploads\/2023\/02\/PET-Recycling-Schweiz_Schweizer-PET-Kreislauf_Produktion-Abfuellung_Flasche-wird-Tasche-aspect-ratio-1080-1180.jpg\">\n              <img decoding=\"async\" class=\"img-fluid\" src=\"https:\/\/petrecycling.ch\/wp-content\/uploads\/2023\/02\/PET-Recycling-Schweiz_Schweizer-PET-Kreislauf_Produktion-Abfuellung_Flasche-wird-Tasche-aspect-ratio-1080-1180.jpg\" alt=\"\">\n            <\/a>\n          <\/div>\n        <\/div>\n          <\/div>\n  <\/div>\n<\/div>\n\n\n<div id=\"link-navigation-block_9060431d0306d5ba317866bc58b7a1aa\" class=\"link-navigation \n bg-grey-light\">\n      <div class=\"container custom-padding-big pt-0\">\n      <div class=\"row\">\n\n        <div class=\"offset-xl-1 col-xl-10\">\n          <div class=\"arrow-link-wrapper \">\n\n                          <a class=\"arrow-link arrow-link-prev\" href=\"https:\/\/petrecycling.ch\/fr\/le-cycle-suisse-du-pet\/recuperation-du-r-pet\/\" target=\"_self\">\n                <?xml version=\"1.0\"?>\n<svg xmlns=\"http:\/\/www.w3.org\/2000\/svg\" id=\"Komponente_105_3\" transform=\"scale(-1 1)\" data-name=\"Komponente 105 &#x2013; 3\" width=\"34.328\" height=\"33.608\" viewBox=\"0 0 34.328 33.608\" class=\"icon arrow_prev-icon \" aria-hidden=\"true\" role=\"presentation\">\n  <g id=\"Gruppe_7627\" data-name=\"Gruppe 7627\">\n    <path id=\"Pfad_17816\" data-name=\"Pfad 17816\" d=\"M33.608,0,16.8,11.4,0,0V7.929l16.8,11.4,16.8-11.4Z\" transform=\"translate(0 33.608) rotate(-90)\" fill=\"#629ef8\"\/>\n    <path id=\"Pfad_17817\" data-name=\"Pfad 17817\" d=\"M33.608,0,16.8,11.4,0,0V7.929l16.8,11.4,16.8-11.4Z\" transform=\"translate(15 33.608) rotate(-90)\" fill=\"#629ef8\"\/>\n  <\/g>\n<\/svg>\n\u00c9tape pr\u00e9c\u00e9dente du cycle              <\/a>\n            \n            \n          <\/div>\n        <\/div>\n\n      <\/div>\n    <\/div>\n  <\/div>","protected":false},"excerpt":{"rendered":"","protected":false},"author":1,"featured_media":0,"parent":7247,"menu_order":4,"comment_status":"closed","ping_status":"closed","template":"","meta":{"_acf_changed":false,"footnotes":""},"class_list":["post-7267","page","type-page","status-publish","hentry"],"acf":[],"yoast_head":"<!-- This site is optimized with the Yoast SEO plugin v27.5 - https:\/\/yoast.com\/product\/yoast-seo-wordpress\/ -->\n<title>Production et embouteillage - PET-Recycling Schweiz<\/title>\n<meta name=\"robots\" content=\"index, follow, max-snippet:-1, max-image-preview:large, max-video-preview:-1\" \/>\n<link rel=\"canonical\" href=\"https:\/\/petrecycling.ch\/fr\/le-cycle-suisse-du-pet\/production-et-embouteillage\/\" \/>\n<meta property=\"og:locale\" content=\"fr_FR\" \/>\n<meta property=\"og:type\" content=\"article\" \/>\n<meta property=\"og:title\" content=\"Production et embouteillage - PET-Recycling Schweiz\" \/>\n<meta property=\"og:url\" content=\"https:\/\/petrecycling.ch\/fr\/le-cycle-suisse-du-pet\/production-et-embouteillage\/\" \/>\n<meta property=\"og:site_name\" content=\"PET-Recycling Schweiz\" \/>\n<meta property=\"article:publisher\" content=\"https:\/\/www.facebook.com\/petrecyclingschweiz\/\" \/>\n<meta property=\"article:modified_time\" content=\"2023-08-23T11:43:56+00:00\" \/>\n<meta name=\"twitter:card\" content=\"summary_large_image\" \/>\n<script type=\"application\/ld+json\" class=\"yoast-schema-graph\">{\"@context\":\"https:\\\/\\\/schema.org\",\"@graph\":[{\"@type\":\"WebPage\",\"@id\":\"https:\\\/\\\/petrecycling.ch\\\/fr\\\/le-cycle-suisse-du-pet\\\/production-et-embouteillage\\\/\",\"url\":\"https:\\\/\\\/petrecycling.ch\\\/fr\\\/le-cycle-suisse-du-pet\\\/production-et-embouteillage\\\/\",\"name\":\"Production et embouteillage - PET-Recycling Schweiz\",\"isPartOf\":{\"@id\":\"https:\\\/\\\/petrecycling.ch\\\/fr\\\/#website\"},\"datePublished\":\"2023-01-31T13:58:28+00:00\",\"dateModified\":\"2023-08-23T11:43:56+00:00\",\"breadcrumb\":{\"@id\":\"https:\\\/\\\/petrecycling.ch\\\/fr\\\/le-cycle-suisse-du-pet\\\/production-et-embouteillage\\\/#breadcrumb\"},\"inLanguage\":\"fr-FR\",\"potentialAction\":[{\"@type\":\"ReadAction\",\"target\":[\"https:\\\/\\\/petrecycling.ch\\\/fr\\\/le-cycle-suisse-du-pet\\\/production-et-embouteillage\\\/\"]}]},{\"@type\":\"BreadcrumbList\",\"@id\":\"https:\\\/\\\/petrecycling.ch\\\/fr\\\/le-cycle-suisse-du-pet\\\/production-et-embouteillage\\\/#breadcrumb\",\"itemListElement\":[{\"@type\":\"ListItem\",\"position\":1,\"name\":\"Startseite\",\"item\":\"https:\\\/\\\/petrecycling.ch\\\/fr\\\/\"},{\"@type\":\"ListItem\",\"position\":2,\"name\":\"Le\u00a0cycle suisse des bouteilles \u00e0 boissons\u00a0en PET\",\"item\":\"https:\\\/\\\/petrecycling.ch\\\/fr\\\/le-cycle-suisse-du-pet\\\/\"},{\"@type\":\"ListItem\",\"position\":3,\"name\":\"Production et embouteillage\"}]},{\"@type\":\"WebSite\",\"@id\":\"https:\\\/\\\/petrecycling.ch\\\/fr\\\/#website\",\"url\":\"https:\\\/\\\/petrecycling.ch\\\/fr\\\/\",\"name\":\"PET-Recycling Schweiz\",\"description\":\"Verein PRS PET-Recycling Schweiz a \u00e9t\u00e9 fond\u00e9e en 1990 et s&#039;occupe de la collecte et du recyclage des bouteilles en PET pour boissons.\",\"publisher\":{\"@id\":\"https:\\\/\\\/petrecycling.ch\\\/fr\\\/#organization\"},\"potentialAction\":[{\"@type\":\"SearchAction\",\"target\":{\"@type\":\"EntryPoint\",\"urlTemplate\":\"https:\\\/\\\/petrecycling.ch\\\/fr\\\/?s={search_term_string}\"},\"query-input\":{\"@type\":\"PropertyValueSpecification\",\"valueRequired\":true,\"valueName\":\"search_term_string\"}}],\"inLanguage\":\"fr-FR\"},{\"@type\":\"Organization\",\"@id\":\"https:\\\/\\\/petrecycling.ch\\\/fr\\\/#organization\",\"name\":\"Verein PRS PET-Recycling Schweiz\",\"alternateName\":\"PET-Recycling Schweiz\",\"url\":\"https:\\\/\\\/petrecycling.ch\\\/fr\\\/\",\"logo\":{\"@type\":\"ImageObject\",\"inLanguage\":\"fr-FR\",\"@id\":\"https:\\\/\\\/petrecycling.ch\\\/fr\\\/#\\\/schema\\\/logo\\\/image\\\/\",\"url\":\"https:\\\/\\\/petrecycling.ch\\\/wp-content\\\/uploads\\\/2023\\\/07\\\/PET_large_rgb.webp\",\"contentUrl\":\"https:\\\/\\\/petrecycling.ch\\\/wp-content\\\/uploads\\\/2023\\\/07\\\/PET_large_rgb.webp\",\"width\":1197,\"height\":1197,\"caption\":\"Verein PRS PET-Recycling Schweiz\"},\"image\":{\"@id\":\"https:\\\/\\\/petrecycling.ch\\\/fr\\\/#\\\/schema\\\/logo\\\/image\\\/\"},\"sameAs\":[\"https:\\\/\\\/www.facebook.com\\\/petrecyclingschweiz\\\/\",\"https:\\\/\\\/www.linkedin.com\\\/company\\\/pet-recycling-schweiz\\\/\",\"https:\\\/\\\/www.tiktok.com\\\/@prs_petrecycling.ch\"]}]}<\/script>\n<!-- \/ Yoast SEO plugin. -->","yoast_head_json":{"title":"Production et embouteillage - PET-Recycling Schweiz","robots":{"index":"index","follow":"follow","max-snippet":"max-snippet:-1","max-image-preview":"max-image-preview:large","max-video-preview":"max-video-preview:-1"},"canonical":"https:\/\/petrecycling.ch\/fr\/le-cycle-suisse-du-pet\/production-et-embouteillage\/","og_locale":"fr_FR","og_type":"article","og_title":"Production et embouteillage - PET-Recycling Schweiz","og_url":"https:\/\/petrecycling.ch\/fr\/le-cycle-suisse-du-pet\/production-et-embouteillage\/","og_site_name":"PET-Recycling Schweiz","article_publisher":"https:\/\/www.facebook.com\/petrecyclingschweiz\/","article_modified_time":"2023-08-23T11:43:56+00:00","twitter_card":"summary_large_image","schema":{"@context":"https:\/\/schema.org","@graph":[{"@type":"WebPage","@id":"https:\/\/petrecycling.ch\/fr\/le-cycle-suisse-du-pet\/production-et-embouteillage\/","url":"https:\/\/petrecycling.ch\/fr\/le-cycle-suisse-du-pet\/production-et-embouteillage\/","name":"Production et embouteillage - PET-Recycling Schweiz","isPartOf":{"@id":"https:\/\/petrecycling.ch\/fr\/#website"},"datePublished":"2023-01-31T13:58:28+00:00","dateModified":"2023-08-23T11:43:56+00:00","breadcrumb":{"@id":"https:\/\/petrecycling.ch\/fr\/le-cycle-suisse-du-pet\/production-et-embouteillage\/#breadcrumb"},"inLanguage":"fr-FR","potentialAction":[{"@type":"ReadAction","target":["https:\/\/petrecycling.ch\/fr\/le-cycle-suisse-du-pet\/production-et-embouteillage\/"]}]},{"@type":"BreadcrumbList","@id":"https:\/\/petrecycling.ch\/fr\/le-cycle-suisse-du-pet\/production-et-embouteillage\/#breadcrumb","itemListElement":[{"@type":"ListItem","position":1,"name":"Startseite","item":"https:\/\/petrecycling.ch\/fr\/"},{"@type":"ListItem","position":2,"name":"Le\u00a0cycle suisse des bouteilles \u00e0 boissons\u00a0en PET","item":"https:\/\/petrecycling.ch\/fr\/le-cycle-suisse-du-pet\/"},{"@type":"ListItem","position":3,"name":"Production et embouteillage"}]},{"@type":"WebSite","@id":"https:\/\/petrecycling.ch\/fr\/#website","url":"https:\/\/petrecycling.ch\/fr\/","name":"PET-Recycling Schweiz","description":"Verein PRS PET-Recycling Schweiz a \u00e9t\u00e9 fond\u00e9e en 1990 et s&#039;occupe de la collecte et du recyclage des bouteilles en PET pour boissons.","publisher":{"@id":"https:\/\/petrecycling.ch\/fr\/#organization"},"potentialAction":[{"@type":"SearchAction","target":{"@type":"EntryPoint","urlTemplate":"https:\/\/petrecycling.ch\/fr\/?s={search_term_string}"},"query-input":{"@type":"PropertyValueSpecification","valueRequired":true,"valueName":"search_term_string"}}],"inLanguage":"fr-FR"},{"@type":"Organization","@id":"https:\/\/petrecycling.ch\/fr\/#organization","name":"Verein PRS PET-Recycling Schweiz","alternateName":"PET-Recycling Schweiz","url":"https:\/\/petrecycling.ch\/fr\/","logo":{"@type":"ImageObject","inLanguage":"fr-FR","@id":"https:\/\/petrecycling.ch\/fr\/#\/schema\/logo\/image\/","url":"https:\/\/petrecycling.ch\/wp-content\/uploads\/2023\/07\/PET_large_rgb.webp","contentUrl":"https:\/\/petrecycling.ch\/wp-content\/uploads\/2023\/07\/PET_large_rgb.webp","width":1197,"height":1197,"caption":"Verein PRS PET-Recycling Schweiz"},"image":{"@id":"https:\/\/petrecycling.ch\/fr\/#\/schema\/logo\/image\/"},"sameAs":["https:\/\/www.facebook.com\/petrecyclingschweiz\/","https:\/\/www.linkedin.com\/company\/pet-recycling-schweiz\/","https:\/\/www.tiktok.com\/@prs_petrecycling.ch"]}]}},"_links":{"self":[{"href":"https:\/\/petrecycling.ch\/fr\/wp-json\/wp\/v2\/pages\/7267","targetHints":{"allow":["GET"]}}],"collection":[{"href":"https:\/\/petrecycling.ch\/fr\/wp-json\/wp\/v2\/pages"}],"about":[{"href":"https:\/\/petrecycling.ch\/fr\/wp-json\/wp\/v2\/types\/page"}],"author":[{"embeddable":true,"href":"https:\/\/petrecycling.ch\/fr\/wp-json\/wp\/v2\/users\/1"}],"replies":[{"embeddable":true,"href":"https:\/\/petrecycling.ch\/fr\/wp-json\/wp\/v2\/comments?post=7267"}],"version-history":[{"count":6,"href":"https:\/\/petrecycling.ch\/fr\/wp-json\/wp\/v2\/pages\/7267\/revisions"}],"predecessor-version":[{"id":17506,"href":"https:\/\/petrecycling.ch\/fr\/wp-json\/wp\/v2\/pages\/7267\/revisions\/17506"}],"up":[{"embeddable":true,"href":"https:\/\/petrecycling.ch\/fr\/wp-json\/wp\/v2\/pages\/7247"}],"wp:attachment":[{"href":"https:\/\/petrecycling.ch\/fr\/wp-json\/wp\/v2\/media?parent=7267"}],"curies":[{"name":"wp","href":"https:\/\/api.w.org\/{rel}","templated":true}]}}