{"id":8429,"date":"2020-01-07T16:20:00","date_gmt":"2020-01-07T15:20:00","guid":{"rendered":"https:\/\/petrecycling.ch\/medienmitteilungen\/pet-recycling-an-allen-fronten-gestaerkt\/"},"modified":"2023-05-24T10:09:39","modified_gmt":"2023-05-24T08:09:39","slug":"le-recyclage-du-pet-renforce-sur-tous-les-fronts","status":"publish","type":"medienmitteilungen","link":"https:\/\/petrecycling.ch\/fr\/communiques-de-presse\/le-recyclage-du-pet-renforce-sur-tous-les-fronts\/","title":{"rendered":"Le recyclage du PET renforc\u00e9 sur tous les fronts"},"content":{"rendered":"\n<div id=\"text-block_4edd7349130da9ea5abf41ee88760a66\" class=\"text \n\">\n  <div class=\"fs-body-text wysiwyg\">\n    <div class=\"l_site_width l_site_width-narrow\">\n<p>Suite au d\u00e9veloppement du r\u00e9seau de points de collecte dans l\u2019espace public et \u00e0 la mise en service de l\u2019installation de valorisation du PET la plus moderne d\u2019Europe, le recyclage du PET suisse renforce encore son importance en 2019: la qualit\u00e9 du R-PET et la part de R-PET dans les bouteilles \u00e0 boissons ont poursuivi leur progression. Cet exploit repose sur le syst\u00e8me de collecte volontaire. L\u2019objectif \u00e0 pr\u00e9sent est d\u2019assurer la continuit\u00e9 de cette \u00e9volution positive dans les ann\u00e9es \u00e0 venir.<\/p>\n<\/div>\n  <\/div>\n<\/div>\n\n\n<div id=\"text-block_97365c47eb892a7a3467ecfbeade1264\" class=\"text \n pt-5\">\n  <div class=\"fs-body-text wysiwyg\">\n    <p>Alors que les espaces publics sont plus largement utilis\u00e9s, on voit cro\u00eetre le besoin de la population d\u2019\u00e9liminer correctement les bouteilles \u00e0 boissons en PET qui font l\u2019objet d\u2019une consommation itin\u00e9rante. Ce type de consommation, \u00e0 l\u2019origine circonscrit aux gares, s\u2019est largement g\u00e9n\u00e9ralis\u00e9. Les villes et les communes sont toujours plus nombreuses \u00e0 installer leurs propres stations de recyclage sur des places tr\u00e8s fr\u00e9quent\u00e9es. PET-Recycling Schweiz accompagne les villes et les communes dans l\u2019essaimage de ces stations de recyclage en leur proposant ses connaissances techniques et des mat\u00e9riaux d\u2019information. \u00abPour le recyclage du PET, on ne peut que saluer cette \u00e9volution inesp\u00e9r\u00e9e\u00bb, se r\u00e9jouit Jean-Claude W\u00fcrmli, directeur de PET-Recycling Schweiz. Les r\u00e9actions montrent que cette offre suppl\u00e9mentaire de recyclage est tr\u00e8s appr\u00e9ci\u00e9e. \u00abLes stations de recyclage renforcent le cercle vertueux\u00bb, r\u00e9sume Jean-Claude W\u00fcrmli. \u00abLa pr\u00e9sence renforc\u00e9e de la collecte s\u00e9par\u00e9e sensibilise la population \u00e0 l\u2019importance du recyclage. Ce sont toutes les fractions de mat\u00e9riaux valorisables qui, \u00e0 terme, en profitent.\u00bb<\/p>\n  <\/div>\n<\/div>\n\n\n<div id=\"bild-block_0a9c3948ee7f5cfe86ae08414a8bccc9\" class=\"bild \n pt-5 \">\n      <img decoding=\"async\" class=\"img-fluid\" src=\"https:\/\/petrecycling.ch\/wp-content\/uploads\/2023\/03\/PET-Recycling_Schweiz_Sammlung_PET-Sammlung_unterwegs_1-scaled-aspect-ratio-1712-950.jpeg\" alt=\"\" loading=\"lazy\">\n  <\/div>\n\n\n<div id=\"ueberschrift-block_e6780237bbc4ceb4b5b5fafa589b79d8\" class=\"ueberschrift \n pt-5\">\n\n  <h3>\n    Bilten est le nouveau centre de <strong>recyclage du PET<\/strong>  <\/h3>\n\n<\/div>\n\n\n<div id=\"text-block_657023efc8956a776ce659ea1c6d8af0\" class=\"text \n\">\n  <div class=\"fs-body-text wysiwyg\">\n    <p>Moins visible, mais au moins tout aussi importante, a \u00e9t\u00e9 la mise en service de la nouvelle installation de valorisation du PET \u00e0 Bilten (GL), en avril 2019. La nouvelle installation est nettement plus efficace en termes d\u2019\u00e9nergie, et le PET de recyclage qu\u2019elle fabrique se distingue \u00e0 peine du nouveau mat\u00e9riau. La nouvelle qualit\u00e9 a tout pour s\u00e9duire: en f\u00e9vrier d\u00e9j\u00e0, les mat\u00e9riaux disponibles pour l\u2019ann\u00e9e 2019 avaient \u00e9t\u00e9 vendus dans leur totalit\u00e9. La part moyenne de R-PET dans les bouteilles \u00e0 boissons en PET suisses a augment\u00e9, pensant de quelque 30 pour cent en d\u00e9but d\u2019ann\u00e9e \u00e0 pratiquement 40\u00a0pour cent fin 2019. Ce qui est particuli\u00e8rement r\u00e9jouissant, c\u2019est de voir qu\u2019en 2019, les premi\u00e8res bouteilles constitu\u00e9es \u00e0 100 pour cent de PET de recyclage sont apparues sur le march\u00e9. La Suisse a pu ainsi renforcer sa position de leader mondial dans l\u2019utilisation du R-PET. \u00c0 titre de comparaison: l\u2019Allemagne, qui occupe la 2<sup>e<\/sup> place, arrive aujourd\u2019hui \u00e0 un taux de r\u00e9utilisation de pr\u00e8s de 30 pour cent.<\/p>\n  <\/div>\n<\/div>\n\n\n<div id=\"ueberschrift-block_d2a37940b5e849e2d1749a02e28ac9b5\" class=\"ueberschrift \n pt-5\">\n\n  <h3>\n    Une r\u00e9ussite <strong>gr\u00e2ce au volontariat<\/strong>  <\/h3>\n\n<\/div>\n\n\n<div id=\"text-block_d9993c4de4c670d043c7be73200abad0\" class=\"text \n\">\n  <div class=\"fs-body-text wysiwyg\">\n    <p>\u00c0 la base de notre r\u00e9ussite se trouve le syst\u00e8me de PET-Recycling Schweiz, qui repose sur le volontariat. La prise en compte de l\u2019ensemble des acteurs de la cha\u00eene de cr\u00e9ation de valeur du PET favorise l\u2019innovation et cr\u00e9e du m\u00eame coup des structures stables. Ainsi se trouvent cr\u00e9\u00e9es les conditions permettant \u00e0 PET-Recycling Schweiz et \u00e0 ses partenaires du secteur priv\u00e9 de r\u00e9aliser sur une large \u00e9chelle des investissements importants dans le recyclage du PET. Pour Jean-Claude W\u00fcrmli, une conclusion nette s\u2019impose: \u00abL\u2019ann\u00e9e 2019 r\u00e9v\u00e8le clairement ce que nous pouvons atteindre par une action concert\u00e9e. Le syst\u00e8me de collecte volontaire est une success story suisse qu\u2019il convient de renforcer.\u00bb<\/p>\n  <\/div>\n<\/div>\n\n\n<div id=\"ueberschrift-block_8de3e599b2789133e9bafcc02526b292\" class=\"ueberschrift \n pt-5\">\n\n  <h3>\n    <strong>Contact<\/strong>  <\/h3>\n\n<\/div>\n\n\n<div id=\"text-block_04fbed15e16ad06285c29f65a079c59d\" class=\"text \n\">\n  <div class=\"fs-body-text wysiwyg\">\n    <p>Stefanie Brauchli<br \/>\nResponsable de la communication d\u2019entreprise PET-Recycling Schweiz<br \/>\nLigne directe: <a href=\"tel:+41443441098\">+41 44 344 10 98<\/a><br \/>\nE-mail: <a href=\"mailto:medien@prs.ch\" target=\"_blank\" rel=\"noopener\">medien@prs.ch<\/a><\/p>\n  <\/div>\n<\/div>\n\n\n<div id=\"ueberschrift-block_d8f1344a01ef147d2a6c8a7aa42c00f1\" class=\"ueberschrift \n pt-5\">\n\n  <h3>\n    <strong>Autres documents<\/strong>  <\/h3>\n\n<\/div>\n\n\n<div id=\"links-block_498f876259b26061ac0994a789c8956d\" class=\"links \n\">\n      <div class=\"links\">\n                        <div class=\"link-btn-primary-wrapper\">\n                          <a href=\"https:\/\/petrecycling.ch\/fr\/a-notre-propos\/medias-et-communication\/materiaux-iconographiques\/\" target=\"_self\" class=\"link-btn-primary\">\n                                  <span>\n                    Images en qualit\u00e9 d\u2019impression                  <\/span>\n                              <\/a>\n                      <\/div>\n                  <\/div>\n  \n<\/div>\n\n\n<div id=\"datei-block_ea1a43c4a9e6b98ce946db2fca3d9b06\" class=\"datei \n pt-5\">\n      <div class=\"download-item\">\n\n              <a href=\"https:\/\/petrecycling.ch\/wp-content\/uploads\/2020\/01\/PET-Recycling_Schweiz_Communique_de_presse_Le_recyclage_du_PET_se_renforce_sur_tous_les_fronts.pdf\" download=\"PET-Recycling_Schweiz_Communique_de_presse_Le_recyclage_du_PET_se_renforce_sur_tous_les_fronts\" class=\"icon-link link-btn-primary-left\">\n          <div class=\"icon-wrapper\">\n            <?xml version=\"1.0\"?>\n<svg xmlns=\"http:\/\/www.w3.org\/2000\/svg\" id=\"Ebene_1\" data-name=\"Ebene 1\" viewBox=\"0 0 127.56 127.56\" class=\"icon pet_icons_rgb_rz_pos_text_download-icon \" aria-hidden=\"true\" role=\"presentation\"><defs><style>.cls-1{fill:#4a9fff;}<\/style><\/defs><g id=\"Gruppe_7750\" data-name=\"Gruppe 7750\"><g id=\"Orion_download-document\" data-name=\"Orion download-document\"><g id=\"layer2\"><path d=\"M82.39,48.73H60.69a1.5,1.5,0,0,1-1.5-1.5V25.52a1.5,1.5,0,1,1,3,0V45.73h20.2a1.5,1.5,0,0,1,0,3Z\"\/><\/g><\/g><g id=\"Differenzmenge_2\" data-name=\"Differenzmenge 2\"><path d=\"M64.38,108.42H22.7a1.5,1.5,0,0,1-1.5-1.5V25.52A1.5,1.5,0,0,1,22.7,24h38a1.47,1.47,0,0,1,1.06.44l21.71,21.7a1.53,1.53,0,0,1,.43,1.07V60.12a1.5,1.5,0,0,1-3,0V47.85L60.07,27H24.2v78.4H64.38a1.5,1.5,0,0,1,0,3Z\"\/><\/g><g id=\"layer1\"><path d=\"M83.07,103.67h0a1.46,1.46,0,0,1-1-.38L82,103.2h0l-.06-.07-10.3-12.2A1.5,1.5,0,1,1,73.91,89l7.66,9.07V72.32a1.5,1.5,0,0,1,3,0V98.07L92.24,89a1.5,1.5,0,0,1,2.29,1.93l-10.3,12.2a.6.6,0,0,1-.08.08h0l-.06.06h0a1.51,1.51,0,0,1-1,.39h0Z\"\/><\/g><g id=\"Pfad_17844\" data-name=\"Pfad 17844\"><path d=\"M91.39,62.67a1.5,1.5,0,0,1-1.5-1.5V19.59H32.34v5.93a1.5,1.5,0,0,1-3,0V18.09a1.5,1.5,0,0,1,1.5-1.5H91.39a1.5,1.5,0,0,1,1.5,1.5V61.17A1.5,1.5,0,0,1,91.39,62.67Z\"\/><\/g><g id=\"Pfad_17801\" data-name=\"Pfad 17801\"><path class=\"cls-1\" d=\"M83.12,115.4a28.07,28.07,0,1,1,28.07-28.06A28.1,28.1,0,0,1,83.12,115.4Zm0-50.63a22.57,22.57,0,1,0,22.57,22.57A22.6,22.6,0,0,0,83.12,64.77Z\"\/><\/g><\/g><\/svg>\n          <\/div>\n          <div class=\"title-wrapper highlight\">\n            <span>Communiqu\u00e9 de presse<\/span><br \/>\r\n<span>PDF fran\u00e7ais<\/span>          <\/div>\n        <\/a>\n          <\/div>\n  <\/div>","protected":false},"template":"","medienmitteilungen-kategorie":[106],"class_list":["post-8429","medienmitteilungen","type-medienmitteilungen","status-publish","hentry","medienmitteilungen-kategorie-106"],"acf":[],"yoast_head":"<!-- This site is optimized with the Yoast SEO plugin v27.5 - https:\/\/yoast.com\/product\/yoast-seo-wordpress\/ -->\n<title>Le recyclage du PET renforc\u00e9 sur tous les fronts - PET-Recycling Schweiz<\/title>\n<meta name=\"robots\" content=\"index, follow, max-snippet:-1, max-image-preview:large, max-video-preview:-1\" \/>\n<link rel=\"canonical\" href=\"https:\/\/petrecycling.ch\/fr\/communiques-de-presse\/le-recyclage-du-pet-renforce-sur-tous-les-fronts\/\" \/>\n<meta property=\"og:locale\" content=\"fr_FR\" \/>\n<meta property=\"og:type\" content=\"article\" \/>\n<meta property=\"og:title\" content=\"Le recyclage du PET renforc\u00e9 sur tous les fronts - PET-Recycling Schweiz\" \/>\n<meta property=\"og:url\" content=\"https:\/\/petrecycling.ch\/fr\/communiques-de-presse\/le-recyclage-du-pet-renforce-sur-tous-les-fronts\/\" \/>\n<meta property=\"og:site_name\" content=\"PET-Recycling Schweiz\" \/>\n<meta property=\"article:publisher\" content=\"https:\/\/www.facebook.com\/petrecyclingschweiz\/\" \/>\n<meta property=\"article:modified_time\" content=\"2023-05-24T08:09:39+00:00\" \/>\n<meta name=\"twitter:card\" content=\"summary_large_image\" \/>\n<script type=\"application\/ld+json\" class=\"yoast-schema-graph\">{\"@context\":\"https:\\\/\\\/schema.org\",\"@graph\":[{\"@type\":\"WebPage\",\"@id\":\"https:\\\/\\\/petrecycling.ch\\\/fr\\\/communiques-de-presse\\\/le-recyclage-du-pet-renforce-sur-tous-les-fronts\\\/\",\"url\":\"https:\\\/\\\/petrecycling.ch\\\/fr\\\/communiques-de-presse\\\/le-recyclage-du-pet-renforce-sur-tous-les-fronts\\\/\",\"name\":\"Le recyclage du PET renforc\u00e9 sur tous les fronts - PET-Recycling Schweiz\",\"isPartOf\":{\"@id\":\"https:\\\/\\\/petrecycling.ch\\\/fr\\\/#website\"},\"datePublished\":\"2020-01-07T15:20:00+00:00\",\"dateModified\":\"2023-05-24T08:09:39+00:00\",\"breadcrumb\":{\"@id\":\"https:\\\/\\\/petrecycling.ch\\\/fr\\\/communiques-de-presse\\\/le-recyclage-du-pet-renforce-sur-tous-les-fronts\\\/#breadcrumb\"},\"inLanguage\":\"fr-FR\",\"potentialAction\":[{\"@type\":\"ReadAction\",\"target\":[\"https:\\\/\\\/petrecycling.ch\\\/fr\\\/communiques-de-presse\\\/le-recyclage-du-pet-renforce-sur-tous-les-fronts\\\/\"]}]},{\"@type\":\"BreadcrumbList\",\"@id\":\"https:\\\/\\\/petrecycling.ch\\\/fr\\\/communiques-de-presse\\\/le-recyclage-du-pet-renforce-sur-tous-les-fronts\\\/#breadcrumb\",\"itemListElement\":[{\"@type\":\"ListItem\",\"position\":1,\"name\":\"Startseite\",\"item\":\"https:\\\/\\\/petrecycling.ch\\\/fr\\\/\"},{\"@type\":\"ListItem\",\"position\":2,\"name\":\"Communiqu\u00e9s de presse\",\"item\":\"https:\\\/\\\/petrecycling.ch\\\/fr\\\/communiques-de-presse\\\/\"},{\"@type\":\"ListItem\",\"position\":3,\"name\":\"Le recyclage du PET renforc\u00e9 sur tous les fronts\"}]},{\"@type\":\"WebSite\",\"@id\":\"https:\\\/\\\/petrecycling.ch\\\/fr\\\/#website\",\"url\":\"https:\\\/\\\/petrecycling.ch\\\/fr\\\/\",\"name\":\"PET-Recycling Schweiz\",\"description\":\"Verein PRS PET-Recycling Schweiz a \u00e9t\u00e9 fond\u00e9e en 1990 et s&#039;occupe de la collecte et du recyclage des bouteilles en PET pour boissons.\",\"publisher\":{\"@id\":\"https:\\\/\\\/petrecycling.ch\\\/fr\\\/#organization\"},\"potentialAction\":[{\"@type\":\"SearchAction\",\"target\":{\"@type\":\"EntryPoint\",\"urlTemplate\":\"https:\\\/\\\/petrecycling.ch\\\/fr\\\/?s={search_term_string}\"},\"query-input\":{\"@type\":\"PropertyValueSpecification\",\"valueRequired\":true,\"valueName\":\"search_term_string\"}}],\"inLanguage\":\"fr-FR\"},{\"@type\":\"Organization\",\"@id\":\"https:\\\/\\\/petrecycling.ch\\\/fr\\\/#organization\",\"name\":\"Verein PRS PET-Recycling Schweiz\",\"alternateName\":\"PET-Recycling Schweiz\",\"url\":\"https:\\\/\\\/petrecycling.ch\\\/fr\\\/\",\"logo\":{\"@type\":\"ImageObject\",\"inLanguage\":\"fr-FR\",\"@id\":\"https:\\\/\\\/petrecycling.ch\\\/fr\\\/#\\\/schema\\\/logo\\\/image\\\/\",\"url\":\"https:\\\/\\\/petrecycling.ch\\\/wp-content\\\/uploads\\\/2023\\\/07\\\/PET_large_rgb.webp\",\"contentUrl\":\"https:\\\/\\\/petrecycling.ch\\\/wp-content\\\/uploads\\\/2023\\\/07\\\/PET_large_rgb.webp\",\"width\":1197,\"height\":1197,\"caption\":\"Verein PRS PET-Recycling Schweiz\"},\"image\":{\"@id\":\"https:\\\/\\\/petrecycling.ch\\\/fr\\\/#\\\/schema\\\/logo\\\/image\\\/\"},\"sameAs\":[\"https:\\\/\\\/www.facebook.com\\\/petrecyclingschweiz\\\/\",\"https:\\\/\\\/www.linkedin.com\\\/company\\\/pet-recycling-schweiz\\\/\",\"https:\\\/\\\/www.tiktok.com\\\/@prs_petrecycling.ch\"]}]}<\/script>\n<!-- \/ Yoast SEO plugin. -->","yoast_head_json":{"title":"Le recyclage du PET renforc\u00e9 sur tous les fronts - PET-Recycling Schweiz","robots":{"index":"index","follow":"follow","max-snippet":"max-snippet:-1","max-image-preview":"max-image-preview:large","max-video-preview":"max-video-preview:-1"},"canonical":"https:\/\/petrecycling.ch\/fr\/communiques-de-presse\/le-recyclage-du-pet-renforce-sur-tous-les-fronts\/","og_locale":"fr_FR","og_type":"article","og_title":"Le recyclage du PET renforc\u00e9 sur tous les fronts - PET-Recycling Schweiz","og_url":"https:\/\/petrecycling.ch\/fr\/communiques-de-presse\/le-recyclage-du-pet-renforce-sur-tous-les-fronts\/","og_site_name":"PET-Recycling Schweiz","article_publisher":"https:\/\/www.facebook.com\/petrecyclingschweiz\/","article_modified_time":"2023-05-24T08:09:39+00:00","twitter_card":"summary_large_image","schema":{"@context":"https:\/\/schema.org","@graph":[{"@type":"WebPage","@id":"https:\/\/petrecycling.ch\/fr\/communiques-de-presse\/le-recyclage-du-pet-renforce-sur-tous-les-fronts\/","url":"https:\/\/petrecycling.ch\/fr\/communiques-de-presse\/le-recyclage-du-pet-renforce-sur-tous-les-fronts\/","name":"Le recyclage du PET renforc\u00e9 sur tous les fronts - PET-Recycling Schweiz","isPartOf":{"@id":"https:\/\/petrecycling.ch\/fr\/#website"},"datePublished":"2020-01-07T15:20:00+00:00","dateModified":"2023-05-24T08:09:39+00:00","breadcrumb":{"@id":"https:\/\/petrecycling.ch\/fr\/communiques-de-presse\/le-recyclage-du-pet-renforce-sur-tous-les-fronts\/#breadcrumb"},"inLanguage":"fr-FR","potentialAction":[{"@type":"ReadAction","target":["https:\/\/petrecycling.ch\/fr\/communiques-de-presse\/le-recyclage-du-pet-renforce-sur-tous-les-fronts\/"]}]},{"@type":"BreadcrumbList","@id":"https:\/\/petrecycling.ch\/fr\/communiques-de-presse\/le-recyclage-du-pet-renforce-sur-tous-les-fronts\/#breadcrumb","itemListElement":[{"@type":"ListItem","position":1,"name":"Startseite","item":"https:\/\/petrecycling.ch\/fr\/"},{"@type":"ListItem","position":2,"name":"Communiqu\u00e9s de presse","item":"https:\/\/petrecycling.ch\/fr\/communiques-de-presse\/"},{"@type":"ListItem","position":3,"name":"Le recyclage du PET renforc\u00e9 sur tous les fronts"}]},{"@type":"WebSite","@id":"https:\/\/petrecycling.ch\/fr\/#website","url":"https:\/\/petrecycling.ch\/fr\/","name":"PET-Recycling Schweiz","description":"Verein PRS PET-Recycling Schweiz a \u00e9t\u00e9 fond\u00e9e en 1990 et s&#039;occupe de la collecte et du recyclage des bouteilles en PET pour boissons.","publisher":{"@id":"https:\/\/petrecycling.ch\/fr\/#organization"},"potentialAction":[{"@type":"SearchAction","target":{"@type":"EntryPoint","urlTemplate":"https:\/\/petrecycling.ch\/fr\/?s={search_term_string}"},"query-input":{"@type":"PropertyValueSpecification","valueRequired":true,"valueName":"search_term_string"}}],"inLanguage":"fr-FR"},{"@type":"Organization","@id":"https:\/\/petrecycling.ch\/fr\/#organization","name":"Verein PRS PET-Recycling Schweiz","alternateName":"PET-Recycling Schweiz","url":"https:\/\/petrecycling.ch\/fr\/","logo":{"@type":"ImageObject","inLanguage":"fr-FR","@id":"https:\/\/petrecycling.ch\/fr\/#\/schema\/logo\/image\/","url":"https:\/\/petrecycling.ch\/wp-content\/uploads\/2023\/07\/PET_large_rgb.webp","contentUrl":"https:\/\/petrecycling.ch\/wp-content\/uploads\/2023\/07\/PET_large_rgb.webp","width":1197,"height":1197,"caption":"Verein PRS PET-Recycling Schweiz"},"image":{"@id":"https:\/\/petrecycling.ch\/fr\/#\/schema\/logo\/image\/"},"sameAs":["https:\/\/www.facebook.com\/petrecyclingschweiz\/","https:\/\/www.linkedin.com\/company\/pet-recycling-schweiz\/","https:\/\/www.tiktok.com\/@prs_petrecycling.ch"]}]}},"_links":{"self":[{"href":"https:\/\/petrecycling.ch\/fr\/wp-json\/wp\/v2\/medienmitteilungen\/8429","targetHints":{"allow":["GET"]}}],"collection":[{"href":"https:\/\/petrecycling.ch\/fr\/wp-json\/wp\/v2\/medienmitteilungen"}],"about":[{"href":"https:\/\/petrecycling.ch\/fr\/wp-json\/wp\/v2\/types\/medienmitteilungen"}],"wp:attachment":[{"href":"https:\/\/petrecycling.ch\/fr\/wp-json\/wp\/v2\/media?parent=8429"}],"wp:term":[{"taxonomy":"medienmitteilungen-kategorie","embeddable":true,"href":"https:\/\/petrecycling.ch\/fr\/wp-json\/wp\/v2\/medienmitteilungen-kategorie?post=8429"}],"curies":[{"name":"wp","href":"https:\/\/api.w.org\/{rel}","templated":true}]}}