{"id":56525,"date":"2026-09-03T11:15:17","date_gmt":"2026-09-03T09:15:17","guid":{"rendered":"https:\/\/petrecycling.ch\/?post_type=aktuelles&#038;p=56525"},"modified":"2026-09-03T11:43:23","modified_gmt":"2026-09-03T09:43:23","slug":"le-lait-en-pet-dune-idee-novatrice-a-une-pratique-courante","status":"publish","type":"aktuelles","link":"https:\/\/petrecycling.ch\/fr\/actualites\/le-lait-en-pet-dune-idee-novatrice-a-une-pratique-courante\/","title":{"rendered":"Le lait en PET: d\u2019une id\u00e9e novatrice \u00e0 une pratique courante"},"content":{"rendered":"\n<div id=\"hero-slider-block_577e4e8822e938feb32a67e9e964e635\" class=\"hero-slider \n\">\n\n      <div class=\"container-fluid custom-container-fluid\">\n      <div class=\"swiper\">\n        <div class=\"swiper-wrapper\">\n                                    <div class=\"swiper-slide\">\n                <div class=\"media-type-none type-bg-image align-items-xl-center   \" style=\"background: url(https:\/\/petrecycling.ch\/wp-content\/uploads\/2026\/08\/PET-Recycling-Schweiz_Milch-aspect-ratio-1920-1080.jpg);background-blend-mode: multiply;\">\n                                    <div class=\"container slide-content-wrapper\">\n                    <div class=\"row align-items-center\">\n                                            <div class=\"text-col col-md-8 col-lg-6 col-xl-5 offset-xl-1 \">\n                                                  <div class=\"headline-wrapper d-flex flex-column-reverse\">\n                                                          <h2 class=\"h2 heading-highlight mb-0 \"><span class=\"highlight highlight-light\"><strong>Le lait en PET: <\/strong>d\u2019une id\u00e9e novatrice \u00e0 <i>une pratique courante<\/i><\/span><\/h2>\n                                                                                  <\/div>\n                                                                                              <\/div>\n                    <\/div>\n                  <\/div>\n                <\/div>\n              <\/div>\n                              <\/div>\n\n              <\/div>\n    <\/div>\n  <\/div>\n\n\n<div id=\"text-bild-block_87ade3848f833aee1a7cc09db5fce83c\" class=\"text-bild \n pt-small pb-small  image-right bg-fullwidth bg-white\" style=\"--sw-item-bg-color:#fff;\">\n  <div class=\"container-wrapper\">\n    <div class=\"container \">\n      <div class=\"row\">\n        <div class=\"col-lg-6 col-xl-6 offset-xl-1  col-text\">\n                      <div class=\"top-title\">\n              3 septembre 2026            <\/div>\n                    \n                                                                      <div class=\"content-item text wysiwyg fs-body-text\">\n                    <p style=\"font-weight: 400;\"><strong>Ce qui a commenc\u00e9 avec quelques boissons lact\u00e9es touche d\u00e9sormais un march\u00e9 nettement plus large: sur le site de Mittelland Molkerei \u00e0 Suhr, Emmi conditionne \u00e9galement du lait de consommation classique dans des bouteilles en PET. Cette nouvelle installation marque une \u00e9tape importante dans le d\u00e9veloppement du cycle ferm\u00e9 des bouteilles en PET blanches et illustre l\u2019int\u00e9gration croissante de la production, du conditionnement et du recyclage.<\/strong><\/p>\n<p style=\"font-weight: 400;\">Il y a encore quelques ann\u00e9es, les produits laitiers conditionn\u00e9s en PET constituaient une exception en Suisse. D\u00e8s 2024, Emmi a acquis une premi\u00e8re exp\u00e9rience de l\u2019utilisation de bouteilles en PET pour des boissons lact\u00e9es telles qu\u2019Emmi Energy Milk et Emmi Caff\u00e8 Latte Mr. Huge. Les enseignements ainsi obtenus ont \u00e9t\u00e9 directement pris en compte dans la conception de la nouvelle installation de Suhr, qui a \u00e9t\u00e9 mise en service en juillet 2026. Depuis lors, l\u2019installation permet de conditionner dans des bouteilles en PET blanches diff\u00e9rents types de lait \u2013 UHT, hautement pasteuris\u00e9 ou pasteuris\u00e9 \u2013, d\u00e9clin\u00e9s en plusieurs variantes et formats. Cet investissement renforce le site de Suhr tout en cr\u00e9ant les conditions n\u00e9cessaires au d\u00e9veloppement de solutions d\u2019emballage compatibles avec l\u2019\u00e9conomie circulaire.<\/p>\n<p style=\"font-weight: 400;\">Pour Emmi, le principe de circularit\u00e9 occupe une place centrale. \u00abLes bouteilles \u00e0 boissons en PET usag\u00e9es peuvent \u00eatre collect\u00e9es, recycl\u00e9es et r\u00e9utilis\u00e9es sous forme de mati\u00e8re recycl\u00e9e pour fabriquer de nouvelles bouteilles. Emmi incorpore aujourd\u2019hui 30\u00a0% de mati\u00e8re recycl\u00e9e dans chacune de ses bouteilles en PET. Cela permet de conserver des mati\u00e8res pr\u00e9cieuses dans le cycle et de r\u00e9duire les besoins en mati\u00e8res premi\u00e8res vierges, ce qui diminue l\u2019empreinte carbone\u00bb, explique Bernhard Br\u00f6nnimann, directeur du site de Mittelland Molkerei.<\/p>\n                  <\/div>\n                              \n                              <\/div>\n\n                  <div class=\"col-lg-5 col-xl-4 offset-lg-1\">\n            <div id=\"lightgallery_text-bild-block_87ade3848f833aee1a7cc09db5fce83c\" class=\"thumb-wrapper\">\n              <a class=\"lb-item\" href=\"https:\/\/petrecycling.ch\/wp-content\/uploads\/2026\/09\/Neubau-West-2-aspect-ratio-1080-1180-5.jpg\">\n                <img decoding=\"async\" class=\"img-fluid\" src=\"https:\/\/petrecycling.ch\/wp-content\/uploads\/2026\/09\/Neubau-West-2-aspect-ratio-1080-1180-5.jpg\" alt=\"\">\n              <\/a>\n            <\/div>\n          <\/div>\n              <\/div>\n    <\/div>\n  <\/div>\n<\/div>\n\n\n<div id=\"gallery-slider-block_1bd10f58dada8d1f6a92385e4c9dfb43\" class=\"gallery-slider \n pt-medium  pb-medium  media-type-image bg-fullwidth bg-colored\" style=\"--sw-item-bg-color:#cad3dc;\">\n      <div class=\"container-wrapper\">\n      <div class=\"container \">\n\n                  <div class=\"row\">\n            <div class=\"col-lg-6 offset-xl-1\">\n                                            <h2 class=\"h2 \">\n                  <p>Impressions de l&rsquo;inauguration <strong>de la nouvelle installation<\/strong> \u00e0 Suhr<\/p>\n                <\/h2>\n                          <\/div>\n          <\/div>\n        \n        <div class=\"row\">\n          <div class=\"col-xl-10 offset-xl-1\">\n            <div class=\"gallery-wrapper\">\n\n              <div class=\"swiper gallery-swiper\"  id=\"lightgallery_gallery-slider-block_1bd10f58dada8d1f6a92385e4c9dfb43\">\n                <div class=\"swiper-wrapper\">\n                                                            <div class=\"swiper-slide\">\n\n                                                                            <a class=\"lb-item\"  href=\"https:\/\/petrecycling.ch\/wp-content\/uploads\/2026\/09\/Neubau-West-2-aspect-ratio-2388-1618.jpg\">\n                            <img decoding=\"async\" class=\"img-fluid\" src=\"https:\/\/petrecycling.ch\/wp-content\/uploads\/2026\/09\/Neubau-West-2-aspect-ratio-1076-606-1.jpg\" alt=\"\">\n                          <\/a>\n                                              <\/div>\n                                                                                <div class=\"swiper-slide\">\n\n                                                                            <a class=\"lb-item\"  href=\"https:\/\/petrecycling.ch\/wp-content\/uploads\/2026\/09\/Gefuehrter-Rundgang-durch-die-neue-PET-Abfuellanlage-aspect-ratio-2405-1550.jpg\">\n                            <img decoding=\"async\" class=\"img-fluid\" src=\"https:\/\/petrecycling.ch\/wp-content\/uploads\/2026\/09\/Gefuehrter-Rundgang-durch-die-neue-PET-Abfuellanlage-aspect-ratio-1076-606-1.jpg\" alt=\"\">\n                          <\/a>\n                                              <\/div>\n                                                                                <div class=\"swiper-slide\">\n\n                                                                            <a class=\"lb-item\"  href=\"https:\/\/petrecycling.ch\/wp-content\/uploads\/2026\/09\/Bernhard-Broennimann-1-aspect-ratio-2458-1630.jpg\">\n                            <img decoding=\"async\" class=\"img-fluid\" src=\"https:\/\/petrecycling.ch\/wp-content\/uploads\/2026\/09\/Bernhard-Broennimann-1-aspect-ratio-1076-606-1.jpg\" alt=\"\">\n                          <\/a>\n                                              <\/div>\n                                                                                            <\/div>\n              <\/div>\n\n\n\n              <div class=\"gallery-swiper-thumbs-wrapper\">\n\n                \n                <div class=\"nav-wrapper\">\n                  <div class=\"navigation\">\n                    <div class=\"swiper-button-prev swiper-button-grey\"><\/div>\n                    <div class=\"swiper-button-next swiper-button-grey\"><\/div>\n                  <\/div>\n                <\/div>\n\n              <\/div>\n            <\/div>\n          <\/div>\n\n\n        <\/div>\n      <\/div>\n    <\/div>\n  <\/div>\n\n\n<div id=\"text-einspaltig-block_8fc342822a4d1c31221af0a98301a99f\" class=\"text-einspaltig \n pt-small pb-small bg-white\">\n  <div class=\"container custom-padding-big pt-0 pb-0\">\n    <div class=\"row\">\n      <div class=\"offset-xl-1 col-xl-10\">\n                  <h2 class=\"h2 text-secondary hyphens-xs-auto\">De la pr\u00e9forme \u00e0<i><strong> la bouteille de lait<\/strong><\/i><\/h2>\n                                  <div class=\"text wysiwyg wysiwyg-line-break-big fs-body-text\">\n            <p style=\"font-weight: 400;\">Une particularit\u00e9 de la nouvelle installation: les bouteilles en PET ne sont plus livr\u00e9es \u00e0 Suhr d\u00e9j\u00e0 souffl\u00e9es. Des pr\u00e9formes compactes en PET sont directement souffl\u00e9es sur la ligne de remplissage pour former des bouteilles, qui sont ensuite remplies. Le volume \u00e0 transporter, nettement moindre, simplifie la logistique tout en r\u00e9duisant l\u2019impact environnemental qui en d\u00e9coule.<\/p>\n<p style=\"font-weight: 400;\">L\u2019efficacit\u00e9 du processus n\u2019est toutefois pas le seul enjeu de la fabrication des bouteilles: l\u2019emballage doit \u00e9galement r\u00e9pondre aux exigences sp\u00e9cifiques du lait. Les produits laitiers n\u00e9cessitent une protection fiable contre la lumi\u00e8re. C\u2019est pourquoi Emmi mise sur des bouteilles en PET opaques dot\u00e9es d\u2019une couche interm\u00e9diaire formant une barri\u00e8re \u00e0 la lumi\u00e8re. Ainsi, le go\u00fbt, la qualit\u00e9 et la dur\u00e9e de conservation restent inchang\u00e9s par rapport \u00e0 l\u2019emballage utilis\u00e9 jusqu\u2019ici.<\/p>\n          <\/div>\n                      <\/div>\n    <\/div>\n\n  <\/div>\n<\/div>\n\n\n<div id=\"text-bild-block_29f8e75118da28473ad28d2caeb7af1d\" class=\"text-bild \n pt-small pb-small  image-right bg-fullwidth bg-white\" style=\"--sw-item-bg-color:#fff;\">\n  <div class=\"container-wrapper\">\n    <div class=\"container \">\n      <div class=\"row\">\n        <div class=\"col-lg-6 col-xl-6 offset-xl-1  col-text\">\n                                <h2 class=\"h2 text-secondary\">\n              Retour dans<strong> le cycle<\/strong>            <\/h2>\n          \n                                                                      <div class=\"content-item text wysiwyg fs-body-text\">\n                    <p style=\"font-weight: 400;\">L\u2019un des principaux atouts du PET r\u00e9side dans sa capacit\u00e9 \u00e0 \u00eatre recycl\u00e9 en cycle ferm\u00e9. <!--StartFragment --><span class=\"cf0\">Pour assurer le bon fonctionnement de ce cycle, les nouvelles bouteilles de lait blanches en PET doivent \u00e9galement \u00eatre d\u00e9pos\u00e9es dans la collecte du PET. <\/span><!--EndFragment -->\u00abL\u2019\u00e9conomie circulaire ne fonctionne que si tous les acteurs y contribuent. C\u2019est pourquoi notre message aux consommatrices et consommateurs est tr\u00e8s simple: les bouteilles de lait en PET blanches doivent \u00eatre d\u00e9pos\u00e9es dans la collecte du PET, comme les autres bouteilles \u00e0 boissons en PET\u00bb, explique Bernhard Br\u00f6nnimann.<\/p>\n<p style=\"font-weight: 400;\">La r\u00e8gle bien connue offre un rep\u00e8re clair: <strong>PET? Bouteille? Boisson? Trois fois \u00aboui\u00bb: direction la collecte du PET!<\/strong> Le logo de recyclage du PET appos\u00e9 sur la bouteille constitue un rep\u00e8re suppl\u00e9mentaire. C\u2019est d\u2019autant plus utile qu\u2019\u00e0 l\u2019heure actuelle, les produits laitiers sont encore conditionn\u00e9s dans diff\u00e9rents types d\u2019emballages.<\/p>\n                  <\/div>\n                              \n                              <\/div>\n\n                  <div class=\"col-lg-5 col-xl-4 offset-lg-1\">\n            <div id=\"lightgallery_text-bild-block_29f8e75118da28473ad28d2caeb7af1d\" class=\"thumb-wrapper\">\n              <a class=\"lb-item\" href=\"https:\/\/petrecycling.ch\/wp-content\/uploads\/2026\/08\/PET-Recycling-Schweiz_Milch_PET-Getraenkeflaschen_2560x1706px-aspect-ratio-1080-1180.jpg\">\n                <img decoding=\"async\" class=\"img-fluid\" src=\"https:\/\/petrecycling.ch\/wp-content\/uploads\/2026\/08\/PET-Recycling-Schweiz_Milch_PET-Getraenkeflaschen_2560x1706px-aspect-ratio-1080-1180.jpg\" alt=\"\">\n              <\/a>\n            <\/div>\n          <\/div>\n              <\/div>\n    <\/div>\n  <\/div>\n<\/div>","protected":false},"template":"","aktuelles-kategorie":[94],"class_list":["post-56525","aktuelles","type-aktuelles","status-publish","hentry","aktuelles-kategorie-actualites"],"acf":[],"yoast_head":"<!-- This site is optimized with the Yoast SEO plugin v28.4 - https:\/\/yoast.com\/product\/yoast-seo-wordpress\/ -->\n<title>Le lait en PET: d\u2019une id\u00e9e novatrice \u00e0 une pratique courante - PET-Recycling Schweiz<\/title>\n<meta name=\"description\" content=\"Ce qui a commenc\u00e9 avec quelques boissons lact\u00e9es touche d\u00e9sormais un march\u00e9 nettement plus large: sur le site de Mittelland Molkerei \u00e0 Suhr, Emmi conditionne \u00e9galement du lait de consommation classique dans des bouteilles en PET. Cette nouvelle installation marque une \u00e9tape importante dans le d\u00e9veloppement du cycle ferm\u00e9 des bouteilles en PET blanches et illustre l\u2019int\u00e9gration croissante de la production, du conditionnement et du recyclage.\" \/>\n<meta name=\"robots\" content=\"index, follow, max-snippet:-1, max-image-preview:large, max-video-preview:-1\" \/>\n<link rel=\"canonical\" href=\"https:\/\/petrecycling.ch\/fr\/actualites\/le-lait-en-pet-dune-idee-novatrice-a-une-pratique-courante\/\" \/>\n<meta property=\"og:locale\" content=\"fr_FR\" \/>\n<meta property=\"og:type\" content=\"article\" \/>\n<meta property=\"og:title\" content=\"Le lait en PET: d\u2019une id\u00e9e novatrice \u00e0 une pratique courante\" \/>\n<meta property=\"og:description\" content=\"Ce qui a commenc\u00e9 avec quelques boissons lact\u00e9es touche d\u00e9sormais un march\u00e9 nettement plus large: sur le site de Mittelland Molkerei \u00e0 Suhr, Emmi conditionne \u00e9galement du lait de consommation classique dans des bouteilles en PET. Cette nouvelle installation marque une \u00e9tape importante dans le d\u00e9veloppement du cycle ferm\u00e9 des bouteilles en PET blanches et illustre l\u2019int\u00e9gration croissante de la production, du conditionnement et du recyclage.\" \/>\n<meta property=\"og:url\" content=\"https:\/\/petrecycling.ch\/fr\/actualites\/le-lait-en-pet-dune-idee-novatrice-a-une-pratique-courante\/\" \/>\n<meta property=\"og:site_name\" content=\"PET-Recycling Schweiz\" \/>\n<meta property=\"article:publisher\" content=\"https:\/\/www.facebook.com\/petrecyclingschweiz\/\" \/>\n<meta property=\"article:modified_time\" content=\"2026-09-03T09:43:23+00:00\" \/>\n<meta property=\"og:image\" content=\"https:\/\/petrecycling.ch\/wp-content\/uploads\/2026\/08\/PET-Recycling-Schweiz_Milch.jpg\" \/>\n\t<meta property=\"og:image:width\" content=\"2121\" \/>\n\t<meta property=\"og:image:height\" content=\"1414\" \/>\n\t<meta property=\"og:image:type\" content=\"image\/jpeg\" \/>\n<meta name=\"twitter:card\" content=\"summary_large_image\" \/>\n<script type=\"application\/ld+json\" class=\"yoast-schema-graph\">{\"@context\":\"https:\\\/\\\/schema.org\",\"@graph\":[{\"@type\":\"WebPage\",\"@id\":\"https:\\\/\\\/petrecycling.ch\\\/fr\\\/actualites\\\/le-lait-en-pet-dune-idee-novatrice-a-une-pratique-courante\\\/\",\"url\":\"https:\\\/\\\/petrecycling.ch\\\/fr\\\/actualites\\\/le-lait-en-pet-dune-idee-novatrice-a-une-pratique-courante\\\/\",\"name\":\"Le lait en PET: d\u2019une id\u00e9e novatrice \u00e0 une pratique courante - PET-Recycling Schweiz\",\"isPartOf\":{\"@id\":\"https:\\\/\\\/petrecycling.ch\\\/fr\\\/#website\"},\"datePublished\":\"2026-09-03T09:15:17+00:00\",\"dateModified\":\"2026-09-03T09:43:23+00:00\",\"description\":\"Ce qui a commenc\u00e9 avec quelques boissons lact\u00e9es touche d\u00e9sormais un march\u00e9 nettement plus large: sur le site de Mittelland Molkerei \u00e0 Suhr, Emmi conditionne \u00e9galement du lait de consommation classique dans des bouteilles en PET. Cette nouvelle installation marque une \u00e9tape importante dans le d\u00e9veloppement du cycle ferm\u00e9 des bouteilles en PET blanches et illustre l\u2019int\u00e9gration croissante de la production, du conditionnement et du recyclage.\",\"breadcrumb\":{\"@id\":\"https:\\\/\\\/petrecycling.ch\\\/fr\\\/actualites\\\/le-lait-en-pet-dune-idee-novatrice-a-une-pratique-courante\\\/#breadcrumb\"},\"inLanguage\":\"fr-FR\",\"potentialAction\":[{\"@type\":\"ReadAction\",\"target\":[\"https:\\\/\\\/petrecycling.ch\\\/fr\\\/actualites\\\/le-lait-en-pet-dune-idee-novatrice-a-une-pratique-courante\\\/\"]}]},{\"@type\":\"BreadcrumbList\",\"@id\":\"https:\\\/\\\/petrecycling.ch\\\/fr\\\/actualites\\\/le-lait-en-pet-dune-idee-novatrice-a-une-pratique-courante\\\/#breadcrumb\",\"itemListElement\":[{\"@type\":\"ListItem\",\"position\":1,\"name\":\"Startseite\",\"item\":\"https:\\\/\\\/petrecycling.ch\\\/fr\\\/\"},{\"@type\":\"ListItem\",\"position\":2,\"name\":\"Actualit\u00e9s\",\"item\":\"https:\\\/\\\/petrecycling.ch\\\/fr\\\/actualites\\\/\"},{\"@type\":\"ListItem\",\"position\":3,\"name\":\"Le lait en PET: d\u2019une id\u00e9e novatrice \u00e0 une pratique courante\"}]},{\"@type\":\"WebSite\",\"@id\":\"https:\\\/\\\/petrecycling.ch\\\/fr\\\/#website\",\"url\":\"https:\\\/\\\/petrecycling.ch\\\/fr\\\/\",\"name\":\"PET-Recycling Schweiz\",\"description\":\"Verein PRS PET-Recycling Schweiz a \u00e9t\u00e9 fond\u00e9e en 1990 et s&#039;occupe de la collecte et du recyclage des bouteilles en PET pour boissons.\",\"publisher\":{\"@id\":\"https:\\\/\\\/petrecycling.ch\\\/fr\\\/#organization\"},\"potentialAction\":[{\"@type\":\"SearchAction\",\"target\":{\"@type\":\"EntryPoint\",\"urlTemplate\":\"https:\\\/\\\/petrecycling.ch\\\/fr\\\/?s={search_term_string}\"},\"query-input\":{\"@type\":\"PropertyValueSpecification\",\"valueRequired\":true,\"valueName\":\"search_term_string\"}}],\"inLanguage\":\"fr-FR\"},{\"@type\":\"Organization\",\"@id\":\"https:\\\/\\\/petrecycling.ch\\\/fr\\\/#organization\",\"name\":\"Verein PRS PET-Recycling Schweiz\",\"alternateName\":\"PET-Recycling Schweiz\",\"url\":\"https:\\\/\\\/petrecycling.ch\\\/fr\\\/\",\"logo\":{\"@type\":\"ImageObject\",\"inLanguage\":\"fr-FR\",\"@id\":\"https:\\\/\\\/petrecycling.ch\\\/fr\\\/#\\\/schema\\\/logo\\\/image\\\/\",\"url\":\"https:\\\/\\\/petrecycling.ch\\\/wp-content\\\/uploads\\\/2023\\\/07\\\/PET_large_rgb.webp\",\"contentUrl\":\"https:\\\/\\\/petrecycling.ch\\\/wp-content\\\/uploads\\\/2023\\\/07\\\/PET_large_rgb.webp\",\"width\":1197,\"height\":1197,\"caption\":\"Verein PRS PET-Recycling Schweiz\"},\"image\":{\"@id\":\"https:\\\/\\\/petrecycling.ch\\\/fr\\\/#\\\/schema\\\/logo\\\/image\\\/\"},\"sameAs\":[\"https:\\\/\\\/www.facebook.com\\\/petrecyclingschweiz\\\/\",\"https:\\\/\\\/www.linkedin.com\\\/company\\\/pet-recycling-schweiz\\\/\",\"https:\\\/\\\/www.tiktok.com\\\/@prs_petrecycling.ch\"]}]}<\/script>\n<!-- \/ Yoast SEO plugin. -->","yoast_head_json":{"title":"Le lait en PET: d\u2019une id\u00e9e novatrice \u00e0 une pratique courante - PET-Recycling Schweiz","description":"Ce qui a commenc\u00e9 avec quelques boissons lact\u00e9es touche d\u00e9sormais un march\u00e9 nettement plus large: sur le site de Mittelland Molkerei \u00e0 Suhr, Emmi conditionne \u00e9galement du lait de consommation classique dans des bouteilles en PET. Cette nouvelle installation marque une \u00e9tape importante dans le d\u00e9veloppement du cycle ferm\u00e9 des bouteilles en PET blanches et illustre l\u2019int\u00e9gration croissante de la production, du conditionnement et du recyclage.","robots":{"index":"index","follow":"follow","max-snippet":"max-snippet:-1","max-image-preview":"max-image-preview:large","max-video-preview":"max-video-preview:-1"},"canonical":"https:\/\/petrecycling.ch\/fr\/actualites\/le-lait-en-pet-dune-idee-novatrice-a-une-pratique-courante\/","og_locale":"fr_FR","og_type":"article","og_title":"Le lait en PET: d\u2019une id\u00e9e novatrice \u00e0 une pratique courante","og_description":"Ce qui a commenc\u00e9 avec quelques boissons lact\u00e9es touche d\u00e9sormais un march\u00e9 nettement plus large: sur le site de Mittelland Molkerei \u00e0 Suhr, Emmi conditionne \u00e9galement du lait de consommation classique dans des bouteilles en PET. Cette nouvelle installation marque une \u00e9tape importante dans le d\u00e9veloppement du cycle ferm\u00e9 des bouteilles en PET blanches et illustre l\u2019int\u00e9gration croissante de la production, du conditionnement et du recyclage.","og_url":"https:\/\/petrecycling.ch\/fr\/actualites\/le-lait-en-pet-dune-idee-novatrice-a-une-pratique-courante\/","og_site_name":"PET-Recycling Schweiz","article_publisher":"https:\/\/www.facebook.com\/petrecyclingschweiz\/","article_modified_time":"2026-09-03T09:43:23+00:00","og_image":[{"width":2121,"height":1414,"url":"https:\/\/petrecycling.ch\/wp-content\/uploads\/2026\/08\/PET-Recycling-Schweiz_Milch.jpg","type":"image\/jpeg"}],"twitter_card":"summary_large_image","schema":{"@context":"https:\/\/schema.org","@graph":[{"@type":"WebPage","@id":"https:\/\/petrecycling.ch\/fr\/actualites\/le-lait-en-pet-dune-idee-novatrice-a-une-pratique-courante\/","url":"https:\/\/petrecycling.ch\/fr\/actualites\/le-lait-en-pet-dune-idee-novatrice-a-une-pratique-courante\/","name":"Le lait en PET: d\u2019une id\u00e9e novatrice \u00e0 une pratique courante - PET-Recycling Schweiz","isPartOf":{"@id":"https:\/\/petrecycling.ch\/fr\/#website"},"datePublished":"2026-09-03T09:15:17+00:00","dateModified":"2026-09-03T09:43:23+00:00","description":"Ce qui a commenc\u00e9 avec quelques boissons lact\u00e9es touche d\u00e9sormais un march\u00e9 nettement plus large: sur le site de Mittelland Molkerei \u00e0 Suhr, Emmi conditionne \u00e9galement du lait de consommation classique dans des bouteilles en PET. Cette nouvelle installation marque une \u00e9tape importante dans le d\u00e9veloppement du cycle ferm\u00e9 des bouteilles en PET blanches et illustre l\u2019int\u00e9gration croissante de la production, du conditionnement et du recyclage.","breadcrumb":{"@id":"https:\/\/petrecycling.ch\/fr\/actualites\/le-lait-en-pet-dune-idee-novatrice-a-une-pratique-courante\/#breadcrumb"},"inLanguage":"fr-FR","potentialAction":[{"@type":"ReadAction","target":["https:\/\/petrecycling.ch\/fr\/actualites\/le-lait-en-pet-dune-idee-novatrice-a-une-pratique-courante\/"]}]},{"@type":"BreadcrumbList","@id":"https:\/\/petrecycling.ch\/fr\/actualites\/le-lait-en-pet-dune-idee-novatrice-a-une-pratique-courante\/#breadcrumb","itemListElement":[{"@type":"ListItem","position":1,"name":"Startseite","item":"https:\/\/petrecycling.ch\/fr\/"},{"@type":"ListItem","position":2,"name":"Actualit\u00e9s","item":"https:\/\/petrecycling.ch\/fr\/actualites\/"},{"@type":"ListItem","position":3,"name":"Le lait en PET: d\u2019une id\u00e9e novatrice \u00e0 une pratique courante"}]},{"@type":"WebSite","@id":"https:\/\/petrecycling.ch\/fr\/#website","url":"https:\/\/petrecycling.ch\/fr\/","name":"PET-Recycling Schweiz","description":"Verein PRS PET-Recycling Schweiz a \u00e9t\u00e9 fond\u00e9e en 1990 et s&#039;occupe de la collecte et du recyclage des bouteilles en PET pour boissons.","publisher":{"@id":"https:\/\/petrecycling.ch\/fr\/#organization"},"potentialAction":[{"@type":"SearchAction","target":{"@type":"EntryPoint","urlTemplate":"https:\/\/petrecycling.ch\/fr\/?s={search_term_string}"},"query-input":{"@type":"PropertyValueSpecification","valueRequired":true,"valueName":"search_term_string"}}],"inLanguage":"fr-FR"},{"@type":"Organization","@id":"https:\/\/petrecycling.ch\/fr\/#organization","name":"Verein PRS PET-Recycling Schweiz","alternateName":"PET-Recycling Schweiz","url":"https:\/\/petrecycling.ch\/fr\/","logo":{"@type":"ImageObject","inLanguage":"fr-FR","@id":"https:\/\/petrecycling.ch\/fr\/#\/schema\/logo\/image\/","url":"https:\/\/petrecycling.ch\/wp-content\/uploads\/2023\/07\/PET_large_rgb.webp","contentUrl":"https:\/\/petrecycling.ch\/wp-content\/uploads\/2023\/07\/PET_large_rgb.webp","width":1197,"height":1197,"caption":"Verein PRS PET-Recycling Schweiz"},"image":{"@id":"https:\/\/petrecycling.ch\/fr\/#\/schema\/logo\/image\/"},"sameAs":["https:\/\/www.facebook.com\/petrecyclingschweiz\/","https:\/\/www.linkedin.com\/company\/pet-recycling-schweiz\/","https:\/\/www.tiktok.com\/@prs_petrecycling.ch"]}]}},"_links":{"self":[{"href":"https:\/\/petrecycling.ch\/fr\/wp-json\/wp\/v2\/aktuelles\/56525","targetHints":{"allow":["GET"]}}],"collection":[{"href":"https:\/\/petrecycling.ch\/fr\/wp-json\/wp\/v2\/aktuelles"}],"about":[{"href":"https:\/\/petrecycling.ch\/fr\/wp-json\/wp\/v2\/types\/aktuelles"}],"wp:attachment":[{"href":"https:\/\/petrecycling.ch\/fr\/wp-json\/wp\/v2\/media?parent=56525"}],"wp:term":[{"taxonomy":"aktuelles-kategorie","embeddable":true,"href":"https:\/\/petrecycling.ch\/fr\/wp-json\/wp\/v2\/aktuelles-kategorie?post=56525"}],"curies":[{"name":"wp","href":"https:\/\/api.w.org\/{rel}","templated":true}]}}