{"id":25463,"date":"2024-02-05T08:40:00","date_gmt":"2024-02-05T07:40:00","guid":{"rendered":"https:\/\/petrecycling.ch\/?post_type=aktuelles&#038;p=25463"},"modified":"2024-02-02T12:03:31","modified_gmt":"2024-02-02T11:03:31","slug":"tous-les-pet-ne-se-valent-pas","status":"publish","type":"aktuelles","link":"https:\/\/petrecycling.ch\/fr\/actualites\/tous-les-pet-ne-se-valent-pas\/","title":{"rendered":"Tous les PET ne se valent pas. La collecte, \u00e7a s\u2019apprend"},"content":{"rendered":"\n<div id=\"bild-block_08f70a617c76b3647c0449feb33719b5\" class=\"bild \n pb-5 \">\n      <img decoding=\"async\" class=\"img-fluid\" src=\"https:\/\/petrecycling.ch\/wp-content\/uploads\/2024\/02\/PET-Recycling-Schweiz_Aktuelles-2024_PET-Sammlung-3-aspect-ratio-1712-950.jpg\" alt=\"\" loading=\"lazy\">\n  <\/div>\n\n\n<div id=\"text-block_2249bd0c3815b2f57e50c69a6d2ef32d\" class=\"text \n pb-5\">\n  <div class=\"fs-body-text wysiwyg\">\n    <p style=\"font-weight: 400;\">Le fait que diff\u00e9rents emballages compos\u00e9s de PET ne puissent pas \u00eatre recycles ensemble peut pr\u00eater \u00e0 confusion. La raison: en Suisse, le cycle de recyclage du PET est con\u00e7u pour traiter les bouteilles \u00e0 boissons. Le logo bleu et jaune de PET-Recycling Schweiz indique qu\u2019une bouteille \u00e0 boissons en PET doit \u00eatre collect\u00e9e avec le PET.<\/p>\n<p>&nbsp;<\/p>\n<h4 style=\"font-weight: 400;\"><strong><u>Merci de d\u00e9poser les bouteilles portant ce logo dans la collecte du PET.<\/u><\/strong><\/h4>\n<p><img loading=\"lazy\" decoding=\"async\" class=\"alignnone wp-image-23020 size-medium\" src=\"https:\/\/petrecycling.ch\/wp-content\/uploads\/2023\/12\/PET-Recycling-Schweiz_Milch-in-PET-LogoPRS-300x220.png\" alt=\"\" width=\"300\" height=\"220\" srcset=\"https:\/\/petrecycling.ch\/wp-content\/uploads\/2023\/12\/PET-Recycling-Schweiz_Milch-in-PET-LogoPRS-300x220.png 300w, https:\/\/petrecycling.ch\/wp-content\/uploads\/2023\/12\/PET-Recycling-Schweiz_Milch-in-PET-LogoPRS-1024x750.png 1024w, https:\/\/petrecycling.ch\/wp-content\/uploads\/2023\/12\/PET-Recycling-Schweiz_Milch-in-PET-LogoPRS-768x563.png 768w, https:\/\/petrecycling.ch\/wp-content\/uploads\/2023\/12\/PET-Recycling-Schweiz_Milch-in-PET-LogoPRS.png 1256w\" sizes=\"auto, (max-width: 300px) 100vw, 300px\" \/><\/p>\n<p style=\"font-weight: 400;\">Si vous h\u00e9sitez \u00e0 d\u00e9poser quelque chose dans la collecte du PET \u00e0 boissons, posez-vous ces trois questions:<\/p>\n<p style=\"font-weight: 400;\">S\u2019agit-il d\u2019une bouteille?<\/p>\n<p style=\"font-weight: 400;\">La bouteille est-elle en PET?<\/p>\n<p style=\"font-weight: 400;\">Contenait-elle une boisson?<\/p>\n<p>&nbsp;<\/p>\n<p style=\"font-weight: 400;\"><strong>3 x oui? La bouteille va alors dans la collecte du PET \u00e0 boissons.<\/strong><\/p>\n<p>&nbsp;<\/p>\n<p>&nbsp;<\/p>\n<h4 style=\"font-weight: 400;\"><strong><u>Cela n\u2019a pas sa place dans la collecte du PET! <\/u><\/strong><\/h4>\n<p>&nbsp;<\/p>\n<p style=\"font-weight: 400;\"><strong>Gobelets pour boissons, glaces, yogourts<\/strong><\/p>\n<p style=\"font-weight: 400;\">M\u00eame s\u2019ils sont en PET, leur forme ne permet pas de les recycler avec les bouteilles \u00e0 boissons en PET. De plus, ils sont parfois trait\u00e9s avec des additifs de protection thermique qui perturberaient le processus de recyclage.<\/p>\n<p style=\"font-weight: 400;\">\n<p>&nbsp;<\/p>\n<p style=\"font-weight: 400;\"><strong>Blisters (coques en plastique) pour la viande, les salades, les l\u00e9gumes et les fruits <\/strong><\/p>\n<p style=\"font-weight: 400;\">Ils sont souvent en PET, mais ne peuvent pas \u00eatre recycl\u00e9s avec les bouteilles \u00e0 boissons en PET en raison de leur forme. Pour conserver plus longtemps les aliments, ils peuvent \u00eatre trait\u00e9s avec des additifs (barri\u00e8res contre la chaleur, l\u2019oxyg\u00e8ne, les U.V., etc.) qui contaminent le PET.<\/p>\n<p style=\"font-weight: 400;\">\n<p>&nbsp;<\/p>\n<p style=\"font-weight: 400;\"><strong>Bouteilles pour le vinaigre, l\u2019huile et les sauces \u00e0 salade <\/strong><\/p>\n<p style=\"font-weight: 400;\">Bien qu\u2019elles soient g\u00e9n\u00e9ralement en PET, le processus de lavage lors du recyclage n\u2019est pas con\u00e7u pour les restes de leur contenu, mais exclusivement pour les boissons.<\/p>\n<p style=\"font-weight: 400;\">\n<p>&nbsp;<\/p>\n<p style=\"font-weight: 400;\"><strong>Bouteilles de lessive et de d\u00e9tergent<\/strong><\/p>\n<p style=\"font-weight: 400;\">Elles sont g\u00e9n\u00e9ralement en PE-HD. Si elles sont en PET, leur contenu peut contaminer le PET, qui n\u2019est alors plus apte au contact alimentaire. Il en r\u00e9sulterait un downcycling.<\/p>\n<p style=\"font-weight: 400;\">\n<p>&nbsp;<\/p>\n<p style=\"font-weight: 400;\"><strong>Bouteilles de shampooing et autres produits cosm\u00e9tiques<\/strong><\/p>\n<p style=\"font-weight: 400;\">Ces bouteilles sont g\u00e9n\u00e9ralement en PE-HD. Si elles sont en PET, leur contenu peut entra\u00eener la contamination du PET, qui n\u2019est donc plus apte au contact alimentaire. Il en r\u00e9sulterait un downcycling.<\/p>\n  <\/div>\n<\/div>\n\n\n<div id=\"links-block_433234b5a0a089d52a7ff7e23addc510\" class=\"links \n pb-5\">\n      <div class=\"links\">\n                        <div class=\"link-btn-primary-wrapper\">\n                          <a href=\"https:\/\/petrecycling.ch\/fr\/le-cycle-suisse-du-pet\/collecte\/\" target=\"_self\" class=\"icon-link icon-link-default\">\n                Tout sur la collecte              <\/a>\n                      <\/div>\n                                <div class=\"link-btn-primary-wrapper\">\n                          <a href=\"https:\/\/petrecycling.ch\/fr\/boutique-en-ligne\/categorie\/materiel-dinformation\/\" target=\"_self\" class=\"icon-link icon-link-default\">\n                Commander ou t\u00e9l\u00e9charger divers documents d\u2019information               <\/a>\n                      <\/div>\n                  <\/div>\n  \n<\/div>\n\n\n<div id=\"text-block_2e560f93f73c39ad3b2c5315b992cb12\" class=\"text \n pb-5\">\n  <div class=\"fs-body-text wysiwyg\">\n    <div><span lang=\"EN-US\">L\u2019article complet est disponible dans le <a href=\"https:\/\/petrecycling.ch\/fr\/a-notre-propos\/medias-et-communication\/#petflash\">PETflash n\u00b0 84<\/a>.<\/span><\/div>\n  <\/div>\n<\/div>","protected":false},"template":"","aktuelles-kategorie":[96,101],"class_list":["post-25463","aktuelles","type-aktuelles","status-publish","hentry","aktuelles-kategorie-pet-flash","aktuelles-kategorie-a-propos-de-la-collecte-du-pet"],"acf":[],"yoast_head":"<!-- This site is optimized with the Yoast SEO plugin v27.4 - https:\/\/yoast.com\/product\/yoast-seo-wordpress\/ -->\n<title>Tous les PET ne se valent pas. La collecte, \u00e7a s\u2019apprend - PET-Recycling Schweiz<\/title>\n<meta name=\"description\" content=\"Le fait que diff\u00e9rents emballages compos\u00e9s de PET ne puissent pas \u00eatre recycles ensemble peut pr\u00eater \u00e0 confusion.\" \/>\n<meta name=\"robots\" content=\"index, follow, max-snippet:-1, max-image-preview:large, max-video-preview:-1\" \/>\n<link rel=\"canonical\" href=\"https:\/\/petrecycling.ch\/fr\/actualites\/tous-les-pet-ne-se-valent-pas\/\" \/>\n<meta property=\"og:locale\" content=\"fr_FR\" \/>\n<meta property=\"og:type\" content=\"article\" \/>\n<meta property=\"og:title\" content=\"Tous les PET ne se valent pas. La collecte, \u00e7a s\u2019apprend - PET-Recycling Schweiz\" \/>\n<meta property=\"og:description\" content=\"Le fait que diff\u00e9rents emballages compos\u00e9s de PET ne puissent pas \u00eatre recycles ensemble peut pr\u00eater \u00e0 confusion.\" \/>\n<meta property=\"og:url\" content=\"https:\/\/petrecycling.ch\/fr\/actualites\/tous-les-pet-ne-se-valent-pas\/\" \/>\n<meta property=\"og:site_name\" content=\"PET-Recycling Schweiz\" \/>\n<meta property=\"article:publisher\" content=\"https:\/\/www.facebook.com\/petrecyclingschweiz\/\" \/>\n<meta name=\"twitter:card\" content=\"summary_large_image\" \/>\n<script type=\"application\/ld+json\" class=\"yoast-schema-graph\">{\"@context\":\"https:\\\/\\\/schema.org\",\"@graph\":[{\"@type\":\"WebPage\",\"@id\":\"https:\\\/\\\/petrecycling.ch\\\/fr\\\/actualites\\\/tous-les-pet-ne-se-valent-pas\\\/\",\"url\":\"https:\\\/\\\/petrecycling.ch\\\/fr\\\/actualites\\\/tous-les-pet-ne-se-valent-pas\\\/\",\"name\":\"Tous les PET ne se valent pas. La collecte, \u00e7a s\u2019apprend - PET-Recycling Schweiz\",\"isPartOf\":{\"@id\":\"https:\\\/\\\/petrecycling.ch\\\/fr\\\/#website\"},\"datePublished\":\"2024-02-05T07:40:00+00:00\",\"description\":\"Le fait que diff\u00e9rents emballages compos\u00e9s de PET ne puissent pas \u00eatre recycles ensemble peut pr\u00eater \u00e0 confusion.\",\"breadcrumb\":{\"@id\":\"https:\\\/\\\/petrecycling.ch\\\/fr\\\/actualites\\\/tous-les-pet-ne-se-valent-pas\\\/#breadcrumb\"},\"inLanguage\":\"fr-FR\",\"potentialAction\":[{\"@type\":\"ReadAction\",\"target\":[\"https:\\\/\\\/petrecycling.ch\\\/fr\\\/actualites\\\/tous-les-pet-ne-se-valent-pas\\\/\"]}]},{\"@type\":\"BreadcrumbList\",\"@id\":\"https:\\\/\\\/petrecycling.ch\\\/fr\\\/actualites\\\/tous-les-pet-ne-se-valent-pas\\\/#breadcrumb\",\"itemListElement\":[{\"@type\":\"ListItem\",\"position\":1,\"name\":\"Startseite\",\"item\":\"https:\\\/\\\/petrecycling.ch\\\/fr\\\/\"},{\"@type\":\"ListItem\",\"position\":2,\"name\":\"Actualit\u00e9s\",\"item\":\"https:\\\/\\\/petrecycling.ch\\\/fr\\\/actualites\\\/\"},{\"@type\":\"ListItem\",\"position\":3,\"name\":\"Tous les PET ne se valent pas. La collecte, \u00e7a s\u2019apprend\"}]},{\"@type\":\"WebSite\",\"@id\":\"https:\\\/\\\/petrecycling.ch\\\/fr\\\/#website\",\"url\":\"https:\\\/\\\/petrecycling.ch\\\/fr\\\/\",\"name\":\"PET-Recycling Schweiz\",\"description\":\"Verein PRS PET-Recycling Schweiz a \u00e9t\u00e9 fond\u00e9e en 1990 et s&#039;occupe de la collecte et du recyclage des bouteilles en PET pour boissons.\",\"publisher\":{\"@id\":\"https:\\\/\\\/petrecycling.ch\\\/fr\\\/#organization\"},\"potentialAction\":[{\"@type\":\"SearchAction\",\"target\":{\"@type\":\"EntryPoint\",\"urlTemplate\":\"https:\\\/\\\/petrecycling.ch\\\/fr\\\/?s={search_term_string}\"},\"query-input\":{\"@type\":\"PropertyValueSpecification\",\"valueRequired\":true,\"valueName\":\"search_term_string\"}}],\"inLanguage\":\"fr-FR\"},{\"@type\":\"Organization\",\"@id\":\"https:\\\/\\\/petrecycling.ch\\\/fr\\\/#organization\",\"name\":\"Verein PRS PET-Recycling Schweiz\",\"alternateName\":\"PET-Recycling Schweiz\",\"url\":\"https:\\\/\\\/petrecycling.ch\\\/fr\\\/\",\"logo\":{\"@type\":\"ImageObject\",\"inLanguage\":\"fr-FR\",\"@id\":\"https:\\\/\\\/petrecycling.ch\\\/fr\\\/#\\\/schema\\\/logo\\\/image\\\/\",\"url\":\"https:\\\/\\\/petrecycling.ch\\\/wp-content\\\/uploads\\\/2023\\\/07\\\/PET_large_rgb.webp\",\"contentUrl\":\"https:\\\/\\\/petrecycling.ch\\\/wp-content\\\/uploads\\\/2023\\\/07\\\/PET_large_rgb.webp\",\"width\":1197,\"height\":1197,\"caption\":\"Verein PRS PET-Recycling Schweiz\"},\"image\":{\"@id\":\"https:\\\/\\\/petrecycling.ch\\\/fr\\\/#\\\/schema\\\/logo\\\/image\\\/\"},\"sameAs\":[\"https:\\\/\\\/www.facebook.com\\\/petrecyclingschweiz\\\/\",\"https:\\\/\\\/www.linkedin.com\\\/company\\\/pet-recycling-schweiz\\\/\",\"https:\\\/\\\/www.tiktok.com\\\/@prs_petrecycling.ch\"]}]}<\/script>\n<!-- \/ Yoast SEO plugin. -->","yoast_head_json":{"title":"Tous les PET ne se valent pas. La collecte, \u00e7a s\u2019apprend - PET-Recycling Schweiz","description":"Le fait que diff\u00e9rents emballages compos\u00e9s de PET ne puissent pas \u00eatre recycles ensemble peut pr\u00eater \u00e0 confusion.","robots":{"index":"index","follow":"follow","max-snippet":"max-snippet:-1","max-image-preview":"max-image-preview:large","max-video-preview":"max-video-preview:-1"},"canonical":"https:\/\/petrecycling.ch\/fr\/actualites\/tous-les-pet-ne-se-valent-pas\/","og_locale":"fr_FR","og_type":"article","og_title":"Tous les PET ne se valent pas. La collecte, \u00e7a s\u2019apprend - PET-Recycling Schweiz","og_description":"Le fait que diff\u00e9rents emballages compos\u00e9s de PET ne puissent pas \u00eatre recycles ensemble peut pr\u00eater \u00e0 confusion.","og_url":"https:\/\/petrecycling.ch\/fr\/actualites\/tous-les-pet-ne-se-valent-pas\/","og_site_name":"PET-Recycling Schweiz","article_publisher":"https:\/\/www.facebook.com\/petrecyclingschweiz\/","twitter_card":"summary_large_image","schema":{"@context":"https:\/\/schema.org","@graph":[{"@type":"WebPage","@id":"https:\/\/petrecycling.ch\/fr\/actualites\/tous-les-pet-ne-se-valent-pas\/","url":"https:\/\/petrecycling.ch\/fr\/actualites\/tous-les-pet-ne-se-valent-pas\/","name":"Tous les PET ne se valent pas. La collecte, \u00e7a s\u2019apprend - PET-Recycling Schweiz","isPartOf":{"@id":"https:\/\/petrecycling.ch\/fr\/#website"},"datePublished":"2024-02-05T07:40:00+00:00","description":"Le fait que diff\u00e9rents emballages compos\u00e9s de PET ne puissent pas \u00eatre recycles ensemble peut pr\u00eater \u00e0 confusion.","breadcrumb":{"@id":"https:\/\/petrecycling.ch\/fr\/actualites\/tous-les-pet-ne-se-valent-pas\/#breadcrumb"},"inLanguage":"fr-FR","potentialAction":[{"@type":"ReadAction","target":["https:\/\/petrecycling.ch\/fr\/actualites\/tous-les-pet-ne-se-valent-pas\/"]}]},{"@type":"BreadcrumbList","@id":"https:\/\/petrecycling.ch\/fr\/actualites\/tous-les-pet-ne-se-valent-pas\/#breadcrumb","itemListElement":[{"@type":"ListItem","position":1,"name":"Startseite","item":"https:\/\/petrecycling.ch\/fr\/"},{"@type":"ListItem","position":2,"name":"Actualit\u00e9s","item":"https:\/\/petrecycling.ch\/fr\/actualites\/"},{"@type":"ListItem","position":3,"name":"Tous les PET ne se valent pas. La collecte, \u00e7a s\u2019apprend"}]},{"@type":"WebSite","@id":"https:\/\/petrecycling.ch\/fr\/#website","url":"https:\/\/petrecycling.ch\/fr\/","name":"PET-Recycling Schweiz","description":"Verein PRS PET-Recycling Schweiz a \u00e9t\u00e9 fond\u00e9e en 1990 et s&#039;occupe de la collecte et du recyclage des bouteilles en PET pour boissons.","publisher":{"@id":"https:\/\/petrecycling.ch\/fr\/#organization"},"potentialAction":[{"@type":"SearchAction","target":{"@type":"EntryPoint","urlTemplate":"https:\/\/petrecycling.ch\/fr\/?s={search_term_string}"},"query-input":{"@type":"PropertyValueSpecification","valueRequired":true,"valueName":"search_term_string"}}],"inLanguage":"fr-FR"},{"@type":"Organization","@id":"https:\/\/petrecycling.ch\/fr\/#organization","name":"Verein PRS PET-Recycling Schweiz","alternateName":"PET-Recycling Schweiz","url":"https:\/\/petrecycling.ch\/fr\/","logo":{"@type":"ImageObject","inLanguage":"fr-FR","@id":"https:\/\/petrecycling.ch\/fr\/#\/schema\/logo\/image\/","url":"https:\/\/petrecycling.ch\/wp-content\/uploads\/2023\/07\/PET_large_rgb.webp","contentUrl":"https:\/\/petrecycling.ch\/wp-content\/uploads\/2023\/07\/PET_large_rgb.webp","width":1197,"height":1197,"caption":"Verein PRS PET-Recycling Schweiz"},"image":{"@id":"https:\/\/petrecycling.ch\/fr\/#\/schema\/logo\/image\/"},"sameAs":["https:\/\/www.facebook.com\/petrecyclingschweiz\/","https:\/\/www.linkedin.com\/company\/pet-recycling-schweiz\/","https:\/\/www.tiktok.com\/@prs_petrecycling.ch"]}]}},"_links":{"self":[{"href":"https:\/\/petrecycling.ch\/fr\/wp-json\/wp\/v2\/aktuelles\/25463","targetHints":{"allow":["GET"]}}],"collection":[{"href":"https:\/\/petrecycling.ch\/fr\/wp-json\/wp\/v2\/aktuelles"}],"about":[{"href":"https:\/\/petrecycling.ch\/fr\/wp-json\/wp\/v2\/types\/aktuelles"}],"wp:attachment":[{"href":"https:\/\/petrecycling.ch\/fr\/wp-json\/wp\/v2\/media?parent=25463"}],"wp:term":[{"taxonomy":"aktuelles-kategorie","embeddable":true,"href":"https:\/\/petrecycling.ch\/fr\/wp-json\/wp\/v2\/aktuelles-kategorie?post=25463"}],"curies":[{"name":"wp","href":"https:\/\/api.w.org\/{rel}","templated":true}]}}