{"id":20567,"date":"2023-10-10T15:30:22","date_gmt":"2023-10-10T13:30:22","guid":{"rendered":"https:\/\/petrecycling.ch\/?post_type=aktuelles&#038;p=20567"},"modified":"2023-10-10T15:55:09","modified_gmt":"2023-10-10T13:55:09","slug":"comment-reduire-les-dechets-sur-les-grandes-manifestations","status":"publish","type":"aktuelles","link":"https:\/\/petrecycling.ch\/fr\/actualites\/comment-reduire-les-dechets-sur-les-grandes-manifestations\/","title":{"rendered":"Comment r\u00e9duire les d\u00e9chets sur les grandes manifestations"},"content":{"rendered":"\n<div id=\"text-block_355d743dfbe6b666f5b14ade7d5a274a\" class=\"text \n pb-5\">\n  <div class=\"fs-body-text wysiwyg\">\n    <p style=\"font-weight: 400;\">L\u2019\u00e9t\u00e9 des festivals est termin\u00e9. Faisons le point sur les concepts de gestion des d\u00e9chets mis en place par les organisateurs de grandes manifestations.<\/p>\n  <\/div>\n<\/div>\n\n\n<div id=\"ueberschrift-block_380d179e2e22c66e5ec7fe72e9d6b051\" class=\"ueberschrift \n\">\n\n  <h3>\n    Z\u00fcri F\u00e4scht 2023  <\/h3>\n\n<\/div>\n\n\n<div id=\"bild-block_b1d4710b51d50a3b30e95afb0dc87ef7\" class=\"bild \n pb-5 \">\n      <img decoding=\"async\" class=\"img-fluid\" src=\"https:\/\/petrecycling.ch\/wp-content\/uploads\/2023\/10\/53031824545_fc5d57ecca_o-scaled-aspect-ratio-1712-950.jpg\" alt=\"\" loading=\"lazy\">\n  <\/div>\n\n\n<div id=\"text-block_32d9b3fb56f9bb4f2334d730a098a0d9\" class=\"text \n pb-5\">\n  <div class=\"fs-body-text wysiwyg\">\n    <p style=\"font-weight: 400;\">Le Z\u00fcri F\u00e4scht 2023 s\u2019est d\u00e9roul\u00e9 d\u00e9but juillet. La ville de Zurich a accueilli pendant trois jours la plus grande f\u00eate populaire de Suisse, attirant pr\u00e8s de deux millions de personnes. Le comit\u00e9 d\u2019organisation a \u00e9galement pris ses responsabilit\u00e9s en mati\u00e8re de d\u00e9veloppement durable. En collaboration avec Entsorgung und Recycling Z\u00fcrich (ERZ), un syst\u00e8me de d\u00e9p\u00f4t pour les boissons vendues sur place en bouteilles en PET et en canettes en aluminium a \u00e9t\u00e9 mis en place pour la premi\u00e8re fois. Pendant les trois jours de festivit\u00e9s, pr\u00e8s de 400 \u00abRecycling Heroes\u00bb ont conseill\u00e9 les passantes et passants sur le site de la f\u00eate dans la ville et dans les parcs bordant le lac. 120 stations de recyclage ont assur\u00e9 le tri des ordures et des mati\u00e8res valorisables PET, aluminium et verre des boissons apport\u00e9es \u00e0 la f\u00eate. Au total, 260 tonnes d\u2019ordures et 55 tonnes de mati\u00e8res valorisables ont \u00e9t\u00e9 produites. Cinq fois plus de mati\u00e8res valorisables ont \u00e9t\u00e9 collect\u00e9es que lors de la derni\u00e8re \u00e9dition du Z\u00fcri F\u00e4scht. De plus, la quantit\u00e9 totale de d\u00e9chets a pu \u00eatre r\u00e9duite de 20 pour cent par rapport \u00e0 2019.<\/p>\n  <\/div>\n<\/div>\n\n\n<div id=\"ueberschrift-block_84e1cbbeaa9717deed76a8ccccbae76b\" class=\"ueberschrift \n\">\n\n  <h3>\n    Festi\u2019neuch 2023  <\/h3>\n\n<\/div>\n\n\n<div id=\"bild-block_a2a76cff8bf623f4c3f18c32a703635a\" class=\"bild \n pb-5 \">\n      <img decoding=\"async\" class=\"img-fluid\" src=\"https:\/\/petrecycling.ch\/wp-content\/uploads\/2023\/10\/DSC06001-aspect-ratio-1712-950.jpg\" alt=\"\" loading=\"lazy\">\n  <\/div>\n\n\n<div id=\"text-block_f17d88ef404bf3fc85500dd1b5e50d9f\" class=\"text \n pb-5\">\n  <div class=\"fs-body-text wysiwyg\">\n    <p style=\"font-weight: 400;\">Connu en dehors de la Suisse romande comme un bijou local, le Festi\u2019neuch 2023 a attir\u00e9 quelque 55\u2019000 personnes en juin dernier sur les rives du lac de Neuch\u00e2tel. Pendant quatre jours, outre la nouvelle \u00e9toile biennoise Ely Tina, le gagnant de \u00abThe Voice\u00bb Kendji Girac et le DJ Paul Kalkbrenner, PET-Recycling Schweiz \u00e9tait \u00e9galement de la partie: 20 bo\u00eetes de collecte de PET et 15 de collecte d\u2019aluminium ont \u00e9t\u00e9 plac\u00e9es \u00e0 la sortie du site du festival. Le verre et les d\u00e9chets biologiques ont \u00e9galement fait l\u2019objet d\u2019une collecte s\u00e9par\u00e9e. Un syst\u00e8me de d\u00e9p\u00f4t a permis de r\u00e9cup\u00e9rer les gobelets \u00e0 boissons, la vaisselle et les couverts aux points de distribution. Aucune boisson n\u2019a \u00e9t\u00e9 vendue sur le site du festival dans des bouteilles en PET ou des canettes en aluminium. Sur les 1500 collaboratrices et collaborateurs du Festi\u2019neuch, environ 25 \u00e9taient affect\u00e9\u00b7e\u00b7s au recyclage. Murat Opan \u00e9tait \u00e9galement responsable de la durabilit\u00e9 \u00e0 Neuch\u00e2tel.<\/p>\n  <\/div>\n<\/div>\n\n\n<div id=\"ueberschrift-block_6f049b22e43a75e1cff23e95bfc7f8e2\" class=\"ueberschrift \n\">\n\n  <h3>\n    Montreux Jazz Festival 2023  <\/h3>\n\n<\/div>\n\n\n<div id=\"text-block_bab2af24ab72c73f709fa2ee73e8024b\" class=\"text \n pb-5\">\n  <div class=\"fs-body-text wysiwyg\">\n    <p style=\"font-weight: 400;\">Pendant les deux premi\u00e8res semaines de juillet, le l\u00e9gendaire Montreux Jazz Festival 2023 a accueilli plus de 250\u2019000 personnes venues du monde entier. Le responsable du d\u00e9veloppement durable, Murat Opan, a notamment enregistr\u00e9 une collecte d\u2019environ 4,5 tonnes de bouteilles \u00e0 boissons en PET, 4,2 tonnes de canettes en aluminium et 64,5 tonnes de d\u00e9chets destin\u00e9s \u00e0 l\u2019incin\u00e9ration. Une \u00abGreen Team\u00bb a \u00e9t\u00e9 mise en place pour s\u2019occuper de tous les aspects de la collecte et du tri des mati\u00e8res valorisables. L\u2019un des d\u00e9fis consistait \u00e0 informer les visiteuses et visiteurs internationaux du festival sur le syst\u00e8me suisse de tri des mati\u00e8res valorisables. 80 syst\u00e8mes de s\u00e9paration des mati\u00e8res valorisables ont \u00e9t\u00e9 install\u00e9s \u00e0 Montreux et aux environs du lac.<\/p>\n  <\/div>\n<\/div>\n\n\n<div id=\"ueberschrift-block_7ed1b198e47a128973806e968b658588\" class=\"ueberschrift \n\">\n\n  <h3>\n    Conteneurs de collecte pour \u00e9v\u00e9nements  <\/h3>\n\n<\/div>\n\n\n<div id=\"text-block_1dc222d69377b09d58781d93811a38cd\" class=\"text \n\">\n  <div class=\"fs-body-text wysiwyg\">\n    <div class=\"content-item text wysiwyg fs-body-text\">\n<div><span lang=\"EN-US\">Livraison et r\u00e9cup\u00e9ration gratuites: votre \u00e9v\u00e9nement avec la bo\u00eete de collecte de PET. <\/span><\/div>\n<\/div>\n  <\/div>\n<\/div>\n\n\n<div id=\"links-block_d1e98371cc62eae5bb749e7156fb9b51\" class=\"links \n pb-5\">\n      <div class=\"links\">\n                        <div class=\"link-btn-primary-wrapper\">\n                          <a href=\"https:\/\/petrecycling.ch\/fr\/a-notre-propos\/points-de-collecte\/en-tant-quorganisateur\/\" target=\"_self\" class=\"link-btn-primary\">\n                                  <span>\n                    Commandez maintenant!                  <\/span>\n                              <\/a>\n                      <\/div>\n                  <\/div>\n  \n<\/div>\n\n\n<div id=\"text-block_1978eeb459dbe4ae32718793dda02afe\" class=\"text \n\">\n  <div class=\"fs-body-text wysiwyg\">\n    <p>L\u2019article complet est disponible dans le <a href=\"https:\/\/petrecycling.ch\/fr\/a-notre-propos\/medias-et-communication\/#petflash\">PETflash N\u00b0 83<\/a>.<\/p>\n  <\/div>\n<\/div>","protected":false},"template":"","aktuelles-kategorie":[96,101,56],"class_list":["post-20567","aktuelles","type-aktuelles","status-publish","hentry","aktuelles-kategorie-pet-flash","aktuelles-kategorie-a-propos-de-la-collecte-du-pet","aktuelles-kategorie-rund-um-die-pet-sammlung"],"acf":[],"yoast_head":"<!-- This site is optimized with the Yoast SEO plugin v27.4 - https:\/\/yoast.com\/product\/yoast-seo-wordpress\/ -->\n<title>Comment r\u00e9duire les d\u00e9chets sur les grandes manifestations - PET-Recycling Schweiz<\/title>\n<meta name=\"description\" content=\"L\u2019\u00e9t\u00e9 des festivals est termin\u00e9. Faisons le point sur les concepts de gestion des d\u00e9chets mis en place par les organisateurs de grandes manifestations.\" \/>\n<meta name=\"robots\" content=\"index, follow, max-snippet:-1, max-image-preview:large, max-video-preview:-1\" \/>\n<link rel=\"canonical\" href=\"https:\/\/petrecycling.ch\/fr\/actualites\/comment-reduire-les-dechets-sur-les-grandes-manifestations\/\" \/>\n<meta property=\"og:locale\" content=\"fr_FR\" \/>\n<meta property=\"og:type\" content=\"article\" \/>\n<meta property=\"og:title\" content=\"Comment r\u00e9duire les d\u00e9chets sur les grandes manifestations - PET-Recycling Schweiz\" \/>\n<meta property=\"og:description\" content=\"L\u2019\u00e9t\u00e9 des festivals est termin\u00e9. Faisons le point sur les concepts de gestion des d\u00e9chets mis en place par les organisateurs de grandes manifestations.\" \/>\n<meta property=\"og:url\" content=\"https:\/\/petrecycling.ch\/fr\/actualites\/comment-reduire-les-dechets-sur-les-grandes-manifestations\/\" \/>\n<meta property=\"og:site_name\" content=\"PET-Recycling Schweiz\" \/>\n<meta property=\"article:publisher\" content=\"https:\/\/www.facebook.com\/petrecyclingschweiz\/\" \/>\n<meta property=\"article:modified_time\" content=\"2023-10-10T13:55:09+00:00\" \/>\n<meta name=\"twitter:card\" content=\"summary_large_image\" \/>\n<script type=\"application\/ld+json\" class=\"yoast-schema-graph\">{\"@context\":\"https:\\\/\\\/schema.org\",\"@graph\":[{\"@type\":\"WebPage\",\"@id\":\"https:\\\/\\\/petrecycling.ch\\\/fr\\\/actualites\\\/comment-reduire-les-dechets-sur-les-grandes-manifestations\\\/\",\"url\":\"https:\\\/\\\/petrecycling.ch\\\/fr\\\/actualites\\\/comment-reduire-les-dechets-sur-les-grandes-manifestations\\\/\",\"name\":\"Comment r\u00e9duire les d\u00e9chets sur les grandes manifestations - PET-Recycling Schweiz\",\"isPartOf\":{\"@id\":\"https:\\\/\\\/petrecycling.ch\\\/fr\\\/#website\"},\"datePublished\":\"2023-10-10T13:30:22+00:00\",\"dateModified\":\"2023-10-10T13:55:09+00:00\",\"description\":\"L\u2019\u00e9t\u00e9 des festivals est termin\u00e9. Faisons le point sur les concepts de gestion des d\u00e9chets mis en place par les organisateurs de grandes manifestations.\",\"breadcrumb\":{\"@id\":\"https:\\\/\\\/petrecycling.ch\\\/fr\\\/actualites\\\/comment-reduire-les-dechets-sur-les-grandes-manifestations\\\/#breadcrumb\"},\"inLanguage\":\"fr-FR\",\"potentialAction\":[{\"@type\":\"ReadAction\",\"target\":[\"https:\\\/\\\/petrecycling.ch\\\/fr\\\/actualites\\\/comment-reduire-les-dechets-sur-les-grandes-manifestations\\\/\"]}]},{\"@type\":\"BreadcrumbList\",\"@id\":\"https:\\\/\\\/petrecycling.ch\\\/fr\\\/actualites\\\/comment-reduire-les-dechets-sur-les-grandes-manifestations\\\/#breadcrumb\",\"itemListElement\":[{\"@type\":\"ListItem\",\"position\":1,\"name\":\"Startseite\",\"item\":\"https:\\\/\\\/petrecycling.ch\\\/fr\\\/\"},{\"@type\":\"ListItem\",\"position\":2,\"name\":\"Actualit\u00e9s\",\"item\":\"https:\\\/\\\/petrecycling.ch\\\/fr\\\/actualites\\\/\"},{\"@type\":\"ListItem\",\"position\":3,\"name\":\"Comment r\u00e9duire les d\u00e9chets sur les grandes manifestations\"}]},{\"@type\":\"WebSite\",\"@id\":\"https:\\\/\\\/petrecycling.ch\\\/fr\\\/#website\",\"url\":\"https:\\\/\\\/petrecycling.ch\\\/fr\\\/\",\"name\":\"PET-Recycling Schweiz\",\"description\":\"Verein PRS PET-Recycling Schweiz a \u00e9t\u00e9 fond\u00e9e en 1990 et s&#039;occupe de la collecte et du recyclage des bouteilles en PET pour boissons.\",\"publisher\":{\"@id\":\"https:\\\/\\\/petrecycling.ch\\\/fr\\\/#organization\"},\"potentialAction\":[{\"@type\":\"SearchAction\",\"target\":{\"@type\":\"EntryPoint\",\"urlTemplate\":\"https:\\\/\\\/petrecycling.ch\\\/fr\\\/?s={search_term_string}\"},\"query-input\":{\"@type\":\"PropertyValueSpecification\",\"valueRequired\":true,\"valueName\":\"search_term_string\"}}],\"inLanguage\":\"fr-FR\"},{\"@type\":\"Organization\",\"@id\":\"https:\\\/\\\/petrecycling.ch\\\/fr\\\/#organization\",\"name\":\"Verein PRS PET-Recycling Schweiz\",\"alternateName\":\"PET-Recycling Schweiz\",\"url\":\"https:\\\/\\\/petrecycling.ch\\\/fr\\\/\",\"logo\":{\"@type\":\"ImageObject\",\"inLanguage\":\"fr-FR\",\"@id\":\"https:\\\/\\\/petrecycling.ch\\\/fr\\\/#\\\/schema\\\/logo\\\/image\\\/\",\"url\":\"https:\\\/\\\/petrecycling.ch\\\/wp-content\\\/uploads\\\/2023\\\/07\\\/PET_large_rgb.webp\",\"contentUrl\":\"https:\\\/\\\/petrecycling.ch\\\/wp-content\\\/uploads\\\/2023\\\/07\\\/PET_large_rgb.webp\",\"width\":1197,\"height\":1197,\"caption\":\"Verein PRS PET-Recycling Schweiz\"},\"image\":{\"@id\":\"https:\\\/\\\/petrecycling.ch\\\/fr\\\/#\\\/schema\\\/logo\\\/image\\\/\"},\"sameAs\":[\"https:\\\/\\\/www.facebook.com\\\/petrecyclingschweiz\\\/\",\"https:\\\/\\\/www.linkedin.com\\\/company\\\/pet-recycling-schweiz\\\/\",\"https:\\\/\\\/www.tiktok.com\\\/@prs_petrecycling.ch\"]}]}<\/script>\n<!-- \/ Yoast SEO plugin. -->","yoast_head_json":{"title":"Comment r\u00e9duire les d\u00e9chets sur les grandes manifestations - PET-Recycling Schweiz","description":"L\u2019\u00e9t\u00e9 des festivals est termin\u00e9. Faisons le point sur les concepts de gestion des d\u00e9chets mis en place par les organisateurs de grandes manifestations.","robots":{"index":"index","follow":"follow","max-snippet":"max-snippet:-1","max-image-preview":"max-image-preview:large","max-video-preview":"max-video-preview:-1"},"canonical":"https:\/\/petrecycling.ch\/fr\/actualites\/comment-reduire-les-dechets-sur-les-grandes-manifestations\/","og_locale":"fr_FR","og_type":"article","og_title":"Comment r\u00e9duire les d\u00e9chets sur les grandes manifestations - PET-Recycling Schweiz","og_description":"L\u2019\u00e9t\u00e9 des festivals est termin\u00e9. Faisons le point sur les concepts de gestion des d\u00e9chets mis en place par les organisateurs de grandes manifestations.","og_url":"https:\/\/petrecycling.ch\/fr\/actualites\/comment-reduire-les-dechets-sur-les-grandes-manifestations\/","og_site_name":"PET-Recycling Schweiz","article_publisher":"https:\/\/www.facebook.com\/petrecyclingschweiz\/","article_modified_time":"2023-10-10T13:55:09+00:00","twitter_card":"summary_large_image","schema":{"@context":"https:\/\/schema.org","@graph":[{"@type":"WebPage","@id":"https:\/\/petrecycling.ch\/fr\/actualites\/comment-reduire-les-dechets-sur-les-grandes-manifestations\/","url":"https:\/\/petrecycling.ch\/fr\/actualites\/comment-reduire-les-dechets-sur-les-grandes-manifestations\/","name":"Comment r\u00e9duire les d\u00e9chets sur les grandes manifestations - PET-Recycling Schweiz","isPartOf":{"@id":"https:\/\/petrecycling.ch\/fr\/#website"},"datePublished":"2023-10-10T13:30:22+00:00","dateModified":"2023-10-10T13:55:09+00:00","description":"L\u2019\u00e9t\u00e9 des festivals est termin\u00e9. Faisons le point sur les concepts de gestion des d\u00e9chets mis en place par les organisateurs de grandes manifestations.","breadcrumb":{"@id":"https:\/\/petrecycling.ch\/fr\/actualites\/comment-reduire-les-dechets-sur-les-grandes-manifestations\/#breadcrumb"},"inLanguage":"fr-FR","potentialAction":[{"@type":"ReadAction","target":["https:\/\/petrecycling.ch\/fr\/actualites\/comment-reduire-les-dechets-sur-les-grandes-manifestations\/"]}]},{"@type":"BreadcrumbList","@id":"https:\/\/petrecycling.ch\/fr\/actualites\/comment-reduire-les-dechets-sur-les-grandes-manifestations\/#breadcrumb","itemListElement":[{"@type":"ListItem","position":1,"name":"Startseite","item":"https:\/\/petrecycling.ch\/fr\/"},{"@type":"ListItem","position":2,"name":"Actualit\u00e9s","item":"https:\/\/petrecycling.ch\/fr\/actualites\/"},{"@type":"ListItem","position":3,"name":"Comment r\u00e9duire les d\u00e9chets sur les grandes manifestations"}]},{"@type":"WebSite","@id":"https:\/\/petrecycling.ch\/fr\/#website","url":"https:\/\/petrecycling.ch\/fr\/","name":"PET-Recycling Schweiz","description":"Verein PRS PET-Recycling Schweiz a \u00e9t\u00e9 fond\u00e9e en 1990 et s&#039;occupe de la collecte et du recyclage des bouteilles en PET pour boissons.","publisher":{"@id":"https:\/\/petrecycling.ch\/fr\/#organization"},"potentialAction":[{"@type":"SearchAction","target":{"@type":"EntryPoint","urlTemplate":"https:\/\/petrecycling.ch\/fr\/?s={search_term_string}"},"query-input":{"@type":"PropertyValueSpecification","valueRequired":true,"valueName":"search_term_string"}}],"inLanguage":"fr-FR"},{"@type":"Organization","@id":"https:\/\/petrecycling.ch\/fr\/#organization","name":"Verein PRS PET-Recycling Schweiz","alternateName":"PET-Recycling Schweiz","url":"https:\/\/petrecycling.ch\/fr\/","logo":{"@type":"ImageObject","inLanguage":"fr-FR","@id":"https:\/\/petrecycling.ch\/fr\/#\/schema\/logo\/image\/","url":"https:\/\/petrecycling.ch\/wp-content\/uploads\/2023\/07\/PET_large_rgb.webp","contentUrl":"https:\/\/petrecycling.ch\/wp-content\/uploads\/2023\/07\/PET_large_rgb.webp","width":1197,"height":1197,"caption":"Verein PRS PET-Recycling Schweiz"},"image":{"@id":"https:\/\/petrecycling.ch\/fr\/#\/schema\/logo\/image\/"},"sameAs":["https:\/\/www.facebook.com\/petrecyclingschweiz\/","https:\/\/www.linkedin.com\/company\/pet-recycling-schweiz\/","https:\/\/www.tiktok.com\/@prs_petrecycling.ch"]}]}},"_links":{"self":[{"href":"https:\/\/petrecycling.ch\/fr\/wp-json\/wp\/v2\/aktuelles\/20567","targetHints":{"allow":["GET"]}}],"collection":[{"href":"https:\/\/petrecycling.ch\/fr\/wp-json\/wp\/v2\/aktuelles"}],"about":[{"href":"https:\/\/petrecycling.ch\/fr\/wp-json\/wp\/v2\/types\/aktuelles"}],"wp:attachment":[{"href":"https:\/\/petrecycling.ch\/fr\/wp-json\/wp\/v2\/media?parent=20567"}],"wp:term":[{"taxonomy":"aktuelles-kategorie","embeddable":true,"href":"https:\/\/petrecycling.ch\/fr\/wp-json\/wp\/v2\/aktuelles-kategorie?post=20567"}],"curies":[{"name":"wp","href":"https:\/\/api.w.org\/{rel}","templated":true}]}}